{"id":98620,"date":"2024-05-23T10:37:31","date_gmt":"2024-05-23T08:37:31","guid":{"rendered":"http:\/\/www.lachapelledesflandres.fr\/?page_id=98620"},"modified":"2025-02-27T08:59:34","modified_gmt":"2025-02-27T07:59:34","slug":"direction-artistique","status":"publish","type":"page","link":"https:\/\/www.lachapelledesflandres.fr\/index.php\/direction-artistique\/","title":{"rendered":"Direction artistique"},"content":{"rendered":"\t\t<div data-elementor-type=\"wp-page\" data-elementor-id=\"98620\" class=\"elementor elementor-98620\" data-elementor-post-type=\"page\">\n\t\t\t\t<div class=\"elementor-element elementor-element-3b5d481 e-flex e-con-boxed e-con e-parent\" data-id=\"3b5d481\" data-element_type=\"container\">\n\t\t\t\t\t<div class=\"e-con-inner\">\n\t\t\t\t<div class=\"elementor-element elementor-element-f426591 elementor-widget elementor-widget-heading\" data-id=\"f426591\" data-element_type=\"widget\" data-widget_type=\"heading.default\">\n\t\t\t\t\t<h2 class=\"elementor-heading-title elementor-size-default\">Direction artistique<\/h2>\t\t\t\t<\/div>\n\t\t\t\t<div class=\"elementor-element elementor-element-473a6b1 elementor-widget elementor-widget-text-editor\" data-id=\"473a6b1\" data-element_type=\"widget\" data-widget_type=\"text-editor.default\">\n\t\t\t\t\t\t\t\t\t<p><b>Depuis 2022, Christophe Gautier, musicologue, chef d\u2019orchestre et soliste professionnel, est le directeur artistique de la Chapelle des Flandres.<\/b><\/p>\t\t\t\t\t\t\t\t<\/div>\n\t\t\t\t<div class=\"elementor-element elementor-element-38a8d41 elementor-widget elementor-widget-text-editor\" data-id=\"38a8d41\" data-element_type=\"widget\" data-widget_type=\"text-editor.default\">\n\t\t\t\t\t\t\t\t\t<p><span style=\"font-weight: 400;\">Son projet met l\u2019accent sur l\u2019ancrage r\u00e9gional et roubaisien et tient \u00e0 dresser des passerelles r\u00e9currentes entre les chanteurs amateurs et professionnels. La qualit\u00e9 musicale vis\u00e9e pour tous justifie un encadrement syst\u00e9matiquement professionnel (chef de ch\u0153ur, cours, accompagnement).<\/span><\/p>\t\t\t\t\t\t\t\t<\/div>\n\t\t\t\t<div class=\"elementor-element elementor-element-760ebd8 elementor-widget-divider--view-line elementor-widget elementor-widget-divider\" data-id=\"760ebd8\" data-element_type=\"widget\" data-widget_type=\"divider.default\">\n\t\t\t\t\t\t\t<div class=\"elementor-divider\">\n\t\t\t<span class=\"elementor-divider-separator\">\n\t\t\t\t\t\t<\/span>\n\t\t<\/div>\n\t\t\t\t\t\t<\/div>\n\t\t<div class=\"elementor-element elementor-element-886b557 e-flex e-con-boxed e-con e-child\" data-id=\"886b557\" data-element_type=\"container\">\n\t\t\t\t\t<div class=\"e-con-inner\">\n\t\t\t\t<div class=\"elementor-element elementor-element-ed360a2 elementor-widget elementor-widget-text-editor\" data-id=\"ed360a2\" data-element_type=\"widget\" data-widget_type=\"text-editor.default\">\n\t\t\t\t\t\t\t\t\t<p>Chef d\u2019orchestre et musicologue<\/p>\t\t\t\t\t\t\t\t<\/div>\n\t\t\t\t<div class=\"elementor-element elementor-element-4b231a5 elementor-widget elementor-widget-text-editor\" data-id=\"4b231a5\" data-element_type=\"widget\" data-widget_type=\"text-editor.default\">\n\t\t\t\t\t\t\t\t\t<p><span style=\"font-weight: 400;\">Parall\u00e8lement \u00e0 des \u00e9tudes scientifiques, Christophe Gautier se perfectionne en musique en suivant les enseignements des classes de direction, d\u2019\u00e9criture, d\u2019histoire de la musique, de cuivres (trompette, tuba)&#8230; Il se sp\u00e9cialise en musicologie et aborde le chant. Il re\u00e7oit ses prix des conservatoires \u00e0 rayonnement r\u00e9gional de Caen et du Val-de-Marne.<\/span><\/p><p><span style=\"font-weight: 400;\">\u00c0 20 ans, il fonde l\u2019ensemble de musique ancienne Musica Ficta et il est r\u00e9guli\u00e8rement invit\u00e9 \u00e0 diriger orchestres symphoniques, d\u2019harmonie ou encore big band. Il continue \u00e9galement \u00e0 jouer la trompette en soliste (r\u00e9citals de trompette baroque, trompettiste d\u2019orchestre).\u00a0<\/span><\/p>\t\t\t\t\t\t\t\t<\/div>\n\t\t\t\t\t<\/div>\n\t\t\t\t<\/div>\n\t\t<div class=\"elementor-element elementor-element-dd6e12f e-flex e-con-boxed e-con e-child\" data-id=\"dd6e12f\" data-element_type=\"container\">\n\t\t\t\t\t<div class=\"e-con-inner\">\n\t\t\t\t<div class=\"elementor-element elementor-element-1e35491 elementor-widget elementor-widget-text-editor\" data-id=\"1e35491\" data-element_type=\"widget\" data-widget_type=\"text-editor.default\">\n\t\t\t\t\t\t\t\t\t<p>Chanteur soliste \u00e0 la carri\u00e8re internationale<\/p>\t\t\t\t\t\t\t\t<\/div>\n\t\t\t\t<div class=\"elementor-element elementor-element-69651b5 elementor-widget elementor-widget-text-editor\" data-id=\"69651b5\" data-element_type=\"widget\" data-widget_type=\"text-editor.default\">\n\t\t\t\t\t\t\t\t\t<p><span style=\"font-weight: 400;\">Il choisit d\u2019embrasser la carri\u00e8re de musicien professionnel et rejoint les centres de formation de chanteurs professionnels que sont le Centre de musique baroque de Versailles puis Musique sacr\u00e9e \u00e0 Notre-Dame de Paris. Il se forme alors aux diverses disciplines du chant depuis l\u2019\u00e9poque m\u00e9di\u00e9vale jusqu\u2019\u00e0 aujourd\u2019hui au contact de ma\u00eetres tels que Dominique Vellard, Martin Isepp, Fran\u00e7ois Leroux, Fran\u00e7oise Pollet\u2026<\/span><\/p><p><span style=\"font-weight: 400;\">Il participe en tourn\u00e9es mondiales (\u00c9tats-Unis, Royaume-Uni, Allemagne, Suisse, Italie, Espagne, Chine, Japon&#8230;) \u00e0 de nombreuses productions lyriques ou d\u2019oratorios au sein d\u2019ensembles prestigieux comme A Sei Voci, Le Concert Spirituel, Les Arts Florissants, ou encore Le Parlement de Musique&#8230; Son r\u00e9pertoire de soliste s\u2019\u00e9tend du gr\u00e9gorien aux cr\u00e9ations contemporaines en passant par Mozart (le Comte, <\/span><i><span style=\"font-weight: 400;\">Don Juan<\/span><\/i><span style=\"font-weight: 400;\">, V\u00eapres, Messes), Brahms, Durufl\u00e9 et Faur\u00e9 pour leurs requiems, Lully (<\/span><i><span style=\"font-weight: 400;\">Isis<\/span><\/i><span style=\"font-weight: 400;\">, <\/span><i><span style=\"font-weight: 400;\">Pers\u00e9e<\/span><\/i><span style=\"font-weight: 400;\">), Rameau (Motets, <\/span><i><span style=\"font-weight: 400;\">Les paladins<\/span><\/i><span style=\"font-weight: 400;\">), Haendel (<\/span><i><span style=\"font-weight: 400;\">Le Messie<\/span><\/i><span style=\"font-weight: 400;\">, <\/span><i><span style=\"font-weight: 400;\">Isra\u00ebl en \u00c9gypte<\/span><\/i><span style=\"font-weight: 400;\">), Bach (Cantates, Passions)&#8230;\u00a0<\/span><\/p><p><span style=\"font-weight: 400;\">Il est souvent appel\u00e9 au sein des ensembles sp\u00e9cialis\u00e9s dans la musique \u00e0 un par voix : XVIII-21, A Sei Voci, Aquilon, M\u00e9tamorphoses, Cantar Lontano, l\u2019Ensemble Cl\u00e9ment Janequin, l\u2019Ensemble europ\u00e9en William Byrd, les Arts Florissants.<\/span><\/p>\t\t\t\t\t\t\t\t<\/div>\n\t\t\t\t\t<\/div>\n\t\t\t\t<\/div>\n\t\t\t\t\t<\/div>\n\t\t\t\t<\/div>\n\t\t<div class=\"elementor-element elementor-element-9389c59 e-flex e-con-boxed e-con e-child\" data-id=\"9389c59\" data-element_type=\"container\">\n\t\t\t\t\t<div class=\"e-con-inner\">\n\t\t<div class=\"elementor-element elementor-element-d503c48 e-con-full e-flex e-con e-child\" data-id=\"d503c48\" data-element_type=\"container\">\n\t\t\t\t<div class=\"elementor-element elementor-element-6798264 elementor-widget elementor-widget-heading\" data-id=\"6798264\" data-element_type=\"widget\" data-widget_type=\"heading.default\">\n\t\t\t\t\t<h2 class=\"elementor-heading-title elementor-size-default\">Informations et contacts<\/h2>\t\t\t\t<\/div>\n\t\t\t\t<div class=\"elementor-element elementor-element-5d5d31d elementor-widget elementor-widget-image\" data-id=\"5d5d31d\" data-element_type=\"widget\" data-widget_type=\"image.default\">\n\t\t\t\t\t\t\t\t\t\t\t\t\t\t\t<img fetchpriority=\"high\" decoding=\"async\" width=\"512\" height=\"512\" src=\"https:\/\/www.lachapelledesflandres.fr\/wp-content\/uploads\/2024\/02\/cropped-Logo-CdF-pour-signature.jpg\" class=\"attachment-large size-large wp-image-96323\" alt=\"\" srcset=\"https:\/\/www.lachapelledesflandres.fr\/wp-content\/uploads\/2024\/02\/cropped-Logo-CdF-pour-signature.jpg 512w, https:\/\/www.lachapelledesflandres.fr\/wp-content\/uploads\/2024\/02\/cropped-Logo-CdF-pour-signature-300x300.jpg 300w, https:\/\/www.lachapelledesflandres.fr\/wp-content\/uploads\/2024\/02\/cropped-Logo-CdF-pour-signature-150x150.jpg 150w, https:\/\/www.lachapelledesflandres.fr\/wp-content\/uploads\/2024\/02\/cropped-Logo-CdF-pour-signature-270x270.jpg 270w, https:\/\/www.lachapelledesflandres.fr\/wp-content\/uploads\/2024\/02\/cropped-Logo-CdF-pour-signature-192x192.jpg 192w, https:\/\/www.lachapelledesflandres.fr\/wp-content\/uploads\/2024\/02\/cropped-Logo-CdF-pour-signature-180x180.jpg 180w, https:\/\/www.lachapelledesflandres.fr\/wp-content\/uploads\/2024\/02\/cropped-Logo-CdF-pour-signature-32x32.jpg 32w\" sizes=\"(max-width: 512px) 100vw, 512px\" \/>\t\t\t\t\t\t\t\t\t\t\t\t\t\t\t<\/div>\n\t\t\t\t<\/div>\n\t\t<div class=\"elementor-element elementor-element-6c9c18a e-con-full e-flex e-con e-child\" data-id=\"6c9c18a\" data-element_type=\"container\">\n\t\t\t\t<div class=\"elementor-element elementor-element-69a508b elementor-widget elementor-widget-text-editor\" data-id=\"69a508b\" data-element_type=\"widget\" data-widget_type=\"text-editor.default\">\n\t\t\t\t\t\t\t\t\t<h4><strong>Association La Chapelle des Flandres,\u00a0<\/strong><strong>Christophe Gautier et Dominique Morez-Zinave<br \/><\/strong><a href=\"https:\/\/www.lachapelledesflandres.fr\/index.php\/la-chapelle-des-flandres-2\/administration@lachapelledesflandres.fr\">administration@lachapelledesflandres.fr<\/a><\/h4>\t\t\t\t\t\t\t\t<\/div>\n\t\t\t\t<\/div>\n\t\t\t\t\t<\/div>\n\t\t\t\t<\/div>\n\t\t\t\t<\/div>\n\t\t","protected":false},"excerpt":{"rendered":"<p>Direction artistique Depuis 2022, Christophe Gautier, musicologue, chef d\u2019orchestre et soliste professionnel, est le directeur artistique de la Chapelle des Flandres. Son projet met l\u2019accent sur l\u2019ancrage r\u00e9gional et roubaisien et tient \u00e0 dresser des passerelles r\u00e9currentes entre les chanteurs amateurs et professionnels. La qualit\u00e9 musicale vis\u00e9e pour tous justifie un encadrement syst\u00e9matiquement professionnel (chef [&hellip;]<\/p>\n","protected":false},"author":1,"featured_media":98910,"parent":0,"menu_order":0,"comment_status":"closed","ping_status":"closed","template":"","meta":{"_acf_changed":false,"om_disable_all_campaigns":false,"_monsterinsights_skip_tracking":false,"_monsterinsights_sitenote_active":false,"_monsterinsights_sitenote_note":"","_monsterinsights_sitenote_category":0,"ocean_post_layout":"","ocean_both_sidebars_style":"","ocean_both_sidebars_content_width":0,"ocean_both_sidebars_sidebars_width":0,"ocean_sidebar":"","ocean_second_sidebar":"","ocean_disable_margins":"enable","ocean_add_body_class":"","ocean_shortcode_before_top_bar":"","ocean_shortcode_after_top_bar":"","ocean_shortcode_before_header":"","ocean_shortcode_after_header":"","ocean_has_shortcode":"","ocean_shortcode_after_title":"","ocean_shortcode_before_footer_widgets":"","ocean_shortcode_after_footer_widgets":"","ocean_shortcode_before_footer_bottom":"","ocean_shortcode_after_footer_bottom":"","ocean_display_top_bar":"default","ocean_display_header":"default","ocean_header_style":"","ocean_center_header_left_menu":"","ocean_custom_header_template":"","ocean_custom_logo":0,"ocean_custom_retina_logo":0,"ocean_custom_logo_max_width":0,"ocean_custom_logo_tablet_max_width":0,"ocean_custom_logo_mobile_max_width":0,"ocean_custom_logo_max_height":0,"ocean_custom_logo_tablet_max_height":0,"ocean_custom_logo_mobile_max_height":0,"ocean_header_custom_menu":"","ocean_menu_typo_font_family":"","ocean_menu_typo_font_subset":"","ocean_menu_typo_font_size":0,"ocean_menu_typo_font_size_tablet":0,"ocean_menu_typo_font_size_mobile":0,"ocean_menu_typo_font_size_unit":"px","ocean_menu_typo_font_weight":"","ocean_menu_typo_font_weight_tablet":"","ocean_menu_typo_font_weight_mobile":"","ocean_menu_typo_transform":"","ocean_menu_typo_transform_tablet":"","ocean_menu_typo_transform_mobile":"","ocean_menu_typo_line_height":0,"ocean_menu_typo_line_height_tablet":0,"ocean_menu_typo_line_height_mobile":0,"ocean_menu_typo_line_height_unit":"","ocean_menu_typo_spacing":0,"ocean_menu_typo_spacing_tablet":0,"ocean_menu_typo_spacing_mobile":0,"ocean_menu_typo_spacing_unit":"","ocean_menu_link_color":"","ocean_menu_link_color_hover":"","ocean_menu_link_color_active":"","ocean_menu_link_background":"","ocean_menu_link_hover_background":"","ocean_menu_link_active_background":"","ocean_menu_social_links_bg":"","ocean_menu_social_hover_links_bg":"","ocean_menu_social_links_color":"","ocean_menu_social_hover_links_color":"","ocean_disable_title":"default","ocean_disable_heading":"default","ocean_post_title":"","ocean_post_subheading":"","ocean_post_title_style":"","ocean_post_title_background_color":"","ocean_post_title_background":0,"ocean_post_title_bg_image_position":"","ocean_post_title_bg_image_attachment":"","ocean_post_title_bg_image_repeat":"","ocean_post_title_bg_image_size":"","ocean_post_title_height":0,"ocean_post_title_bg_overlay":0.5,"ocean_post_title_bg_overlay_color":"","ocean_disable_breadcrumbs":"default","ocean_breadcrumbs_color":"","ocean_breadcrumbs_separator_color":"","ocean_breadcrumbs_links_color":"","ocean_breadcrumbs_links_hover_color":"","ocean_display_footer_widgets":"default","ocean_display_footer_bottom":"default","ocean_custom_footer_template":"","footnotes":""},"class_list":["post-98620","page","type-page","status-publish","has-post-thumbnail","hentry","entry","has-media"],"acf":[],"aioseo_notices":[],"_links":{"self":[{"href":"https:\/\/www.lachapelledesflandres.fr\/index.php\/wp-json\/wp\/v2\/pages\/98620","targetHints":{"allow":["GET"]}}],"collection":[{"href":"https:\/\/www.lachapelledesflandres.fr\/index.php\/wp-json\/wp\/v2\/pages"}],"about":[{"href":"https:\/\/www.lachapelledesflandres.fr\/index.php\/wp-json\/wp\/v2\/types\/page"}],"author":[{"embeddable":true,"href":"https:\/\/www.lachapelledesflandres.fr\/index.php\/wp-json\/wp\/v2\/users\/1"}],"replies":[{"embeddable":true,"href":"https:\/\/www.lachapelledesflandres.fr\/index.php\/wp-json\/wp\/v2\/comments?post=98620"}],"version-history":[{"count":25,"href":"https:\/\/www.lachapelledesflandres.fr\/index.php\/wp-json\/wp\/v2\/pages\/98620\/revisions"}],"predecessor-version":[{"id":99602,"href":"https:\/\/www.lachapelledesflandres.fr\/index.php\/wp-json\/wp\/v2\/pages\/98620\/revisions\/99602"}],"wp:featuredmedia":[{"embeddable":true,"href":"https:\/\/www.lachapelledesflandres.fr\/index.php\/wp-json\/wp\/v2\/media\/98910"}],"wp:attachment":[{"href":"https:\/\/www.lachapelledesflandres.fr\/index.php\/wp-json\/wp\/v2\/media?parent=98620"}],"curies":[{"name":"wp","href":"https:\/\/api.w.org\/{rel}","templated":true}]}}