{"id":98143,"date":"2024-05-15T11:43:02","date_gmt":"2024-05-15T09:43:02","guid":{"rendered":"http:\/\/www.lachapelledesflandres.fr\/?page_id=98143"},"modified":"2025-04-02T11:01:54","modified_gmt":"2025-04-02T09:01:54","slug":"retour-sur","status":"publish","type":"page","link":"https:\/\/www.lachapelledesflandres.fr\/index.php\/retour-sur\/","title":{"rendered":"Retour sur\u2026"},"content":{"rendered":"\t\t<div data-elementor-type=\"wp-page\" data-elementor-id=\"98143\" class=\"elementor elementor-98143\" data-elementor-post-type=\"page\">\n\t\t\t\t<div class=\"elementor-element elementor-element-0aa5866 e-flex e-con-boxed e-con e-parent\" data-id=\"0aa5866\" data-element_type=\"container\">\n\t\t\t\t\t<div class=\"e-con-inner\">\n\t\t\t\t<div class=\"elementor-element elementor-element-556e251 elementor-widget elementor-widget-heading\" data-id=\"556e251\" data-element_type=\"widget\" data-widget_type=\"heading.default\">\n\t\t\t\t\t<h2 class=\"elementor-heading-title elementor-size-default\">Retour sur\u2026\u200b<\/h2>\t\t\t\t<\/div>\n\t\t\t\t<div class=\"elementor-element elementor-element-84db2a5 elementor-widget elementor-widget-text-editor\" data-id=\"84db2a5\" data-element_type=\"widget\" data-widget_type=\"text-editor.default\">\n\t\t\t\t\t\t\t\t\tPlongez dans l&#8217;univers de la Chapelle des Flandres \u00e0 travers trois dizaines d\u2019ann\u00e9es d&#8217;archives audio.\t\t\t\t\t\t\t\t<\/div>\n\t\t<div class=\"elementor-element elementor-element-d0687da e-flex e-con-boxed e-con e-child\" data-id=\"d0687da\" data-element_type=\"container\">\n\t\t\t\t\t<div class=\"e-con-inner\">\n\t\t\t\t<div class=\"elementor-element elementor-element-ec65a9f elementor-widget elementor-widget-heading\" data-id=\"ec65a9f\" data-element_type=\"widget\" data-widget_type=\"heading.default\">\n\t\t\t\t\t<h3 class=\"elementor-heading-title elementor-size-default\">1994<\/h3>\t\t\t\t<\/div>\n\t\t\t\t<div class=\"elementor-element elementor-element-c36f188 elementor-widget-divider--view-line elementor-widget elementor-widget-divider\" data-id=\"c36f188\" data-element_type=\"widget\" data-widget_type=\"divider.default\">\n\t\t\t\t\t\t\t<div class=\"elementor-divider\">\n\t\t\t<span class=\"elementor-divider-separator\">\n\t\t\t\t\t\t<\/span>\n\t\t<\/div>\n\t\t\t\t\t\t<\/div>\n\t\t\t\t<div class=\"elementor-element elementor-element-3568537 elementor-widget elementor-widget-text-editor\" data-id=\"3568537\" data-element_type=\"widget\" data-widget_type=\"text-editor.default\">\n\t\t\t\t\t\t\t\t\t<p><span style=\"font-weight: 400;\">\u00ab Agnus \u00bb de la <\/span><i><span style=\"font-weight: 400;\">Messe dite de Madrid<\/span><\/i><span style=\"font-weight: 400;\"> de Domenico Scarlatti, enregistr\u00e9 en mai 1994 par C\u0153li et Terra et quelques solistes de M\u00e9tamorphoses. <\/span><\/p>\t\t\t\t\t\t\t\t<\/div>\n\t\t\t\t<div class=\"elementor-element elementor-element-f367ef9 elementor-widget elementor-widget-zoomsounds_player\" data-id=\"f367ef9\" data-element_type=\"widget\" data-widget_type=\"zoomsounds_player.default\">\n\t\t\t\t<div class=\"elementor-widget-container\">\n\t\t\t\t\t<div class=\"dzsap--elementor-widget\"><div class=\"audioplayer-tobe  playerid-68057730 ap_idx_98143_1 is-single-player apconfig-default zoomsounds-no-wrapper  skin-wave ap68057730 auto-init\"  data-options='{\"skinwave_comments_playerid\":\"0\",\"design_skin\":\"skin-wave\",\"playfrom\":\"\",\"skinwave_enablereflect\":\"on\",\"skinwave_wave_mode_canvas_waves_number\":\"3\",\"skinwave_wave_mode_canvas_waves_padding\":\"1\",\"skinwave_wave_mode_canvas_reflection_size\":\"0.25\",\"cue\":\"auto\",\"embedded\":\"off\",\"mobile_disable_fakeplayer\":\"on\",\"settings_php_handler\":\"wpdefault\"}' style=\" opacity: 0; \" data-streamtype=\"off\" id=\"ap68057730\" data-playerid=\"68057730\" data-computed-playerid=\"68057730\" data-sanitized_source=\"httpwwwlachapelledesflandresfrwpcontentuploads2024051994AgnusdelamessedeMadriddeDomenicoScarlattimp3\" data-wrapper-image=\"\"  data-sample_time_total=\"168\" data-pcm='[0.196,0.494,0.404,0.836,0.96,0.874,0.729,0.951,0.054,0.736,0.611,0.669,0.518,0.03,0.94,0.704,0.494,0.994,0.003,0.299,0.132,0.544,0.2,0.323,0.64,0.809,0.87,0.028,0.211,0.904,0.232,0.651,0.942,0.286,0.218,0.957,0.355,0.833,0.628,0.836,0.396,0.944,0.016,0.643,0.332,0.461,0.38,0.92,0.924,0.521,0.073,0.269,0.689,0.308,0.276,0.477,0.975,0.357,0.576,0.974,0.39,0.41,0.279,0.423,0.884,0.089,0.715,0.793,0.89,0.151,0.445,0.774,0.183,0.304,0.408,0.184,0.646,0.954,0.616,0.841,0.026,0.933,0.338,0.2,0.802,0.228,0.783,0.457,0.287,0.672,0.899,0.621,0.997,0.324,0.348,0.221,0.057,0.266,0.93,0.68,0.474,0.874,0.61,0.199,0.518,0.241,0.761,0.894,0.8,0.252,0.151,0.165,0.988,0.83,0.475,0.01,0.388,0.042,0.447,0.778,0.19,0.603,0.111,0.255,0.541,0.631,0.421,0.594,0.471,0.94,0.224,0.805,0.955,0.227,0.512,0.878,0.066,0.793,0.918,0.925,0.471,0.709,0.942,0.043,0.437,0.709,0.767,0.992,0.316,0.661,0.635,0.416,0.462,0.136,0.388,0.693,0.023,0.503,0.258,0.016,0.63,0.701,0.467,0.151,0.428,0.259,0.116,0.747,0,0.405,0.215,0.326,0.827,0.44,0.752,0.222,0.612,0.508,0.549,0.416,0.935,0.107,0.324,0.423,0.565,0.766,0.091,0.94,0.608,0.728,0.379,0.111,0.201,0.942,0.18,0.627,0.43,0.359,0.201,0.107]' data-type=\"detect\" data-source=\"http:\/\/www.lachapelledesflandres.fr\/wp-content\/uploads\/2024\/05\/1994-Agnus-de-la-messe-de-Madrid-de-Domenico-Scarlatti.mp3\"><div hidden class=\"feed-dzsap feed-artist-name\">laurentbof318<\/div><div hidden class=\"feed-dzsap feed-song-name\">1994 - Agnus de la messe de Madrid, de Domenico Scarlatti<\/div><div class=\"meta-artist track-meta-for-dzsap\"><span class=\"the-artist first-line\"><span class=\"first-line-label\" >laurentbof318<\/span><\/span><span class=\"the-name the-songname second-line\" >1994 - Agnus de la messe de Madrid, de Domenico Scarlatti<\/span><\/div><div class=\"menu-description\"><span class=\"the-artist\">laurentbof318<\/span><span class=\"the-name\">1994 - Agnus de la messe de Madrid, de Domenico Scarlatti<\/span><\/div><\/div><\/div>\t\t\t\t<\/div>\n\t\t\t\t<\/div>\n\t\t\t\t<div class=\"elementor-element elementor-element-28dd828 elementor-widget-divider--view-line elementor-widget elementor-widget-divider\" data-id=\"28dd828\" data-element_type=\"widget\" data-widget_type=\"divider.default\">\n\t\t\t\t\t\t\t<div class=\"elementor-divider\">\n\t\t\t<span class=\"elementor-divider-separator\">\n\t\t\t\t\t\t<\/span>\n\t\t<\/div>\n\t\t\t\t\t\t<\/div>\n\t\t\t\t\t<\/div>\n\t\t\t\t<\/div>\n\t\t<div class=\"elementor-element elementor-element-fca7e4b e-flex e-con-boxed e-con e-child\" data-id=\"fca7e4b\" data-element_type=\"container\">\n\t\t\t\t\t<div class=\"e-con-inner\">\n\t\t\t\t<div class=\"elementor-element elementor-element-415d878 elementor-widget elementor-widget-heading\" data-id=\"415d878\" data-element_type=\"widget\" data-widget_type=\"heading.default\">\n\t\t\t\t\t<h3 class=\"elementor-heading-title elementor-size-default\">1999<\/h3>\t\t\t\t<\/div>\n\t\t\t\t<div class=\"elementor-element elementor-element-1822c74 elementor-widget-divider--view-line elementor-widget elementor-widget-divider\" data-id=\"1822c74\" data-element_type=\"widget\" data-widget_type=\"divider.default\">\n\t\t\t\t\t\t\t<div class=\"elementor-divider\">\n\t\t\t<span class=\"elementor-divider-separator\">\n\t\t\t\t\t\t<\/span>\n\t\t<\/div>\n\t\t\t\t\t\t<\/div>\n\t\t\t\t<div class=\"elementor-element elementor-element-f604695 elementor-widget elementor-widget-text-editor\" data-id=\"f604695\" data-element_type=\"widget\" data-widget_type=\"text-editor.default\">\n\t\t\t\t\t\t\t\t\t<p><span style=\"font-weight: 400;\">Hiver 1999, C\u0153li et Terra chante un no\u00ebl espagnol pour les lillois\u2026 <\/span><i><span style=\"font-weight: 400;\">Ni\u00f1o Dios d\u2019amor herido<\/span><\/i><span style=\"font-weight: 400;\"> du s\u00e9villan Francisco Guerrero (1522-1599). <\/span><\/p>\t\t\t\t\t\t\t\t<\/div>\n\t\t\t\t<div class=\"elementor-element elementor-element-49f8654 elementor-widget elementor-widget-zoomsounds_player\" data-id=\"49f8654\" data-element_type=\"widget\" data-widget_type=\"zoomsounds_player.default\">\n\t\t\t\t<div class=\"elementor-widget-container\">\n\t\t\t\t\t<div class=\"dzsap--elementor-widget\"><div class=\"audioplayer-tobe  playerid-31078336 ap_idx_98143_2 is-single-player apconfig-default zoomsounds-no-wrapper  skin-wave ap31078336 auto-init\"  data-options='{\"skinwave_comments_playerid\":\"0\",\"design_skin\":\"skin-wave\",\"playfrom\":\"\",\"skinwave_enablereflect\":\"on\",\"skinwave_wave_mode_canvas_waves_number\":\"3\",\"skinwave_wave_mode_canvas_waves_padding\":\"1\",\"skinwave_wave_mode_canvas_reflection_size\":\"0.25\",\"cue\":\"auto\",\"embedded\":\"off\",\"mobile_disable_fakeplayer\":\"on\",\"settings_php_handler\":\"wpdefault\"}' style=\" opacity: 0; \" data-streamtype=\"off\" id=\"ap31078336\" data-playerid=\"31078336\" data-computed-playerid=\"31078336\" data-sanitized_source=\"httpwwwlachapelledesflandresfrwpcontentuploads2024051999guerreroninodiosmp3\" data-wrapper-image=\"\"  data-sample_time_total=\"178\" data-pcm='[0.733,0.39,0.79,0.456,0.714,0.236,0.875,0.679,0.198,0.061,0.593,0.903,0.339,0.785,0.401,0.252,0.404,0.634,0.297,0.727,0.343,0.875,0.537,0.716,0.166,0.709,0.046,0.651,0.306,0.044,0.6,0.73,0.487,0.822,0.902,0.472,0.368,0.775,0.24,0.39,0.892,0.916,0.211,0.866,0.559,0.916,0.245,0.759,0.148,0.535,0.098,0.307,0.917,0.095,0.987,0.47,0.838,0.688,0.891,0.864,0.074,0.822,0.614,0.662,0.454,0.501,0.062,0.138,0.8,0.716,0.604,0.768,0.954,0.933,0.543,0.683,0.221,0.131,0.069,0.93,0.328,0.096,0.659,0.829,0.961,0.869,0.774,0.778,0.907,0.524,0.782,0.173,0.392,0.016,0.143,0.221,0.737,0.624,0.232,0.665,0.428,0.846,0.405,0.89,0.41,0.025,0.884,0.643,0.839,0.683,0.928,0.893,0.046,0.396,0.432,0.543,0.244,0.699,0.286,0.429,0.78,0.179,0.645,0.811,0.562,0.034,0.145,0.22,0.735,0.409,0.504,0.101,0.169,0.75,0.317,0.641,0.639,0.525,0.318,0.844,0.367,0.095,0.123,0.14,0.654,0.431,0.144,0.012,0.298,0.495,0.997,0.067,0.78,0.968,0.42,0.616,0.638,0.892,0.505,0.217,0.12,0.566,0.59,0.776,0.684,0.77,0.535,0.742,0.492,0.601,0.333,0.564,0.356,0.115,0.629,0.932,0.095,0.899,0.679,0.625,0.652,0.844,0.824,0.28,0.059,0.883,0.444,0.973,0.104,0.571,0.645,0.807,0.571,0.097,0.841,0.228,0.389,0.137,0.483,0.191]' data-type=\"detect\" data-source=\"http:\/\/www.lachapelledesflandres.fr\/wp-content\/uploads\/2024\/05\/1999-guerrero_nino_dios.mp3\"><div hidden class=\"feed-dzsap feed-artist-name\">laurentbof318<\/div><div hidden class=\"feed-dzsap feed-song-name\">Ni\u00f1o Dios d'amor herido<\/div><div class=\"meta-artist track-meta-for-dzsap\"><span class=\"the-artist first-line\"><span class=\"first-line-label\" >laurentbof318<\/span><\/span><span class=\"the-name the-songname second-line\" >Ni\u00f1o Dios d'amor herido<\/span><\/div><div class=\"menu-description\"><span class=\"the-artist\">laurentbof318<\/span><span class=\"the-name\">Ni\u00f1o Dios d'amor herido<\/span><\/div><\/div><\/div>\t\t\t\t<\/div>\n\t\t\t\t<\/div>\n\t\t\t\t<div class=\"elementor-element elementor-element-1af4d94 elementor-widget-divider--view-line elementor-widget elementor-widget-divider\" data-id=\"1af4d94\" data-element_type=\"widget\" data-widget_type=\"divider.default\">\n\t\t\t\t\t\t\t<div class=\"elementor-divider\">\n\t\t\t<span class=\"elementor-divider-separator\">\n\t\t\t\t\t\t<\/span>\n\t\t<\/div>\n\t\t\t\t\t\t<\/div>\n\t\t\t\t\t<\/div>\n\t\t\t\t<\/div>\n\t\t<div class=\"elementor-element elementor-element-7caeabf e-flex e-con-boxed e-con e-child\" data-id=\"7caeabf\" data-element_type=\"container\">\n\t\t\t\t\t<div class=\"e-con-inner\">\n\t\t\t\t<div class=\"elementor-element elementor-element-2d82154 elementor-widget elementor-widget-heading\" data-id=\"2d82154\" data-element_type=\"widget\" data-widget_type=\"heading.default\">\n\t\t\t\t\t<h3 class=\"elementor-heading-title elementor-size-default\">1999<\/h3>\t\t\t\t<\/div>\n\t\t\t\t<div class=\"elementor-element elementor-element-6468d46 elementor-widget-divider--view-line elementor-widget elementor-widget-divider\" data-id=\"6468d46\" data-element_type=\"widget\" data-widget_type=\"divider.default\">\n\t\t\t\t\t\t\t<div class=\"elementor-divider\">\n\t\t\t<span class=\"elementor-divider-separator\">\n\t\t\t\t\t\t<\/span>\n\t\t<\/div>\n\t\t\t\t\t\t<\/div>\n\t\t\t\t<div class=\"elementor-element elementor-element-7019707 elementor-widget elementor-widget-text-editor\" data-id=\"7019707\" data-element_type=\"widget\" data-widget_type=\"text-editor.default\">\n\t\t\t\t\t\t\t\t\t<p><span style=\"font-weight: 400;\">Hiver 1999, <\/span><i><span style=\"font-weight: 400;\">Recordatus<\/span><\/i><span style=\"font-weight: 400;\">, motet \u00e0 six voix, donn\u00e9 en concert en l\u2019\u00e9glise Sainte-Catherine par C\u0153li et Terra pour mettre \u00e0 l\u2019honneur la musique espagnole de l\u2019\u00e9poque de la Renaissance et du baroque naissant, sous la direction de Maurice Bourbon.<\/span><\/p>\t\t\t\t\t\t\t\t<\/div>\n\t\t\t\t<div class=\"elementor-element elementor-element-436698a elementor-widget elementor-widget-zoomsounds_player\" data-id=\"436698a\" data-element_type=\"widget\" data-widget_type=\"zoomsounds_player.default\">\n\t\t\t\t<div class=\"elementor-widget-container\">\n\t\t\t\t\t<div class=\"dzsap--elementor-widget\"><div class=\"audioplayer-tobe  playerid-22720986 ap_idx_98143_3 is-single-player apconfig-default zoomsounds-no-wrapper  skin-wave ap22720986 auto-init\"  data-options='{\"skinwave_comments_playerid\":\"0\",\"design_skin\":\"skin-wave\",\"playfrom\":\"\",\"skinwave_enablereflect\":\"on\",\"skinwave_wave_mode_canvas_waves_number\":\"3\",\"skinwave_wave_mode_canvas_waves_padding\":\"1\",\"skinwave_wave_mode_canvas_reflection_size\":\"0.25\",\"cue\":\"auto\",\"embedded\":\"off\",\"mobile_disable_fakeplayer\":\"on\",\"settings_php_handler\":\"wpdefault\"}' style=\" opacity: 0; \" data-streamtype=\"off\" id=\"ap22720986\" data-playerid=\"22720986\" data-computed-playerid=\"22720986\" data-sanitized_source=\"httpwwwlachapelledesflandresfrwpcontentuploads2024051999rogierrecordatusestmp3\" data-wrapper-image=\"\"  data-sample_time_total=\"254\" data-pcm='[0.297,0.465,0.591,0.53,0.474,0.153,0.597,0.553,0.876,0.414,0.975,0.369,0.98,0.75,0.463,0.697,0.909,0.571,0.653,0.597,0.34,0.13,0.418,0.831,0.224,0.461,0.628,0.967,0.237,0.818,0.046,0.622,0.737,0.643,0.141,0.735,0.771,0.71,0.886,0.743,0.382,0.106,0.324,0.781,0.416,0.965,0.461,0.035,0.839,0.844,0.325,0.48,0.148,0.758,0.948,0.074,0.758,0.974,0.599,0.158,0.705,0.758,0.499,0.323,0.584,0.377,0.981,0.397,0.438,0.509,0.942,0.321,0.049,0.31,0.18,0.682,0.331,0.31,0.683,0.075,0.822,0.777,0.878,0.372,0.958,0.666,0.167,0.571,0.687,0.527,0.82,0.069,0.758,0.15,0.906,0.191,0.433,0.517,0.303,0.958,0.028,0.826,0.11,0.46,0.871,0.149,0.702,0.36,0.886,0.671,0.202,0.237,0.846,0.282,0.413,0.259,0.361,0.535,0.433,0.147,0.475,0.761,0.782,0.78,0.603,0.489,0.86,0.761,0.732,0.761,0.332,0.442,0.756,0.321,0.369,0.298,0.197,0.625,0.503,0.954,0.42,0.657,0.819,0.971,0.594,0.553,0.901,0.07,0.347,0.614,0.179,0.125,0.61,0.968,0.615,0.761,0.68,0.345,0.71,0.79,0.674,0.394,0.11,0.042,0.752,0.501,0.242,0.798,0.496,0.704,0.582,0.87,0.438,0.354,0.227,0.633,0.992,0.187,0.256,0.572,0.078,0.318,0.384,0.519,0.113,0.427,0.582,0.867,0.572,0.278,0.358,0.462,0.317,0.631,0.694,0.813,0.566,0.729,0.268,0.648]' data-type=\"detect\" data-source=\"http:\/\/www.lachapelledesflandres.fr\/wp-content\/uploads\/2024\/05\/1999-rogier_recordatus_est.mp3\"><div hidden class=\"feed-dzsap feed-artist-name\">laurentbof318<\/div><div hidden class=\"feed-dzsap feed-song-name\">Recordatus est<\/div><div class=\"meta-artist track-meta-for-dzsap\"><span class=\"the-artist first-line\"><span class=\"first-line-label\" >laurentbof318<\/span><\/span><span class=\"the-name the-songname second-line\" >Recordatus est<\/span><\/div><div class=\"menu-description\"><span class=\"the-artist\">laurentbof318<\/span><span class=\"the-name\">Recordatus est<\/span><\/div><\/div><\/div>\t\t\t\t<\/div>\n\t\t\t\t<\/div>\n\t\t\t\t<div class=\"elementor-element elementor-element-ccda1df elementor-widget-divider--view-line elementor-widget elementor-widget-divider\" data-id=\"ccda1df\" data-element_type=\"widget\" data-widget_type=\"divider.default\">\n\t\t\t\t\t\t\t<div class=\"elementor-divider\">\n\t\t\t<span class=\"elementor-divider-separator\">\n\t\t\t\t\t\t<\/span>\n\t\t<\/div>\n\t\t\t\t\t\t<\/div>\n\t\t\t\t\t<\/div>\n\t\t\t\t<\/div>\n\t\t<div class=\"elementor-element elementor-element-b801ffe e-flex e-con-boxed e-con e-child\" data-id=\"b801ffe\" data-element_type=\"container\">\n\t\t\t\t\t<div class=\"e-con-inner\">\n\t\t\t\t<div class=\"elementor-element elementor-element-2d805fb elementor-widget elementor-widget-heading\" data-id=\"2d805fb\" data-element_type=\"widget\" data-widget_type=\"heading.default\">\n\t\t\t\t\t<h3 class=\"elementor-heading-title elementor-size-default\">1999<\/h3>\t\t\t\t<\/div>\n\t\t\t\t<div class=\"elementor-element elementor-element-75463fc elementor-widget-divider--view-line elementor-widget elementor-widget-divider\" data-id=\"75463fc\" data-element_type=\"widget\" data-widget_type=\"divider.default\">\n\t\t\t\t\t\t\t<div class=\"elementor-divider\">\n\t\t\t<span class=\"elementor-divider-separator\">\n\t\t\t\t\t\t<\/span>\n\t\t<\/div>\n\t\t\t\t\t\t<\/div>\n\t\t\t\t<div class=\"elementor-element elementor-element-4f958e2 elementor-widget elementor-widget-text-editor\" data-id=\"4f958e2\" data-element_type=\"widget\" data-widget_type=\"text-editor.default\">\n\t\t\t\t\t\t\t\t\t<p><span style=\"font-weight: 400;\">\u00ab Agnus \u00bb, de la <\/span><i><span style=\"font-weight: 400;\">Messe pour deux ch\u0153urs mixtes<\/span><\/i><span style=\"font-weight: 400;\"> de Frank Martin (1890-1974), enregistr\u00e9e en 1999 en l\u2019\u00e9glise de Pottes (Belgique) par les ensembles C\u0153li et Terra et M\u00e9tamorphoses dirig\u00e9s par Maurice Bourbon, sous la direction artistique de Jean-Marc Laisn\u00e9.<\/span><\/p>\t\t\t\t\t\t\t\t<\/div>\n\t\t\t\t<div class=\"elementor-element elementor-element-88412f6 elementor-widget elementor-widget-zoomsounds_player\" data-id=\"88412f6\" data-element_type=\"widget\" data-widget_type=\"zoomsounds_player.default\">\n\t\t\t\t<div class=\"elementor-widget-container\">\n\t\t\t\t\t<div class=\"dzsap--elementor-widget\"><div class=\"audioplayer-tobe  playerid-77893145 ap_idx_98143_4 is-single-player apconfig-default zoomsounds-no-wrapper  skin-wave ap77893145 auto-init\"  data-options='{\"skinwave_comments_playerid\":\"0\",\"design_skin\":\"skin-wave\",\"playfrom\":\"\",\"skinwave_enablereflect\":\"on\",\"skinwave_wave_mode_canvas_waves_number\":\"3\",\"skinwave_wave_mode_canvas_waves_padding\":\"1\",\"skinwave_wave_mode_canvas_reflection_size\":\"0.25\",\"cue\":\"auto\",\"embedded\":\"off\",\"mobile_disable_fakeplayer\":\"on\",\"settings_php_handler\":\"wpdefault\"}' style=\" opacity: 0; \" data-streamtype=\"off\" id=\"ap77893145\" data-playerid=\"77893145\" data-computed-playerid=\"77893145\" data-sanitized_source=\"httpwwwlachapelledesflandresfrwpcontentuploads2024051999AgnusdelamesseadoublechoeurdeFrankMartinmp3\" data-wrapper-image=\"\"  data-sample_time_total=\"268\" data-pcm='[0.686,0.988,0.566,0.742,0.748,0.426,0.016,0.351,0.408,0.569,0.517,0.302,0.056,0.835,0.668,0.945,0.755,0.284,0.789,0.441,0.434,0.84,0.032,0.787,0.718,0.089,0.872,0.768,0.525,0.769,0.405,0.093,0.894,0.397,0.159,0.32,0.37,0.91,0.598,0.198,0.687,0.371,0.465,0.463,0.575,0.537,0.681,0.613,0.075,0.003,0.364,0.383,0.023,0.052,0.2,0.113,0.306,0.318,0.244,0.626,0.373,0.83,0.262,0.649,0.293,0.027,0.991,0.848,0.65,0.097,0.772,0.295,0.974,0.782,0.652,0.412,0.886,0.635,0.27,0.242,0.497,0.639,0.916,0.055,0.005,0.536,0.453,0.716,0.61,0.841,0.683,0.984,0.685,0.474,0.564,0.968,0.498,0.898,0.862,0.505,0.731,0.277,0.091,0.891,0.109,0.346,0.263,0.403,0.249,0.824,0.159,0.806,0.542,0.47,0.766,0.137,0.982,0.505,0.928,0.747,0.258,0.471,0.545,0.353,0.661,0.632,0.444,0.282,0.35,0.214,0.829,0.784,0.877,0.435,0.888,0.512,0.06,0.413,0.92,0.29,0.368,0.996,0.869,0.975,0.285,0.795,0.683,0.922,0.781,0.448,0.018,0.218,0.87,0.561,0.307,0.312,0.756,0.605,0.721,0.429,0.586,0.731,0.879,0.072,0.293,0.99,0.317,0.004,0.554,0.274,0.743,0.528,0.669,0.769,0.458,0.388,0.23,0.314,0.917,0.224,0.285,0.993,0.301,0.735,0.195,0.634,0.257,0.135,0.436,0.134,0.335,0.063,0.402,0.154,0.992,0.406,0.671,0.823,0.765,0.498]' data-type=\"detect\" data-source=\"http:\/\/www.lachapelledesflandres.fr\/wp-content\/uploads\/2024\/05\/1999-Agnus-de-la-messe-a-double-choeur-de-Frank-Martin.mp3\"><div hidden class=\"feed-dzsap feed-artist-name\">laurentbof318<\/div><div hidden class=\"feed-dzsap feed-song-name\">1999- Agnus de la messe a\u0300 double choeur de Frank Martin<\/div><div class=\"meta-artist track-meta-for-dzsap\"><span class=\"the-artist first-line\"><span class=\"first-line-label\" >laurentbof318<\/span><\/span><span class=\"the-name the-songname second-line\" >1999- Agnus de la messe a\u0300 double choeur de Frank Martin<\/span><\/div><div class=\"menu-description\"><span class=\"the-artist\">laurentbof318<\/span><span class=\"the-name\">1999- Agnus de la messe a\u0300 double choeur de Frank Martin<\/span><\/div><\/div><\/div>\t\t\t\t<\/div>\n\t\t\t\t<\/div>\n\t\t\t\t<div class=\"elementor-element elementor-element-e1fb464 elementor-widget-divider--view-line elementor-widget elementor-widget-divider\" data-id=\"e1fb464\" data-element_type=\"widget\" data-widget_type=\"divider.default\">\n\t\t\t\t\t\t\t<div class=\"elementor-divider\">\n\t\t\t<span class=\"elementor-divider-separator\">\n\t\t\t\t\t\t<\/span>\n\t\t<\/div>\n\t\t\t\t\t\t<\/div>\n\t\t\t\t\t<\/div>\n\t\t\t\t<\/div>\n\t\t<div class=\"elementor-element elementor-element-0b3269a e-flex e-con-boxed e-con e-child\" data-id=\"0b3269a\" data-element_type=\"container\">\n\t\t\t\t\t<div class=\"e-con-inner\">\n\t\t\t\t<div class=\"elementor-element elementor-element-7408625 elementor-widget elementor-widget-heading\" data-id=\"7408625\" data-element_type=\"widget\" data-widget_type=\"heading.default\">\n\t\t\t\t\t<h3 class=\"elementor-heading-title elementor-size-default\">2023<\/h3>\t\t\t\t<\/div>\n\t\t\t\t<div class=\"elementor-element elementor-element-0de5c0e elementor-widget-divider--view-line elementor-widget elementor-widget-divider\" data-id=\"0de5c0e\" data-element_type=\"widget\" data-widget_type=\"divider.default\">\n\t\t\t\t\t\t\t<div class=\"elementor-divider\">\n\t\t\t<span class=\"elementor-divider-separator\">\n\t\t\t\t\t\t<\/span>\n\t\t<\/div>\n\t\t\t\t\t\t<\/div>\n\t\t\t\t<div class=\"elementor-element elementor-element-d7afe55 elementor-widget elementor-widget-text-editor\" data-id=\"d7afe55\" data-element_type=\"widget\" data-widget_type=\"text-editor.default\">\n\t\t\t\t\t\t\t\t\t<p><span style=\"font-weight: 400;\">En septembre 2003, dans l\u2019\u00e9glise Notre-Dame de Consolation \u00e0 Lille, enregistrement de trois fables de La Fontaine mises en musique par l\u2019immense organiste Marie-Madeleine Durufl\u00e9-Chevalier (1921-1999) :\u00a0 <\/span><i><span style=\"font-weight: 400;\">La cigale et la fourmi<\/span><\/i><span style=\"font-weight: 400;\">, <\/span><i><span style=\"font-weight: 400;\">Le loup et l\u2019agneau<\/span><\/i><span style=\"font-weight: 400;\">, <\/span><i><span style=\"font-weight: 400;\">Le corbeau et le renard<\/span><\/i><span style=\"font-weight: 400;\">.<\/span><\/p>\t\t\t\t\t\t\t\t<\/div>\n\t\t\t\t<div class=\"elementor-element elementor-element-2427d1f elementor-widget elementor-widget-zoomsounds_player\" data-id=\"2427d1f\" data-element_type=\"widget\" data-widget_type=\"zoomsounds_player.default\">\n\t\t\t\t<div class=\"elementor-widget-container\">\n\t\t\t\t\t<div class=\"dzsap--elementor-widget\"><div class=\"audioplayer-tobe  playerid-38013911 ap_idx_98143_5 is-single-player apconfig-default zoomsounds-no-wrapper  skin-wave ap38013911 auto-init\"  data-options='{\"skinwave_comments_playerid\":\"0\",\"design_skin\":\"skin-wave\",\"playfrom\":\"\",\"skinwave_enablereflect\":\"on\",\"skinwave_wave_mode_canvas_waves_number\":\"3\",\"skinwave_wave_mode_canvas_waves_padding\":\"1\",\"skinwave_wave_mode_canvas_reflection_size\":\"0.25\",\"cue\":\"auto\",\"embedded\":\"off\",\"mobile_disable_fakeplayer\":\"on\",\"settings_php_handler\":\"wpdefault\"}' style=\" opacity: 0; \" data-streamtype=\"off\" id=\"ap38013911\" data-playerid=\"38013911\" data-computed-playerid=\"38013911\" data-sanitized_source=\"httpwwwlachapelledesflandresfrwpcontentuploads2024052003duruflechevaliertroisfablesmp3\" data-wrapper-image=\"\"  data-sample_time_total=\"530\" data-pcm='[0.463,0.12,0.92,0.631,0.118,0.389,0.505,0.714,0.179,0.78,0.297,0.862,0.033,0.543,0.537,0.047,0.956,0.995,0.217,0.138,0.248,0.197,0.487,0.117,0.653,0.015,0.974,0.472,0.316,0.486,0.831,0.561,0.144,0.664,0.694,0.763,0.49,0.13,0.547,0.767,0.126,0.713,0.145,0.305,0.758,0.21,0.743,0.121,0.454,0.857,0.676,0.659,0.367,0.354,0.135,0.499,0.344,0.095,0.951,0.763,0.984,0.18,0.198,0.392,0.465,0.497,0.28,0.132,0.048,0.692,0.777,0.909,0.845,0.483,0.885,0.289,0.42,0.496,0.658,0.63,0.735,0.898,0.887,0.121,0.143,0.197,0.668,0.342,0.499,0.113,0.999,0.724,0.391,0.105,0.628,0.988,0.685,0.053,0.448,0.232,0.33,0.093,0.414,0.667,0.925,0.222,0.017,0.358,0.15,0.815,0.89,0.381,0.531,0.498,0.49,0.179,0.864,0.367,0.734,0.677,0.232,0.769,0.329,0.543,0.921,0.548,0.865,0.002,0.09,0.044,0.52,0.089,0.113,0.225,0.21,0.866,0.265,0.52,0.25,0.15,0.249,0.317,0.699,0.683,0.477,0.227,0.207,0.602,0.782,0.784,0.445,0.002,0.749,0.745,0.298,0.421,0.928,0.415,0.351,0.862,0.813,0.463,0.378,0.183,0.829,0.075,0.564,0.228,0.334,0.947,0.369,0.104,0.688,0.824,0.222,0.405,0.605,0.792,0.981,0.474,0.055,0.205,0.905,0.4,0.008,0.729,0.334,0.887,0.743,0.76,0.82,0.235,0.115,0.649,0.388,0.498,0.469,0.981,0.592,0.568]' data-type=\"detect\" data-source=\"http:\/\/www.lachapelledesflandres.fr\/wp-content\/uploads\/2024\/05\/2003-durufle-chevalier_trois_fables.mp3\"><div hidden class=\"feed-dzsap feed-artist-name\">laurentbof318<\/div><div hidden class=\"feed-dzsap feed-song-name\">Trois fables<\/div><div class=\"meta-artist track-meta-for-dzsap\"><span class=\"the-artist first-line\"><span class=\"first-line-label\" >laurentbof318<\/span><\/span><span class=\"the-name the-songname second-line\" >Trois fables<\/span><\/div><div class=\"menu-description\"><span class=\"the-artist\">laurentbof318<\/span><span class=\"the-name\">Trois fables<\/span><\/div><\/div><\/div>\t\t\t\t<\/div>\n\t\t\t\t<\/div>\n\t\t\t\t<div class=\"elementor-element elementor-element-d356ce4 elementor-widget-divider--view-line elementor-widget elementor-widget-divider\" data-id=\"d356ce4\" data-element_type=\"widget\" data-widget_type=\"divider.default\">\n\t\t\t\t\t\t\t<div class=\"elementor-divider\">\n\t\t\t<span class=\"elementor-divider-separator\">\n\t\t\t\t\t\t<\/span>\n\t\t<\/div>\n\t\t\t\t\t\t<\/div>\n\t\t\t\t\t<\/div>\n\t\t\t\t<\/div>\n\t\t<div class=\"elementor-element elementor-element-b3c4b0e e-flex e-con-boxed e-con e-child\" data-id=\"b3c4b0e\" data-element_type=\"container\">\n\t\t\t\t\t<div class=\"e-con-inner\">\n\t\t\t\t<div class=\"elementor-element elementor-element-e07e7a8 elementor-widget elementor-widget-heading\" data-id=\"e07e7a8\" data-element_type=\"widget\" data-widget_type=\"heading.default\">\n\t\t\t\t\t<h3 class=\"elementor-heading-title elementor-size-default\">2003<\/h3>\t\t\t\t<\/div>\n\t\t\t\t<div class=\"elementor-element elementor-element-091f48b elementor-widget-divider--view-line elementor-widget elementor-widget-divider\" data-id=\"091f48b\" data-element_type=\"widget\" data-widget_type=\"divider.default\">\n\t\t\t\t\t\t\t<div class=\"elementor-divider\">\n\t\t\t<span class=\"elementor-divider-separator\">\n\t\t\t\t\t\t<\/span>\n\t\t<\/div>\n\t\t\t\t\t\t<\/div>\n\t\t\t\t<div class=\"elementor-element elementor-element-912514f elementor-widget elementor-widget-text-editor\" data-id=\"912514f\" data-element_type=\"widget\" data-widget_type=\"text-editor.default\">\n\t\t\t\t\t\t\t\t\t<p><span style=\"font-weight: 400;\">Enregistrement du premier mouvement, \u00ab Kyrie \u00bb, de la messe \u00e0 trois voix a cappella, dite <\/span><i><span style=\"font-weight: 400;\">Messe des petits de Saint-Eustache la For\u00eat<\/span><\/i><span style=\"font-weight: 400;\">, de Caplet, donn\u00e9e lors du concert du 19 septembre 2003 \u00e0 Notre-Dame de Consolation \u00e0 Lille. <\/span><\/p>\t\t\t\t\t\t\t\t<\/div>\n\t\t\t\t<div class=\"elementor-element elementor-element-dd19548 elementor-widget elementor-widget-zoomsounds_player\" data-id=\"dd19548\" data-element_type=\"widget\" data-widget_type=\"zoomsounds_player.default\">\n\t\t\t\t<div class=\"elementor-widget-container\">\n\t\t\t\t\t<div class=\"dzsap--elementor-widget\"><div class=\"audioplayer-tobe  playerid-21476598 ap_idx_98143_6 is-single-player apconfig-default zoomsounds-no-wrapper  skin-wave ap21476598 auto-init\"  data-options='{\"skinwave_comments_playerid\":\"0\",\"design_skin\":\"skin-wave\",\"playfrom\":\"\",\"skinwave_enablereflect\":\"on\",\"skinwave_wave_mode_canvas_waves_number\":\"3\",\"skinwave_wave_mode_canvas_waves_padding\":\"1\",\"skinwave_wave_mode_canvas_reflection_size\":\"0.25\",\"cue\":\"auto\",\"embedded\":\"off\",\"mobile_disable_fakeplayer\":\"on\",\"settings_php_handler\":\"wpdefault\"}' style=\" opacity: 0; \" data-streamtype=\"off\" id=\"ap21476598\" data-playerid=\"21476598\" data-computed-playerid=\"21476598\" data-sanitized_source=\"httpwwwlachapelledesflandresfrwpcontentuploads2024052003capletmessea31kyriemp3\" data-wrapper-image=\"\"  data-sample_time_total=\"207\" data-pcm='[0.387,0.182,0.146,0.328,0.313,0.535,0.663,0.497,0.279,0.856,0.365,0.856,0.923,0.288,0.047,0.268,0.356,0.408,0.817,0.311,0.543,0.176,0.533,0.941,0.069,0.132,0.011,0.312,0.319,0.142,0.336,0.801,0.333,0.801,0.578,0.365,0.693,0.873,0.39,0.87,0.538,0.83,0.423,0.14,0.763,0.783,0.934,0.586,0.311,0.552,0.176,0.727,0.443,0.856,0.952,0.281,0.101,0.924,0.159,0.53,0.942,0.158,0.229,0.43,0.047,0.304,0.393,0.782,0.725,0.48,0.298,0.578,0.776,0.246,0.305,0.097,0.493,0.559,0.727,0.53,0.221,0.314,0.558,0.651,0.175,0.659,0.334,0.922,0.251,0.435,0.874,0.984,0.93,0.692,0.735,0.083,0.712,0.366,0.544,0.08,0.629,0.294,0.469,0.027,0.028,0.303,0.519,0.175,0.737,0.972,0.446,0.336,0.993,0.135,0.502,0.215,0.182,0.859,0.491,0.053,0.501,0.459,0.26,0.89,0.295,0.186,0.357,0.234,0.374,0.21,0.116,0.567,0.486,0.412,0.838,0.215,0.677,0.211,0.388,0.971,0.148,0.579,0.794,0.024,0.756,0.729,0.215,0.185,0.577,0.75,0.708,0.72,0.405,0.67,0.461,0.177,0.013,0.451,0.708,0.491,0.541,0.96,0.565,0.186,0.368,0.998,0.141,0.907,0.565,0.943,0.408,0.125,0.397,0.952,0.441,0.239,0.406,0.11,0.493,0.336,0.089,0.801,0.839,0.362,0.94,0.614,0.07,0.843,0.64,0.605,0.871,0.48,0.831,0.286,0.558,0.827,0.617,0.287,0.394,0.553]' data-type=\"detect\" data-source=\"http:\/\/www.lachapelledesflandres.fr\/wp-content\/uploads\/2024\/05\/2003-caplet_messe_a3_1_kyrie.mp3\"><div hidden class=\"feed-dzsap feed-artist-name\">laurentbof318<\/div><div hidden class=\"feed-dzsap feed-song-name\">Track 17<\/div><div class=\"meta-artist track-meta-for-dzsap\"><span class=\"the-artist first-line\"><span class=\"first-line-label\" >laurentbof318<\/span><\/span><span class=\"the-name the-songname second-line\" >Track 17<\/span><\/div><div class=\"menu-description\"><span class=\"the-artist\">laurentbof318<\/span><span class=\"the-name\">Track 17<\/span><\/div><\/div><\/div>\t\t\t\t<\/div>\n\t\t\t\t<\/div>\n\t\t\t\t<div class=\"elementor-element elementor-element-1e4c0ea elementor-widget-divider--view-line elementor-widget elementor-widget-divider\" data-id=\"1e4c0ea\" data-element_type=\"widget\" data-widget_type=\"divider.default\">\n\t\t\t\t\t\t\t<div class=\"elementor-divider\">\n\t\t\t<span class=\"elementor-divider-separator\">\n\t\t\t\t\t\t<\/span>\n\t\t<\/div>\n\t\t\t\t\t\t<\/div>\n\t\t\t\t\t<\/div>\n\t\t\t\t<\/div>\n\t\t<div class=\"elementor-element elementor-element-46e683a e-flex e-con-boxed e-con e-child\" data-id=\"46e683a\" data-element_type=\"container\">\n\t\t\t\t\t<div class=\"e-con-inner\">\n\t\t\t\t<div class=\"elementor-element elementor-element-7aa4b09 elementor-widget elementor-widget-heading\" data-id=\"7aa4b09\" data-element_type=\"widget\" data-widget_type=\"heading.default\">\n\t\t\t\t\t<h3 class=\"elementor-heading-title elementor-size-default\">2004<\/h3>\t\t\t\t<\/div>\n\t\t\t\t<div class=\"elementor-element elementor-element-30f9721 elementor-widget-divider--view-line elementor-widget elementor-widget-divider\" data-id=\"30f9721\" data-element_type=\"widget\" data-widget_type=\"divider.default\">\n\t\t\t\t\t\t\t<div class=\"elementor-divider\">\n\t\t\t<span class=\"elementor-divider-separator\">\n\t\t\t\t\t\t<\/span>\n\t\t<\/div>\n\t\t\t\t\t\t<\/div>\n\t\t\t\t<div class=\"elementor-element elementor-element-f5c1cf7 elementor-widget elementor-widget-text-editor\" data-id=\"f5c1cf7\" data-element_type=\"widget\" data-widget_type=\"text-editor.default\">\n\t\t\t\t\t\t\t\t\t<p><span style=\"font-weight: 400;\">Enregistrement d\u2019une belle chanson de Cl\u00e9ment Janequin (1485-1558), <\/span><i><span style=\"font-weight: 400;\">Toutes les nuictz<\/span><\/i><span style=\"font-weight: 400;\">, donn\u00e9e par C\u0153li et Terra lors d\u2019un concert \u00e0 l\u2019Op\u00e9ra de Lille le 7 janvier 2004.<\/span><\/p>\t\t\t\t\t\t\t\t<\/div>\n\t\t\t\t<div class=\"elementor-element elementor-element-d8c5e03 elementor-widget elementor-widget-zoomsounds_player\" data-id=\"d8c5e03\" data-element_type=\"widget\" data-widget_type=\"zoomsounds_player.default\">\n\t\t\t\t<div class=\"elementor-widget-container\">\n\t\t\t\t\t<div class=\"dzsap--elementor-widget\"><div class=\"audioplayer-tobe  playerid-20482305 ap_idx_98143_7 is-single-player apconfig-default zoomsounds-no-wrapper  skin-wave ap20482305 auto-init\"  data-options='{\"skinwave_comments_playerid\":\"0\",\"design_skin\":\"skin-wave\",\"playfrom\":\"\",\"skinwave_enablereflect\":\"on\",\"skinwave_wave_mode_canvas_waves_number\":\"3\",\"skinwave_wave_mode_canvas_waves_padding\":\"1\",\"skinwave_wave_mode_canvas_reflection_size\":\"0.25\",\"cue\":\"auto\",\"embedded\":\"off\",\"mobile_disable_fakeplayer\":\"on\",\"settings_php_handler\":\"wpdefault\"}' style=\" opacity: 0; \" data-streamtype=\"off\" id=\"ap20482305\" data-playerid=\"20482305\" data-computed-playerid=\"20482305\" data-sanitized_source=\"httpwwwlachapelledesflandresfrwpcontentuploads2024052004janequintouteslesnuitsmp3\" data-wrapper-image=\"\"  data-sample_time_total=\"124\" data-pcm='[0.624,0.875,0.621,0.594,0.914,0.633,0.643,0.562,0.681,0.139,0.041,0.281,0.773,0.584,0.034,0.433,0.303,0.225,0.783,0.595,0.354,0.425,0.54,0.486,0.646,0.752,0.022,0.17,0.676,0.238,0.795,0.242,0.456,0.507,0.874,0.051,0.175,0.757,0.288,0.433,0.692,0.758,0.623,0.382,0.243,0.872,0.883,0.089,0.415,0.387,0.664,0.884,0.882,0.289,0.094,0.333,0.852,0.78,0.022,0.316,0.116,0.376,0.74,0.743,0.318,0.692,0.994,0.105,0.317,0.081,0.392,0.316,0.122,0.22,0.974,0.741,0.326,0.5,0.186,0.316,0.204,0.058,0.821,0.525,0.906,0.358,0.389,0.522,0.379,0.595,0.572,0.828,0.818,0.954,0.4,0.272,0.585,0.193,0.294,0.147,0.274,0.781,0.554,0.436,0.758,0.327,0.48,0.802,0.361,0.331,0.027,0.728,0.327,0.528,0.882,0.259,0.354,0.816,0.287,0.294,0.816,0.642,0.397,0.137,0.744,0.345,0.008,0.978,0.618,0.131,0.267,0.355,0.413,0.115,0.171,0.88,0.23,0.789,0.521,0.237,0.574,0.888,0.587,0.776,0.626,0.978,0.074,0.363,0.734,0.07,0.023,0.156,0.695,0.594,0.459,0.932,0.037,0.359,0.748,0.754,0.192,0.586,0.058,0.873,0.12,0.663,0.046,0.296,0.095,0.859,0.272,0.126,0.451,0.939,0.964,0.008,0.91,0.311,0.771,0.221,0.615,0.839,0.299,0.509,0.123,0.624,0.828,0.33,0.287,0.191,0.643,0.274,0.593,0.784,0.219,0.985,0.928,0.086,0.483,0.681]' data-type=\"detect\" data-source=\"http:\/\/www.lachapelledesflandres.fr\/wp-content\/uploads\/2024\/05\/2004-janequin_toutes_les_nuits.mp3\"><div hidden class=\"feed-dzsap feed-artist-name\">laurentbof318<\/div><div hidden class=\"feed-dzsap feed-song-name\">janequin_toutes_les_nuits<\/div><div class=\"meta-artist track-meta-for-dzsap\"><span class=\"the-artist first-line\"><span class=\"first-line-label\" >laurentbof318<\/span><\/span><span class=\"the-name the-songname second-line\" >janequin_toutes_les_nuits<\/span><\/div><div class=\"menu-description\"><span class=\"the-artist\">laurentbof318<\/span><span class=\"the-name\">janequin_toutes_les_nuits<\/span><\/div><\/div><\/div>\t\t\t\t<\/div>\n\t\t\t\t<\/div>\n\t\t\t\t<div class=\"elementor-element elementor-element-5b086ee elementor-widget-divider--view-line elementor-widget elementor-widget-divider\" data-id=\"5b086ee\" data-element_type=\"widget\" data-widget_type=\"divider.default\">\n\t\t\t\t\t\t\t<div class=\"elementor-divider\">\n\t\t\t<span class=\"elementor-divider-separator\">\n\t\t\t\t\t\t<\/span>\n\t\t<\/div>\n\t\t\t\t\t\t<\/div>\n\t\t\t\t\t<\/div>\n\t\t\t\t<\/div>\n\t\t<div class=\"elementor-element elementor-element-bffd69a e-flex e-con-boxed e-con e-child\" data-id=\"bffd69a\" data-element_type=\"container\">\n\t\t\t\t\t<div class=\"e-con-inner\">\n\t\t\t\t<div class=\"elementor-element elementor-element-222f477 elementor-widget elementor-widget-heading\" data-id=\"222f477\" data-element_type=\"widget\" data-widget_type=\"heading.default\">\n\t\t\t\t\t<h3 class=\"elementor-heading-title elementor-size-default\">2004<\/h3>\t\t\t\t<\/div>\n\t\t\t\t<div class=\"elementor-element elementor-element-f178bed elementor-widget-divider--view-line elementor-widget elementor-widget-divider\" data-id=\"f178bed\" data-element_type=\"widget\" data-widget_type=\"divider.default\">\n\t\t\t\t\t\t\t<div class=\"elementor-divider\">\n\t\t\t<span class=\"elementor-divider-separator\">\n\t\t\t\t\t\t<\/span>\n\t\t<\/div>\n\t\t\t\t\t\t<\/div>\n\t\t\t\t<div class=\"elementor-element elementor-element-b3d7fec elementor-widget elementor-widget-text-editor\" data-id=\"b3d7fec\" data-element_type=\"widget\" data-widget_type=\"text-editor.default\">\n\t\t\t\t\t\t\t\t\t<p><span style=\"font-weight: 400;\">Enregistrement de la troisi\u00e8me des <\/span><i><span style=\"font-weight: 400;\">Romanzen f\u00fcr Frauenstimmen<\/span><\/i><span style=\"font-weight: 400;\"> op.69 (Pianoforte ad lib.), de Robert Schumann (1810-1856), \u00ab Klosterfr\u00e4ulein \u00bb, sur un texte du po\u00e8te-m\u00e9decin Justinus Kerner (1786-1862), donn\u00e9e en concert le 7 janvier 2004 \u00e0 l\u2019Op\u00e9ra de Lille.<\/span><\/p>\t\t\t\t\t\t\t\t<\/div>\n\t\t\t\t<div class=\"elementor-element elementor-element-75a4766 elementor-widget elementor-widget-zoomsounds_player\" data-id=\"75a4766\" data-element_type=\"widget\" data-widget_type=\"zoomsounds_player.default\">\n\t\t\t\t<div class=\"elementor-widget-container\">\n\t\t\t\t\t<div class=\"dzsap--elementor-widget\"><div class=\"audioplayer-tobe  playerid-22316531 ap_idx_98143_8 is-single-player apconfig-default zoomsounds-no-wrapper  skin-wave ap22316531 auto-init\"  data-options='{\"skinwave_comments_playerid\":\"0\",\"design_skin\":\"skin-wave\",\"playfrom\":\"\",\"skinwave_enablereflect\":\"on\",\"skinwave_wave_mode_canvas_waves_number\":\"3\",\"skinwave_wave_mode_canvas_waves_padding\":\"1\",\"skinwave_wave_mode_canvas_reflection_size\":\"0.25\",\"cue\":\"auto\",\"embedded\":\"off\",\"mobile_disable_fakeplayer\":\"on\",\"settings_php_handler\":\"wpdefault\"}' style=\" opacity: 0; \" data-streamtype=\"off\" id=\"ap22316531\" data-playerid=\"22316531\" data-computed-playerid=\"22316531\" data-sanitized_source=\"httpwwwlachapelledesflandresfrwpcontentuploads2024052004schumannklosterfrauleinmp3\" data-wrapper-image=\"\"  data-sample_time_total=\"107\" data-pcm='[0.776,0.101,0.186,0.284,0.051,0.878,0.568,0.819,0,0.292,0.763,0.25,0.042,0.853,0.495,0.109,0.591,0.376,0.808,0.672,0.475,0.097,0.019,0.015,0.622,0.721,0.725,0.347,0.222,0.269,0.049,0.894,0.779,0.761,0.889,0.018,0.462,0.74,0.367,0.624,0.421,0.944,0.417,0.287,0.544,0.89,0.438,0.92,0.025,0.656,0.054,0.307,0.348,0.051,0.54,0.351,0.261,0.308,0.145,0.39,0.613,0.164,0.929,0.313,0.06,0.439,0.781,0.807,0.012,0.504,0.178,0.821,0.072,0.769,0.454,0.821,0.334,0.914,0.538,0.864,0.037,0.564,0.093,0.744,0.14,0.825,0.23,0.5,0.924,0.436,0.598,0.987,0.838,0.835,0.34,0.964,0.779,0.462,0.182,0.863,0.737,0.49,0.757,0.249,0.262,0.549,0.444,0.384,0.021,0.355,0.84,0.157,0.089,0.829,0.048,0.358,0.237,0.48,0.237,0.14,0.963,0.693,0.883,0.591,0.675,0.888,0.168,0.068,0.255,0.615,0.996,0.946,0.157,0.118,0.863,0.476,0.609,0.442,0.063,0.324,0.546,0.442,0.286,0.478,0.432,0.144,0.221,0.845,0.961,0.557,0.773,0.335,0.716,0.38,0.468,0.585,0.086,0.76,0.259,0.843,0.582,0.811,0.645,0.678,0.639,0.367,0.657,0.017,0.308,0.569,0.608,0.907,0.284,0.351,0.214,0.901,0.497,0.866,0.161,0.523,0.444,0.416,0.501,0.232,0.538,0.933,0.082,0.509,0.832,0.08,0.558,0.01,0.951,0.266,0.73,0.461,0.432,0.122,0.255,0.649]' data-type=\"detect\" data-source=\"http:\/\/www.lachapelledesflandres.fr\/wp-content\/uploads\/2024\/05\/2004-schumann_klosterfraulein.mp3\"><div hidden class=\"feed-dzsap feed-artist-name\">laurentbof318<\/div><div hidden class=\"feed-dzsap feed-song-name\">Schumann klosterfraulein<\/div><div class=\"meta-artist track-meta-for-dzsap\"><span class=\"the-artist first-line\"><span class=\"first-line-label\" >laurentbof318<\/span><\/span><span class=\"the-name the-songname second-line\" >Schumann klosterfraulein<\/span><\/div><div class=\"menu-description\"><span class=\"the-artist\">laurentbof318<\/span><span class=\"the-name\">Schumann klosterfraulein<\/span><\/div><\/div><\/div>\t\t\t\t<\/div>\n\t\t\t\t<\/div>\n\t\t\t\t<div class=\"elementor-element elementor-element-eeac3e5 elementor-widget-divider--view-line elementor-widget elementor-widget-divider\" data-id=\"eeac3e5\" data-element_type=\"widget\" data-widget_type=\"divider.default\">\n\t\t\t\t\t\t\t<div class=\"elementor-divider\">\n\t\t\t<span class=\"elementor-divider-separator\">\n\t\t\t\t\t\t<\/span>\n\t\t<\/div>\n\t\t\t\t\t\t<\/div>\n\t\t\t\t\t<\/div>\n\t\t\t\t<\/div>\n\t\t<div class=\"elementor-element elementor-element-2b5a442 e-flex e-con-boxed e-con e-child\" data-id=\"2b5a442\" data-element_type=\"container\">\n\t\t\t\t\t<div class=\"e-con-inner\">\n\t\t\t\t<div class=\"elementor-element elementor-element-082947e elementor-widget elementor-widget-heading\" data-id=\"082947e\" data-element_type=\"widget\" data-widget_type=\"heading.default\">\n\t\t\t\t\t<h3 class=\"elementor-heading-title elementor-size-default\">2004<\/h3>\t\t\t\t<\/div>\n\t\t\t\t<div class=\"elementor-element elementor-element-0bb0fc5 elementor-widget-divider--view-line elementor-widget elementor-widget-divider\" data-id=\"0bb0fc5\" data-element_type=\"widget\" data-widget_type=\"divider.default\">\n\t\t\t\t\t\t\t<div class=\"elementor-divider\">\n\t\t\t<span class=\"elementor-divider-separator\">\n\t\t\t\t\t\t<\/span>\n\t\t<\/div>\n\t\t\t\t\t\t<\/div>\n\t\t\t\t<div class=\"elementor-element elementor-element-bdc24b7 elementor-widget elementor-widget-text-editor\" data-id=\"bdc24b7\" data-element_type=\"widget\" data-widget_type=\"text-editor.default\">\n\t\t\t\t\t\t\t\t\t<p><span style=\"font-weight: 400;\">Enregistrement de la troisi\u00e8me des <\/span><i><span style=\"font-weight: 400;\">Romanzen f\u00fcr Frauenstimmen<\/span><\/i><span style=\"font-weight: 400;\"> op.69 (Pianoforte ad lib.), de Robert Schumann (1810-1856), \u00ab Klosterfr\u00e4ulein \u00bb, sur un texte du po\u00e8te-m\u00e9decin Justinus Kerner (1786-1862), donn\u00e9e en concert le 7 janvier 2004 \u00e0 l\u2019Op\u00e9ra de Lille.<\/span><\/p>\t\t\t\t\t\t\t\t<\/div>\n\t\t\t\t<div class=\"elementor-element elementor-element-ee0334b elementor-widget elementor-widget-zoomsounds_player\" data-id=\"ee0334b\" data-element_type=\"widget\" data-widget_type=\"zoomsounds_player.default\">\n\t\t\t\t<div class=\"elementor-widget-container\">\n\t\t\t\t\t<div class=\"dzsap--elementor-widget\"><div class=\"audioplayer-tobe  playerid-22316531 ap_idx_98143_9 is-single-player apconfig-default zoomsounds-no-wrapper  skin-wave ap22316531 auto-init\"  data-options='{\"skinwave_comments_playerid\":\"0\",\"design_skin\":\"skin-wave\",\"playfrom\":\"\",\"skinwave_enablereflect\":\"on\",\"skinwave_wave_mode_canvas_waves_number\":\"3\",\"skinwave_wave_mode_canvas_waves_padding\":\"1\",\"skinwave_wave_mode_canvas_reflection_size\":\"0.25\",\"cue\":\"auto\",\"embedded\":\"off\",\"mobile_disable_fakeplayer\":\"on\",\"settings_php_handler\":\"wpdefault\"}' style=\" opacity: 0; \" data-streamtype=\"off\" id=\"ap22316531\" data-playerid=\"22316531\" data-computed-playerid=\"22316531\" data-sanitized_source=\"httpwwwlachapelledesflandresfrwpcontentuploads2024052004schumannklosterfrauleinmp3\" data-wrapper-image=\"\"  data-sample_time_total=\"107\" data-pcm='[0.776,0.101,0.186,0.284,0.051,0.878,0.568,0.819,0,0.292,0.763,0.25,0.042,0.853,0.495,0.109,0.591,0.376,0.808,0.672,0.475,0.097,0.019,0.015,0.622,0.721,0.725,0.347,0.222,0.269,0.049,0.894,0.779,0.761,0.889,0.018,0.462,0.74,0.367,0.624,0.421,0.944,0.417,0.287,0.544,0.89,0.438,0.92,0.025,0.656,0.054,0.307,0.348,0.051,0.54,0.351,0.261,0.308,0.145,0.39,0.613,0.164,0.929,0.313,0.06,0.439,0.781,0.807,0.012,0.504,0.178,0.821,0.072,0.769,0.454,0.821,0.334,0.914,0.538,0.864,0.037,0.564,0.093,0.744,0.14,0.825,0.23,0.5,0.924,0.436,0.598,0.987,0.838,0.835,0.34,0.964,0.779,0.462,0.182,0.863,0.737,0.49,0.757,0.249,0.262,0.549,0.444,0.384,0.021,0.355,0.84,0.157,0.089,0.829,0.048,0.358,0.237,0.48,0.237,0.14,0.963,0.693,0.883,0.591,0.675,0.888,0.168,0.068,0.255,0.615,0.996,0.946,0.157,0.118,0.863,0.476,0.609,0.442,0.063,0.324,0.546,0.442,0.286,0.478,0.432,0.144,0.221,0.845,0.961,0.557,0.773,0.335,0.716,0.38,0.468,0.585,0.086,0.76,0.259,0.843,0.582,0.811,0.645,0.678,0.639,0.367,0.657,0.017,0.308,0.569,0.608,0.907,0.284,0.351,0.214,0.901,0.497,0.866,0.161,0.523,0.444,0.416,0.501,0.232,0.538,0.933,0.082,0.509,0.832,0.08,0.558,0.01,0.951,0.266,0.73,0.461,0.432,0.122,0.255,0.649]' data-type=\"detect\" data-source=\"http:\/\/www.lachapelledesflandres.fr\/wp-content\/uploads\/2024\/05\/2004-schumann_klosterfraulein.mp3\"><div hidden class=\"feed-dzsap feed-artist-name\">laurentbof318<\/div><div hidden class=\"feed-dzsap feed-song-name\">Schumann klosterfraulein<\/div><div class=\"meta-artist track-meta-for-dzsap\"><span class=\"the-artist first-line\"><span class=\"first-line-label\" >laurentbof318<\/span><\/span><span class=\"the-name the-songname second-line\" >Schumann klosterfraulein<\/span><\/div><div class=\"menu-description\"><span class=\"the-artist\">laurentbof318<\/span><span class=\"the-name\">Schumann klosterfraulein<\/span><\/div><\/div><\/div>\t\t\t\t<\/div>\n\t\t\t\t<\/div>\n\t\t\t\t<div class=\"elementor-element elementor-element-3e181cd elementor-widget-divider--view-line elementor-widget elementor-widget-divider\" data-id=\"3e181cd\" data-element_type=\"widget\" data-widget_type=\"divider.default\">\n\t\t\t\t\t\t\t<div class=\"elementor-divider\">\n\t\t\t<span class=\"elementor-divider-separator\">\n\t\t\t\t\t\t<\/span>\n\t\t<\/div>\n\t\t\t\t\t\t<\/div>\n\t\t\t\t\t<\/div>\n\t\t\t\t<\/div>\n\t\t<div class=\"elementor-element elementor-element-59e7b59 e-flex e-con-boxed e-con e-child\" data-id=\"59e7b59\" data-element_type=\"container\">\n\t\t\t\t\t<div class=\"e-con-inner\">\n\t\t\t\t<div class=\"elementor-element elementor-element-e8a458e elementor-widget elementor-widget-heading\" data-id=\"e8a458e\" data-element_type=\"widget\" data-widget_type=\"heading.default\">\n\t\t\t\t\t<h3 class=\"elementor-heading-title elementor-size-default\">2004<\/h3>\t\t\t\t<\/div>\n\t\t\t\t<div class=\"elementor-element elementor-element-7f03219 elementor-widget-divider--view-line elementor-widget elementor-widget-divider\" data-id=\"7f03219\" data-element_type=\"widget\" data-widget_type=\"divider.default\">\n\t\t\t\t\t\t\t<div class=\"elementor-divider\">\n\t\t\t<span class=\"elementor-divider-separator\">\n\t\t\t\t\t\t<\/span>\n\t\t<\/div>\n\t\t\t\t\t\t<\/div>\n\t\t\t\t<div class=\"elementor-element elementor-element-b757244 elementor-widget elementor-widget-text-editor\" data-id=\"b757244\" data-element_type=\"widget\" data-widget_type=\"text-editor.default\">\n\t\t\t\t\t\t\t\t\t<p><span style=\"font-weight: 400;\">\u00ab Dans le serain de sa jumelle flamme \u00bb, troisi\u00e8me sonnet des <\/span><i><span style=\"font-weight: 400;\">Amours de Cassandre<\/span><\/i><span style=\"font-weight: 400;\"> (1552) d&#8217;Anthoine de Bertrand donn\u00e9 avec l\u2019ensemble C\u0153li et Terra lors du concert du 7 janvier 2004 \u00e0 l\u2019Op\u00e9ra de Lille.<\/span><\/p>\t\t\t\t\t\t\t\t<\/div>\n\t\t\t\t<div class=\"elementor-element elementor-element-c315db2 elementor-widget elementor-widget-zoomsounds_player\" data-id=\"c315db2\" data-element_type=\"widget\" data-widget_type=\"zoomsounds_player.default\">\n\t\t\t\t<div class=\"elementor-widget-container\">\n\t\t\t\t\t<div class=\"dzsap--elementor-widget\"><div class=\"audioplayer-tobe  playerid-13621149 ap_idx_98143_10 is-single-player apconfig-default zoomsounds-no-wrapper  skin-wave ap13621149 auto-init\"  data-options='{\"skinwave_comments_playerid\":\"0\",\"design_skin\":\"skin-wave\",\"playfrom\":\"\",\"skinwave_enablereflect\":\"on\",\"skinwave_wave_mode_canvas_waves_number\":\"3\",\"skinwave_wave_mode_canvas_waves_padding\":\"1\",\"skinwave_wave_mode_canvas_reflection_size\":\"0.25\",\"cue\":\"auto\",\"embedded\":\"off\",\"mobile_disable_fakeplayer\":\"on\",\"settings_php_handler\":\"wpdefault\"}' style=\" opacity: 0; \" data-streamtype=\"off\" id=\"ap13621149\" data-playerid=\"13621149\" data-computed-playerid=\"13621149\" data-sanitized_source=\"httpwwwlachapelledesflandresfrwpcontentuploads2024052004bertranddanslesereinmp3\" data-wrapper-image=\"\"  data-sample_time_total=\"161\" data-pcm='[0.389,0.35,0.084,0.924,0.453,0.971,0.091,0.432,0.031,0.861,0.62,0.003,0.329,0.664,0.514,0.303,0.508,0.255,0.554,0.553,0.213,0.399,0.15,0.178,0.265,0.295,0.663,0.999,0.268,0.698,0.58,0.273,0.75,0.351,0.818,0.385,0.714,0.927,0.071,0.521,0.264,0.308,0.929,0.171,0.794,0.696,0.363,0.959,0.194,0.142,0.644,0.731,0.036,0.878,0.026,0.78,0.892,0.289,0.226,0.578,0.519,0.971,0.995,0.164,0.977,0.145,0.497,0.938,0.667,0.308,0.235,0.399,0.212,0.696,0.761,0.067,0.771,0.229,0.328,0.91,0.023,0.127,0.182,0.043,0.079,0.616,0.252,0.009,0.803,0.541,0.349,0.627,0.425,0.005,0.121,0.632,0.536,0.048,0.442,0.896,0.286,0.446,0.156,0.915,0.094,0.735,0.49,0.99,0.013,0.324,0.531,0.566,0.615,0.755,0.962,0.87,0.169,0.282,0.23,0.181,0.279,0.807,0.289,0.968,0.637,0.491,0.451,0.422,0.78,0.383,0.02,0.732,0.389,0.44,0.318,0.806,0.219,0.28,0.463,0.807,0.772,0.927,0.398,0.192,0.371,0.367,0.834,0.971,0.968,0.869,0.522,0.176,0.233,0.586,0.299,0.552,0.91,0.962,0.296,0.805,0.38,0.739,0.014,0.011,0.658,0.394,0.035,0.173,0.841,0.053,0.601,0.896,0.268,0.596,0.588,0.057,0.721,0.977,0.292,0.855,0.454,0.574,0.159,0.808,0.675,0.846,0.513,0.091,0.224,0.451,0.543,0.51,0.46,0.028,0.788,0.615,0.422,0.911,0.267,0.619]' data-type=\"detect\" data-source=\"http:\/\/www.lachapelledesflandres.fr\/wp-content\/uploads\/2024\/05\/2004-bertrand_dans_le_serein.mp3\"><div hidden class=\"feed-dzsap feed-artist-name\">laurentbof318<\/div><div hidden class=\"feed-dzsap feed-song-name\">bertrand_dans_le_serein<\/div><div class=\"meta-artist track-meta-for-dzsap\"><span class=\"the-artist first-line\"><span class=\"first-line-label\" >laurentbof318<\/span><\/span><span class=\"the-name the-songname second-line\" >bertrand_dans_le_serein<\/span><\/div><div class=\"menu-description\"><span class=\"the-artist\">laurentbof318<\/span><span class=\"the-name\">bertrand_dans_le_serein<\/span><\/div><\/div><\/div>\t\t\t\t<\/div>\n\t\t\t\t<\/div>\n\t\t\t\t<div class=\"elementor-element elementor-element-2414890 elementor-widget-divider--view-line elementor-widget elementor-widget-divider\" data-id=\"2414890\" data-element_type=\"widget\" data-widget_type=\"divider.default\">\n\t\t\t\t\t\t\t<div class=\"elementor-divider\">\n\t\t\t<span class=\"elementor-divider-separator\">\n\t\t\t\t\t\t<\/span>\n\t\t<\/div>\n\t\t\t\t\t\t<\/div>\n\t\t\t\t\t<\/div>\n\t\t\t\t<\/div>\n\t\t<div class=\"elementor-element elementor-element-9be4790 e-flex e-con-boxed e-con e-child\" data-id=\"9be4790\" data-element_type=\"container\">\n\t\t\t\t\t<div class=\"e-con-inner\">\n\t\t\t\t<div class=\"elementor-element elementor-element-5e6acbc elementor-widget elementor-widget-heading\" data-id=\"5e6acbc\" data-element_type=\"widget\" data-widget_type=\"heading.default\">\n\t\t\t\t\t<h3 class=\"elementor-heading-title elementor-size-default\">2004<\/h3>\t\t\t\t<\/div>\n\t\t\t\t<div class=\"elementor-element elementor-element-979108a elementor-widget-divider--view-line elementor-widget elementor-widget-divider\" data-id=\"979108a\" data-element_type=\"widget\" data-widget_type=\"divider.default\">\n\t\t\t\t\t\t\t<div class=\"elementor-divider\">\n\t\t\t<span class=\"elementor-divider-separator\">\n\t\t\t\t\t\t<\/span>\n\t\t<\/div>\n\t\t\t\t\t\t<\/div>\n\t\t\t\t<div class=\"elementor-element elementor-element-5a84972 elementor-widget elementor-widget-text-editor\" data-id=\"5a84972\" data-element_type=\"widget\" data-widget_type=\"text-editor.default\">\n\t\t\t\t\t\t\t\t\t<p><i><span style=\"font-weight: 400;\">Les Frites<\/span><\/i><span style=\"font-weight: 400;\">, une chansonnette enregistr\u00e9e en 2004 sur le CD \u00ab Vivat ! \u00bb : 1\/2 si\u00e8cle de chansons roubaisiennes.<\/span><\/p>\t\t\t\t\t\t\t\t<\/div>\n\t\t\t\t<div class=\"elementor-element elementor-element-f52f847 elementor-widget elementor-widget-zoomsounds_player\" data-id=\"f52f847\" data-element_type=\"widget\" data-widget_type=\"zoomsounds_player.default\">\n\t\t\t\t<div class=\"elementor-widget-container\">\n\t\t\t\t\t<div class=\"dzsap--elementor-widget\"><div class=\"audioplayer-tobe  playerid-38623163 ap_idx_98143_11 is-single-player apconfig-default zoomsounds-no-wrapper  skin-wave ap38623163 auto-init\"  data-options='{\"skinwave_comments_playerid\":\"0\",\"design_skin\":\"skin-wave\",\"playfrom\":\"\",\"skinwave_enablereflect\":\"on\",\"skinwave_wave_mode_canvas_waves_number\":\"3\",\"skinwave_wave_mode_canvas_waves_padding\":\"1\",\"skinwave_wave_mode_canvas_reflection_size\":\"0.25\",\"cue\":\"auto\",\"embedded\":\"off\",\"mobile_disable_fakeplayer\":\"on\",\"settings_php_handler\":\"wpdefault\"}' style=\" opacity: 0; \" data-streamtype=\"off\" id=\"ap38623163\" data-playerid=\"38623163\" data-computed-playerid=\"38623163\" data-sanitized_source=\"httpwwwlachapelledesflandresfrwpcontentuploads2024052004lesfritesmp3\" data-wrapper-image=\"\"  data-sample_time_total=\"237\" data-pcm='[0.76,0.262,0.377,0.823,0.06,0.449,0.894,0.994,0.802,0.498,0.671,0.013,0.9,0.421,0.98,0.099,0.129,0.518,0.107,0.911,0.421,0.683,0.93,0.94,0.001,0.732,0.383,0.013,0.818,0.791,0.847,0.093,0.928,0.311,0.32,0.587,0.997,0.443,0.746,0.292,0.677,0.734,0.741,0.082,0.194,0.283,0.242,0.849,0.318,0.612,0.653,0.039,0.031,0.211,0.745,0.56,0.172,0.773,0.499,0.219,0.088,0.68,0.635,0.741,0.067,0.754,0.357,0.066,0.53,0.073,0.768,0.987,0.738,0.736,0.654,0.578,0.593,0.434,0.153,0.389,0.885,0.729,0.066,0.246,0.843,0.916,0.175,0.318,0.794,0.141,0.099,0.393,0.4,0.743,0.576,0.423,0.81,0.881,0.662,0.997,0.316,0.629,0.845,0.53,0.713,0.844,0.857,0.207,0.708,0.02,0.97,0.361,0.358,0.247,0.314,0.947,0.345,0.693,0.506,0.038,0.884,0.284,0.144,0.462,0.565,0.763,0.579,0.749,0.884,0.468,0.182,0.938,0.784,0.586,0.66,0.457,0.66,0.412,0.818,0.869,0.819,0.301,0.875,0.524,0.995,0.756,0.34,0.623,0.115,0.569,0.782,0.984,0.127,0.118,0.152,0.742,0.43,0.67,0.883,0.589,0.799,0.312,0.624,0.569,0.291,0.814,0.228,0.857,0.609,0.65,0.899,0.781,0.565,0.555,0.721,0.755,0.055,0.488,0.339,0.328,0.759,0.283,0.541,0.405,0.742,0.201,0.49,0.821,0.814,0.707,0.25,0.639,0.828,0.773,0.61,0.335,0.493,0.181,0.373,0.829]' data-type=\"detect\" data-source=\"http:\/\/www.lachapelledesflandres.fr\/wp-content\/uploads\/2024\/05\/2004-les_frites.mp3\"><div hidden class=\"feed-dzsap feed-artist-name\">laurentbof318<\/div><div hidden class=\"feed-dzsap feed-song-name\">Les frites<\/div><div class=\"meta-artist track-meta-for-dzsap\"><span class=\"the-artist first-line\"><span class=\"first-line-label\" >laurentbof318<\/span><\/span><span class=\"the-name the-songname second-line\" >Les frites<\/span><\/div><div class=\"menu-description\"><span class=\"the-artist\">laurentbof318<\/span><span class=\"the-name\">Les frites<\/span><\/div><\/div><\/div>\t\t\t\t<\/div>\n\t\t\t\t<\/div>\n\t\t\t\t<div class=\"elementor-element elementor-element-800d965 elementor-widget-divider--view-line elementor-widget elementor-widget-divider\" data-id=\"800d965\" data-element_type=\"widget\" data-widget_type=\"divider.default\">\n\t\t\t\t\t\t\t<div class=\"elementor-divider\">\n\t\t\t<span class=\"elementor-divider-separator\">\n\t\t\t\t\t\t<\/span>\n\t\t<\/div>\n\t\t\t\t\t\t<\/div>\n\t\t\t\t\t<\/div>\n\t\t\t\t<\/div>\n\t\t<div class=\"elementor-element elementor-element-b4eff2d e-flex e-con-boxed e-con e-child\" data-id=\"b4eff2d\" data-element_type=\"container\">\n\t\t\t\t\t<div class=\"e-con-inner\">\n\t\t\t\t<div class=\"elementor-element elementor-element-43d7835 elementor-widget elementor-widget-heading\" data-id=\"43d7835\" data-element_type=\"widget\" data-widget_type=\"heading.default\">\n\t\t\t\t\t<h3 class=\"elementor-heading-title elementor-size-default\">2004<\/h3>\t\t\t\t<\/div>\n\t\t\t\t<div class=\"elementor-element elementor-element-0f92f7f elementor-widget-divider--view-line elementor-widget elementor-widget-divider\" data-id=\"0f92f7f\" data-element_type=\"widget\" data-widget_type=\"divider.default\">\n\t\t\t\t\t\t\t<div class=\"elementor-divider\">\n\t\t\t<span class=\"elementor-divider-separator\">\n\t\t\t\t\t\t<\/span>\n\t\t<\/div>\n\t\t\t\t\t\t<\/div>\n\t\t\t\t<div class=\"elementor-element elementor-element-87e9079 elementor-widget elementor-widget-text-editor\" data-id=\"87e9079\" data-element_type=\"widget\" data-widget_type=\"text-editor.default\">\n\t\t\t\t\t\t\t\t\t<p><i><span style=\"font-weight: 400;\">La navette en f\u00eate<\/span><\/i><span style=\"font-weight: 400;\">, paroles de Denyse Soubrie et musique de Jean Prez, accord\u00e9oniste, harmonis\u00e9 par Maurice Bourbon, enregistr\u00e9e en 2004 sur le CD Vivat ! : 1\/2 si\u00e8cle de chansons roubaisiennes.<\/span><\/p>\t\t\t\t\t\t\t\t<\/div>\n\t\t\t\t<div class=\"elementor-element elementor-element-fdc1a2e elementor-widget elementor-widget-zoomsounds_player\" data-id=\"fdc1a2e\" data-element_type=\"widget\" data-widget_type=\"zoomsounds_player.default\">\n\t\t\t\t<div class=\"elementor-widget-container\">\n\t\t\t\t\t<div class=\"dzsap--elementor-widget\"><div class=\"audioplayer-tobe  playerid-36952827 ap_idx_98143_12 is-single-player apconfig-default zoomsounds-no-wrapper  skin-wave ap36952827 auto-init\"  data-options='{\"skinwave_comments_playerid\":\"0\",\"design_skin\":\"skin-wave\",\"playfrom\":\"\",\"skinwave_enablereflect\":\"on\",\"skinwave_wave_mode_canvas_waves_number\":\"3\",\"skinwave_wave_mode_canvas_waves_padding\":\"1\",\"skinwave_wave_mode_canvas_reflection_size\":\"0.25\",\"cue\":\"auto\",\"embedded\":\"off\",\"mobile_disable_fakeplayer\":\"on\",\"settings_php_handler\":\"wpdefault\"}' style=\" opacity: 0; \" data-streamtype=\"off\" id=\"ap36952827\" data-playerid=\"36952827\" data-computed-playerid=\"36952827\" data-sanitized_source=\"httpwwwlachapelledesflandresfrwpcontentuploads2024052004lanavetteenfetemp3\" data-wrapper-image=\"\"  data-sample_time_total=\"161\" data-pcm='[0.245,0.833,0.11,0.73,0.052,0.318,0.153,0.933,0.904,0.478,0.191,0.505,0.133,0.737,0.253,0.622,0.068,0.917,0.791,0.348,0.896,0.674,0.833,0.901,0.316,0.514,0.58,0.411,0.927,0.537,0.875,0.214,0.942,0.599,0.896,0.343,0.776,0.287,0.582,0.331,0.748,0.121,0.195,0.482,0.324,0.17,0.814,0.002,0.304,0.964,0.792,0.151,0.105,0.412,0.11,0,0.057,0.59,0.719,0.978,0.542,0.731,0.574,0.987,0.384,0.54,0.417,0.786,0.005,0.349,0.554,0.03,0.988,0.629,0.153,0.211,0.306,0.625,0.214,0.284,0.592,0.029,0.732,0.552,0.826,0.572,0.114,0.42,0.263,0.455,0.57,0.456,0.387,0.227,0.349,0.832,0.783,0.638,0.911,0.856,0.1,0.993,0.821,0.202,0.448,0.215,0.139,0.995,0.744,0.962,0.035,0.295,0.481,0.195,0.253,0.584,0.628,0.628,0.841,0.833,0.917,0.886,0.487,0.879,0.035,0.047,0.114,0.59,0.881,0.362,0.235,0.539,0.568,0.882,0.101,0.73,0.843,0.432,0.14,0.94,0.328,0.04,0.617,0.74,0.979,0.809,0.189,0.86,0.917,0.879,0.596,0.557,0.739,0.989,0.209,0.43,0.086,0.227,0.91,0.884,0.793,0.255,0.144,0.725,0.39,0.14,0.391,0.923,0.293,0.2,0.71,0.544,0.081,0.49,0.524,0.409,0.129,0.374,0.963,0.716,0.346,0.748,0.082,0.791,0.219,0.462,0.251,0.559,0.204,0.932,0.907,0.351,0.361,0.74,0.13,0.561,0.536,0.307,0.916,0.92]' data-type=\"detect\" data-source=\"http:\/\/www.lachapelledesflandres.fr\/wp-content\/uploads\/2024\/05\/2004-la_navette_en_fete.mp3\"><div hidden class=\"feed-dzsap feed-artist-name\">laurentbof318<\/div><div hidden class=\"feed-dzsap feed-song-name\">La navette en F\u00eate<\/div><div class=\"meta-artist track-meta-for-dzsap\"><span class=\"the-artist first-line\"><span class=\"first-line-label\" >laurentbof318<\/span><\/span><span class=\"the-name the-songname second-line\" >La navette en F\u00eate<\/span><\/div><div class=\"menu-description\"><span class=\"the-artist\">laurentbof318<\/span><span class=\"the-name\">La navette en F\u00eate<\/span><\/div><\/div><\/div>\t\t\t\t<\/div>\n\t\t\t\t<\/div>\n\t\t\t\t<div class=\"elementor-element elementor-element-5cd7ba4 elementor-widget-divider--view-line elementor-widget elementor-widget-divider\" data-id=\"5cd7ba4\" data-element_type=\"widget\" data-widget_type=\"divider.default\">\n\t\t\t\t\t\t\t<div class=\"elementor-divider\">\n\t\t\t<span class=\"elementor-divider-separator\">\n\t\t\t\t\t\t<\/span>\n\t\t<\/div>\n\t\t\t\t\t\t<\/div>\n\t\t\t\t\t<\/div>\n\t\t\t\t<\/div>\n\t\t<div class=\"elementor-element elementor-element-3ba2bad e-flex e-con-boxed e-con e-child\" data-id=\"3ba2bad\" data-element_type=\"container\">\n\t\t\t\t\t<div class=\"e-con-inner\">\n\t\t\t\t<div class=\"elementor-element elementor-element-7449c28 elementor-widget elementor-widget-heading\" data-id=\"7449c28\" data-element_type=\"widget\" data-widget_type=\"heading.default\">\n\t\t\t\t\t<h3 class=\"elementor-heading-title elementor-size-default\">2004<\/h3>\t\t\t\t<\/div>\n\t\t\t\t<div class=\"elementor-element elementor-element-37f1c2f elementor-widget-divider--view-line elementor-widget elementor-widget-divider\" data-id=\"37f1c2f\" data-element_type=\"widget\" data-widget_type=\"divider.default\">\n\t\t\t\t\t\t\t<div class=\"elementor-divider\">\n\t\t\t<span class=\"elementor-divider-separator\">\n\t\t\t\t\t\t<\/span>\n\t\t<\/div>\n\t\t\t\t\t\t<\/div>\n\t\t\t\t<div class=\"elementor-element elementor-element-b0d94be elementor-widget elementor-widget-text-editor\" data-id=\"b0d94be\" data-element_type=\"widget\" data-widget_type=\"text-editor.default\">\n\t\t\t\t\t\t\t\t\t<p><span style=\"font-weight: 400;\">Une chanson compos\u00e9e par le roubaisien Joseph De Leeuw au sortir de la guerre de 1870, intitul\u00e9e tout simplement <\/span><i><span style=\"font-weight: 400;\">La Guerre<\/span><\/i><span style=\"font-weight: 400;\">, harmonis\u00e9e par Maurice Bourbon pour soprane soliste et ch\u0153ur de chambre, enregistr\u00e9e en 2004 sur le CD Vivat ! : 1\/2 si\u00e8cle de chansons roubaisiennes<\/span><\/p>\t\t\t\t\t\t\t\t<\/div>\n\t\t\t\t<div class=\"elementor-element elementor-element-3c1bff7 elementor-widget elementor-widget-zoomsounds_player\" data-id=\"3c1bff7\" data-element_type=\"widget\" data-widget_type=\"zoomsounds_player.default\">\n\t\t\t\t<div class=\"elementor-widget-container\">\n\t\t\t\t\t<div class=\"dzsap--elementor-widget\"><div class=\"audioplayer-tobe  playerid-27749569 ap_idx_98143_13 is-single-player apconfig-default zoomsounds-no-wrapper  skin-wave ap27749569 auto-init\"  data-options='{\"skinwave_comments_playerid\":\"0\",\"design_skin\":\"skin-wave\",\"playfrom\":\"\",\"skinwave_enablereflect\":\"on\",\"skinwave_wave_mode_canvas_waves_number\":\"3\",\"skinwave_wave_mode_canvas_waves_padding\":\"1\",\"skinwave_wave_mode_canvas_reflection_size\":\"0.25\",\"cue\":\"auto\",\"embedded\":\"off\",\"mobile_disable_fakeplayer\":\"on\",\"settings_php_handler\":\"wpdefault\"}' style=\" opacity: 0; \" data-streamtype=\"off\" id=\"ap27749569\" data-playerid=\"27749569\" data-computed-playerid=\"27749569\" data-sanitized_source=\"httpwwwlachapelledesflandresfrwpcontentuploads2024052004laguerremp3\" data-wrapper-image=\"\"  data-sample_time_total=\"192\" data-pcm='[0.819,0.14,0.204,0.912,0.863,0.157,0.488,0.876,0.324,0.509,0.117,0.144,0.352,0.039,0.076,0.967,0.873,0.305,0.599,0.889,0.437,0.501,0.941,0.055,0.654,0.252,0.788,0.476,0.917,0.993,0.438,0.775,0.868,0.613,0.102,0.327,0.757,0.924,0.463,0.605,0.693,0.694,0.705,0.317,0.91,0.035,0.026,0.855,0.778,0.953,0.65,0.545,0.121,0.599,0.12,0.824,0.457,0.977,0.23,0.292,0.033,0.798,0.303,0.685,0.499,0.932,0.795,0.706,0.628,0.534,0.405,0.332,0.445,0.684,0.008,0.114,0.421,0.128,0.313,0.936,0.312,0.141,0.379,0.762,0.168,0.506,0.233,0.727,0.073,0.723,0.455,0.667,0.538,0.757,0.103,0.284,0.006,0.52,0.139,0.946,0.414,0.294,0.155,0.728,0.876,0.247,0.861,0.11,0.156,0.131,0.754,0.734,0.216,0.295,0.629,0.205,0.636,0.117,0.726,0.52,0.845,0.807,0.466,0.581,0.375,0.376,0.341,0.113,0.01,0.616,0.452,0.997,0.305,0.003,0.638,0.231,0.039,0.046,0.832,0.515,0.479,0.233,0.986,0.1,0.908,0.946,0.479,0.304,0.259,0.929,0.674,0.785,0.801,0.725,0.597,0.809,0.239,0.887,0.447,0.281,0.943,0.907,0.078,0.081,0.2,0.373,0.341,0.454,0.008,0.669,0.594,0.008,0.218,0.15,0.687,0.098,0.439,0.852,0.399,0.892,0.749,0.021,0.167,0.608,0.413,0.857,0.975,0.794,0.235,0.845,0.754,0.195,0.554,0.118,0.578,0.081,0.426,0.838,0.184,0.983]' data-type=\"detect\" data-source=\"http:\/\/www.lachapelledesflandres.fr\/wp-content\/uploads\/2024\/05\/2004-la_guerre.mp3\"><div hidden class=\"feed-dzsap feed-artist-name\">laurentbof318<\/div><div hidden class=\"feed-dzsap feed-song-name\">La guerre<\/div><div class=\"meta-artist track-meta-for-dzsap\"><span class=\"the-artist first-line\"><span class=\"first-line-label\" >laurentbof318<\/span><\/span><span class=\"the-name the-songname second-line\" >La guerre<\/span><\/div><div class=\"menu-description\"><span class=\"the-artist\">laurentbof318<\/span><span class=\"the-name\">La guerre<\/span><\/div><\/div><\/div>\t\t\t\t<\/div>\n\t\t\t\t<\/div>\n\t\t\t\t<div class=\"elementor-element elementor-element-1185ad3 elementor-widget-divider--view-line elementor-widget elementor-widget-divider\" data-id=\"1185ad3\" data-element_type=\"widget\" data-widget_type=\"divider.default\">\n\t\t\t\t\t\t\t<div class=\"elementor-divider\">\n\t\t\t<span class=\"elementor-divider-separator\">\n\t\t\t\t\t\t<\/span>\n\t\t<\/div>\n\t\t\t\t\t\t<\/div>\n\t\t\t\t\t<\/div>\n\t\t\t\t<\/div>\n\t\t<div class=\"elementor-element elementor-element-8000a7a e-flex e-con-boxed e-con e-child\" data-id=\"8000a7a\" data-element_type=\"container\">\n\t\t\t\t\t<div class=\"e-con-inner\">\n\t\t\t\t<div class=\"elementor-element elementor-element-0d53439 elementor-widget elementor-widget-heading\" data-id=\"0d53439\" data-element_type=\"widget\" data-widget_type=\"heading.default\">\n\t\t\t\t\t<h3 class=\"elementor-heading-title elementor-size-default\">2004<\/h3>\t\t\t\t<\/div>\n\t\t\t\t<div class=\"elementor-element elementor-element-b7e4087 elementor-widget-divider--view-line elementor-widget elementor-widget-divider\" data-id=\"b7e4087\" data-element_type=\"widget\" data-widget_type=\"divider.default\">\n\t\t\t\t\t\t\t<div class=\"elementor-divider\">\n\t\t\t<span class=\"elementor-divider-separator\">\n\t\t\t\t\t\t<\/span>\n\t\t<\/div>\n\t\t\t\t\t\t<\/div>\n\t\t\t\t<div class=\"elementor-element elementor-element-5424a5d elementor-widget elementor-widget-text-editor\" data-id=\"5424a5d\" data-element_type=\"widget\" data-widget_type=\"text-editor.default\">\n\t\t\t\t\t\t\t\t\t<p><i><span style=\"font-weight: 400;\">Le canard en nourrice<\/span><\/i><span style=\"font-weight: 400;\">, enregistrement issu du CD \u00ab Vivat ! \u00bb, chanson publi\u00e9e vers 1920, avec les paroles d\u2019un auteur d\u00e9nomm\u00e9 &#8230; Loteur. <\/span><\/p>\t\t\t\t\t\t\t\t<\/div>\n\t\t\t\t<div class=\"elementor-element elementor-element-09ecf41 elementor-widget elementor-widget-zoomsounds_player\" data-id=\"09ecf41\" data-element_type=\"widget\" data-widget_type=\"zoomsounds_player.default\">\n\t\t\t\t<div class=\"elementor-widget-container\">\n\t\t\t\t\t<div class=\"dzsap--elementor-widget\"><div class=\"audioplayer-tobe  playerid-33369299 ap_idx_98143_14 is-single-player apconfig-default zoomsounds-no-wrapper  skin-wave ap33369299 auto-init\"  data-options='{\"skinwave_comments_playerid\":\"0\",\"design_skin\":\"skin-wave\",\"playfrom\":\"\",\"skinwave_enablereflect\":\"on\",\"skinwave_wave_mode_canvas_waves_number\":\"3\",\"skinwave_wave_mode_canvas_waves_padding\":\"1\",\"skinwave_wave_mode_canvas_reflection_size\":\"0.25\",\"cue\":\"auto\",\"embedded\":\"off\",\"mobile_disable_fakeplayer\":\"on\",\"settings_php_handler\":\"wpdefault\"}' style=\" opacity: 0; \" data-streamtype=\"off\" id=\"ap33369299\" data-playerid=\"33369299\" data-computed-playerid=\"33369299\" data-sanitized_source=\"httpwwwlachapelledesflandresfrwpcontentuploads2024052004lecanardennourricemp3\" data-wrapper-image=\"\"  data-sample_time_total=\"203\" data-pcm='[0.686,0.288,0.677,0.967,0.942,0.234,0.155,0.151,0.437,0.8,0.38,0.263,0.07,0.509,0.961,0.027,0.307,0.791,0.041,0.597,0.63,0.563,0.92,0.571,0.701,0.219,0.016,0.026,0.95,0.098,0.976,0.243,0.444,0.438,0.585,0.701,0.916,0.47,0.237,0.716,0.585,0.966,0.662,0.725,0.837,0.473,0.728,0.974,0.313,0.69,0.116,0.917,0.344,0.836,0.919,0.878,0.619,0.801,0.594,0.49,0.986,0.671,0.508,0.307,0.458,0.507,0.127,0.419,0.837,0.452,0.527,0.855,0.816,0.123,0.714,0.165,0.881,0.956,0.412,0.943,0.754,0.023,0.783,0.773,0.867,0.779,0.701,0.954,0.463,0.04,0.174,0.525,0.129,0.727,0.585,0.523,0.048,0.772,0.893,0.313,0.558,0.747,0.198,0.784,0.342,0.07,0.031,0.693,0.95,0.659,0.529,0.24,0.819,0.132,0.744,0.685,0.532,0.555,0.451,0.043,0.494,0.839,0.975,0.078,0.126,0.745,0.491,0.752,0.296,0.172,0.43,0.893,0.576,0.497,0.452,0.225,0.255,0.051,0.607,0.429,0.446,0.194,0.033,0.368,0.664,0.747,0.615,0.589,0.971,0.316,0.667,0.107,0.826,0.564,0.352,0.962,0.188,0.379,0.291,0.401,0.995,0.589,0.487,0.082,0.999,0.402,0.409,0.511,0.808,0.178,0.791,0.863,0.261,0.125,0.634,0.274,0.486,0.84,0.979,0.672,0.181,0.925,0.739,0.89,0.344,0.475,0.889,0.343,0.205,0.109,0.545,0.316,0.388,0.495,0.228,0.468,0.752,0.165,0.053,0.938]' data-type=\"detect\" data-source=\"http:\/\/www.lachapelledesflandres.fr\/wp-content\/uploads\/2024\/05\/2004-le_canard_en_nourrice.mp3\"><div hidden class=\"feed-dzsap feed-artist-name\">laurentbof318<\/div><div hidden class=\"feed-dzsap feed-song-name\">Le canard en nourrice<\/div><div class=\"meta-artist track-meta-for-dzsap\"><span class=\"the-artist first-line\"><span class=\"first-line-label\" >laurentbof318<\/span><\/span><span class=\"the-name the-songname second-line\" >Le canard en nourrice<\/span><\/div><div class=\"menu-description\"><span class=\"the-artist\">laurentbof318<\/span><span class=\"the-name\">Le canard en nourrice<\/span><\/div><\/div><\/div>\t\t\t\t<\/div>\n\t\t\t\t<\/div>\n\t\t\t\t<div class=\"elementor-element elementor-element-381c2a3 elementor-widget-divider--view-line elementor-widget elementor-widget-divider\" data-id=\"381c2a3\" data-element_type=\"widget\" data-widget_type=\"divider.default\">\n\t\t\t\t\t\t\t<div class=\"elementor-divider\">\n\t\t\t<span class=\"elementor-divider-separator\">\n\t\t\t\t\t\t<\/span>\n\t\t<\/div>\n\t\t\t\t\t\t<\/div>\n\t\t\t\t\t<\/div>\n\t\t\t\t<\/div>\n\t\t<div class=\"elementor-element elementor-element-ecdaa7f e-flex e-con-boxed e-con e-child\" data-id=\"ecdaa7f\" data-element_type=\"container\">\n\t\t\t\t\t<div class=\"e-con-inner\">\n\t\t\t\t<div class=\"elementor-element elementor-element-576c578 elementor-widget elementor-widget-heading\" data-id=\"576c578\" data-element_type=\"widget\" data-widget_type=\"heading.default\">\n\t\t\t\t\t<h3 class=\"elementor-heading-title elementor-size-default\">2007<\/h3>\t\t\t\t<\/div>\n\t\t\t\t<div class=\"elementor-element elementor-element-9046725 elementor-widget-divider--view-line elementor-widget elementor-widget-divider\" data-id=\"9046725\" data-element_type=\"widget\" data-widget_type=\"divider.default\">\n\t\t\t\t\t\t\t<div class=\"elementor-divider\">\n\t\t\t<span class=\"elementor-divider-separator\">\n\t\t\t\t\t\t<\/span>\n\t\t<\/div>\n\t\t\t\t\t\t<\/div>\n\t\t\t\t<div class=\"elementor-element elementor-element-d9f77c3 elementor-widget elementor-widget-text-editor\" data-id=\"d9f77c3\" data-element_type=\"widget\" data-widget_type=\"text-editor.default\">\n\t\t\t\t\t\t\t\t\t<p><span style=\"font-weight: 400;\">Enregistrement d\u2019une belle chanson compos\u00e9e par Maurice Ravel en 1914\/1915, <\/span><i><span style=\"font-weight: 400;\">Trois beaux oiseaux du paradis<\/span><\/i><span style=\"font-weight: 400;\">. Elle fut donn\u00e9e en concert \u00e0 l\u2019Op\u00e9ra de Lille le 7 janvier 2007 par l\u2019ensemble C\u0153li et Terra sous la direction de Maurice Bourbon.<\/span><\/p>\t\t\t\t\t\t\t\t<\/div>\n\t\t\t\t<div class=\"elementor-element elementor-element-83f5019 elementor-widget elementor-widget-zoomsounds_player\" data-id=\"83f5019\" data-element_type=\"widget\" data-widget_type=\"zoomsounds_player.default\">\n\t\t\t\t<div class=\"elementor-widget-container\">\n\t\t\t\t\t<div class=\"dzsap--elementor-widget\"><div class=\"audioplayer-tobe  playerid-26237713 ap_idx_98143_15 is-single-player apconfig-default zoomsounds-no-wrapper  skin-wave ap26237713 auto-init\"  data-options='{\"skinwave_comments_playerid\":\"0\",\"design_skin\":\"skin-wave\",\"playfrom\":\"\",\"skinwave_enablereflect\":\"on\",\"skinwave_wave_mode_canvas_waves_number\":\"3\",\"skinwave_wave_mode_canvas_waves_padding\":\"1\",\"skinwave_wave_mode_canvas_reflection_size\":\"0.25\",\"cue\":\"auto\",\"embedded\":\"off\",\"mobile_disable_fakeplayer\":\"on\",\"settings_php_handler\":\"wpdefault\"}' style=\" opacity: 0; \" data-streamtype=\"off\" id=\"ap26237713\" data-playerid=\"26237713\" data-computed-playerid=\"26237713\" data-sanitized_source=\"httpwwwlachapelledesflandresfrwpcontentuploads2024052007raveltroisbeauxoiseauxduparadismp3\" data-wrapper-image=\"\"  data-sample_time_total=\"181\" data-pcm='[0.796,0.749,0.476,0.778,0.676,0.776,0.808,0.549,0.735,0.902,0.356,0.539,0.03,0.893,0.673,0.966,0.808,0.599,0.256,0.073,0.568,0.035,0.714,0.476,0.634,0.713,0.717,0.349,0.609,0.611,0.294,0.299,0.109,0.126,0.693,0.582,0.65,0.518,0.194,0.926,0.543,0.355,0.814,0.603,0.61,0.386,0.362,0.445,0.816,0.617,0.494,0.205,0.096,0.232,0.853,0.083,0.63,0.769,0.592,0.082,0.504,0.306,0.943,0.441,0.332,0.969,0.194,0.596,0.435,0.735,0.833,0.8,0.179,0.461,0.939,0.197,0.911,0.079,0.659,0.052,0.555,0.212,0.985,0.267,0.393,0.99,0.475,0.072,0.383,0.643,0.427,0.465,0.789,0.364,0.319,0.02,0.45,0.593,0.239,0.119,0.423,0.678,0.983,0.183,0.358,0.115,0.139,0.326,0.422,0.45,0.788,0.824,0.413,0.302,0.477,0.015,0.902,0.224,0.42,0.744,0.359,0.07,0.802,0.154,0.165,0.209,0.862,0.271,0.544,0.338,0.181,0.872,0.257,0.827,0.909,0.79,0.817,0.928,0.182,0.612,0.117,0.199,0.982,0.422,0.776,0.921,0.664,0.208,0.366,0.811,0.482,0.749,0.967,0.353,0.881,0.647,0.564,0.077,0.929,0.533,0.061,0.863,0.117,0.136,0.797,0.059,0.099,0.911,0.551,0.839,0.774,0.431,0.475,0.442,0.293,0.073,0.572,0.981,0.307,0.866,0.598,0.59,0.066,0.15,0.452,0.613,0.515,0.52,0.406,0.226,0.359,0.399,0.605,0.013,0.273,0.372,0.498,0.236,0.106,0.108]' data-type=\"detect\" data-source=\"http:\/\/www.lachapelledesflandres.fr\/wp-content\/uploads\/2024\/05\/2007-ravel_trois_beaux_oiseaux_du_paradis.mp3\"><div hidden class=\"feed-dzsap feed-artist-name\">laurentbof318<\/div><div hidden class=\"feed-dzsap feed-song-name\">Ravel trois beaux iseaux du paradis<\/div><div class=\"meta-artist track-meta-for-dzsap\"><span class=\"the-artist first-line\"><span class=\"first-line-label\" >laurentbof318<\/span><\/span><span class=\"the-name the-songname second-line\" >Ravel trois beaux iseaux du paradis<\/span><\/div><div class=\"menu-description\"><span class=\"the-artist\">laurentbof318<\/span><span class=\"the-name\">Ravel trois beaux iseaux du paradis<\/span><\/div><\/div><\/div>\t\t\t\t<\/div>\n\t\t\t\t<\/div>\n\t\t\t\t<div class=\"elementor-element elementor-element-bdac03c elementor-widget-divider--view-line elementor-widget elementor-widget-divider\" data-id=\"bdac03c\" data-element_type=\"widget\" data-widget_type=\"divider.default\">\n\t\t\t\t\t\t\t<div class=\"elementor-divider\">\n\t\t\t<span class=\"elementor-divider-separator\">\n\t\t\t\t\t\t<\/span>\n\t\t<\/div>\n\t\t\t\t\t\t<\/div>\n\t\t\t\t\t<\/div>\n\t\t\t\t<\/div>\n\t\t<div class=\"elementor-element elementor-element-c7845ff e-flex e-con-boxed e-con e-child\" data-id=\"c7845ff\" data-element_type=\"container\">\n\t\t\t\t\t<div class=\"e-con-inner\">\n\t\t\t\t<div class=\"elementor-element elementor-element-535e6e2 elementor-widget elementor-widget-heading\" data-id=\"535e6e2\" data-element_type=\"widget\" data-widget_type=\"heading.default\">\n\t\t\t\t\t<h3 class=\"elementor-heading-title elementor-size-default\">2007<\/h3>\t\t\t\t<\/div>\n\t\t\t\t<div class=\"elementor-element elementor-element-57584f8 elementor-widget-divider--view-line elementor-widget elementor-widget-divider\" data-id=\"57584f8\" data-element_type=\"widget\" data-widget_type=\"divider.default\">\n\t\t\t\t\t\t\t<div class=\"elementor-divider\">\n\t\t\t<span class=\"elementor-divider-separator\">\n\t\t\t\t\t\t<\/span>\n\t\t<\/div>\n\t\t\t\t\t\t<\/div>\n\t\t\t\t<div class=\"elementor-element elementor-element-967c112 elementor-widget elementor-widget-text-editor\" data-id=\"967c112\" data-element_type=\"widget\" data-widget_type=\"text-editor.default\">\n\t\t\t\t\t\t\t\t\t<p><i><span style=\"font-weight: 400;\">Sub umbr<\/span><\/i><span style=\"font-weight: 400;\">a, une \u0153uvre de Maurice Bourbon, compos\u00e9e en juillet 2007, donn\u00e9e en concert par C\u0153li et Terra le 11 novembre de la m\u00eame ann\u00e9e \u00e0 l\u2019\u00e9glise Saint-Joseph \u00e0 Roubaix. Oratorio cosmique\u2026 ou gigantesque madrigal, pour ch\u0153ur, baryton-basse solo, contrebasse, accord\u00e9on et hautbois, r\u00e9citant, sur un texte de Victor Hugo.<\/span><\/p>\t\t\t\t\t\t\t\t<\/div>\n\t\t\t\t<div class=\"elementor-element elementor-element-0bc83f9 elementor-widget elementor-widget-zoomsounds_player\" data-id=\"0bc83f9\" data-element_type=\"widget\" data-widget_type=\"zoomsounds_player.default\">\n\t\t\t\t<div class=\"elementor-widget-container\">\n\t\t\t\t\t<div class=\"dzsap--elementor-widget\"><div class=\"audioplayer-tobe  playerid-29043689 ap_idx_98143_16 is-single-player apconfig-default zoomsounds-no-wrapper  skin-wave ap29043689 auto-init\"  data-options='{\"skinwave_comments_playerid\":\"0\",\"design_skin\":\"skin-wave\",\"playfrom\":\"\",\"skinwave_enablereflect\":\"on\",\"skinwave_wave_mode_canvas_waves_number\":\"3\",\"skinwave_wave_mode_canvas_waves_padding\":\"1\",\"skinwave_wave_mode_canvas_reflection_size\":\"0.25\",\"cue\":\"auto\",\"embedded\":\"off\",\"mobile_disable_fakeplayer\":\"on\",\"settings_php_handler\":\"wpdefault\"}' style=\" opacity: 0; \" data-streamtype=\"off\" id=\"ap29043689\" data-playerid=\"29043689\" data-computed-playerid=\"29043689\" data-sanitized_source=\"httpwwwlachapelledesflandresfrwpcontentuploads2024052007bourbonsubumbramp3\" data-wrapper-image=\"\"  data-sample_time_total=\"1273\" data-pcm='[0.298,0.448,0.05,0.397,0.572,0.596,0.005,0.804,0.937,0.408,0.891,0.7,0.858,0.205,0.695,0.056,0.963,0.549,0.046,0.413,0.275,0.141,0.096,0.624,0.125,0.254,0.665,0.805,0.297,0.467,0.972,0.113,0.914,0.435,0.331,0.411,0.03,0.528,0.082,0.068,0.509,0.088,0.324,0.569,0.78,0.53,0.982,0.802,0.429,0.857,0.618,0.128,0.471,0.525,0.63,0.182,0.855,0.475,0.53,0.465,0.276,0.447,0.593,0.457,0.904,0.623,0.191,0.42,0.557,0.235,0.76,0.1,0.772,0.492,0.536,0.154,0.494,0.03,0.145,0.158,0.879,0.348,0.66,0.745,0.378,0.041,0.169,0.72,0.745,0.562,0.166,0.924,0.877,0.59,0.377,0.808,0.209,0.344,0.314,0.331,0.312,0.032,0.365,0.69,0.003,0.572,0.199,0.709,0.313,0.153,0.322,0.616,0.13,0.742,0.02,0.327,0.275,0.779,0.976,0.817,0.771,0.241,0.139,0.012,0.128,0.219,0.047,0.747,0.408,0.25,0.401,0.805,0.318,0.244,0.6,0.227,0.995,0.456,0.96,0.104,0.757,0.028,0.769,0.335,0.429,0.477,0.35,0.014,0.623,0.151,0.827,0.424,0.093,0.991,0.158,0.078,0.087,0.764,0.204,0.321,0.481,0.153,0.336,0.488,0.654,0.685,0.283,0.578,0.026,0.322,0.652,0.772,0.543,0.679,0.271,0.485,0.449,0.06,0.16,0.73,0.736,0.808,0.598,0.166,0.426,0.577,0.382,0.842,0.734,0.979,0.632,0.106,0.435,0.814,0.394,0.193,0.786,0.494,0.501,0.897]' data-type=\"detect\" data-source=\"http:\/\/www.lachapelledesflandres.fr\/wp-content\/uploads\/2024\/05\/2007-bourbon_sub_umbra.mp3\"><div hidden class=\"feed-dzsap feed-artist-name\">laurentbof318<\/div><div hidden class=\"feed-dzsap feed-song-name\">Bourbon sub umbra<\/div><div class=\"meta-artist track-meta-for-dzsap\"><span class=\"the-artist first-line\"><span class=\"first-line-label\" >laurentbof318<\/span><\/span><span class=\"the-name the-songname second-line\" >Bourbon sub umbra<\/span><\/div><div class=\"menu-description\"><span class=\"the-artist\">laurentbof318<\/span><span class=\"the-name\">Bourbon sub umbra<\/span><\/div><\/div><\/div>\t\t\t\t<\/div>\n\t\t\t\t<\/div>\n\t\t\t\t<div class=\"elementor-element elementor-element-e01f0ef elementor-widget-divider--view-line elementor-widget elementor-widget-divider\" data-id=\"e01f0ef\" data-element_type=\"widget\" data-widget_type=\"divider.default\">\n\t\t\t\t\t\t\t<div class=\"elementor-divider\">\n\t\t\t<span class=\"elementor-divider-separator\">\n\t\t\t\t\t\t<\/span>\n\t\t<\/div>\n\t\t\t\t\t\t<\/div>\n\t\t\t\t\t<\/div>\n\t\t\t\t<\/div>\n\t\t<div class=\"elementor-element elementor-element-077bed2 e-flex e-con-boxed e-con e-child\" data-id=\"077bed2\" data-element_type=\"container\">\n\t\t\t\t\t<div class=\"e-con-inner\">\n\t\t\t\t<div class=\"elementor-element elementor-element-925b83a elementor-widget elementor-widget-heading\" data-id=\"925b83a\" data-element_type=\"widget\" data-widget_type=\"heading.default\">\n\t\t\t\t\t<h3 class=\"elementor-heading-title elementor-size-default\">2007<\/h3>\t\t\t\t<\/div>\n\t\t\t\t<div class=\"elementor-element elementor-element-76bdb26 elementor-widget-divider--view-line elementor-widget elementor-widget-divider\" data-id=\"76bdb26\" data-element_type=\"widget\" data-widget_type=\"divider.default\">\n\t\t\t\t\t\t\t<div class=\"elementor-divider\">\n\t\t\t<span class=\"elementor-divider-separator\">\n\t\t\t\t\t\t<\/span>\n\t\t<\/div>\n\t\t\t\t\t\t<\/div>\n\t\t\t\t<div class=\"elementor-element elementor-element-5c8af57 elementor-widget elementor-widget-text-editor\" data-id=\"5c8af57\" data-element_type=\"widget\" data-widget_type=\"text-editor.default\">\n\t\t\t\t\t\t\t\t\t<p><span style=\"font-weight: 400;\">Enregistrement de <\/span><i><span style=\"font-weight: 400;\">La Valse du bonheur<\/span><\/i><span style=\"font-weight: 400;\">, chant\u00e9e par C\u0153li et Terra lors du concert de ses 20 ans \u00e0 l\u2019\u00e9glise Saint Joseph de Roubaix, le 11 novembre 2007\u2026<\/span><\/p>\t\t\t\t\t\t\t\t<\/div>\n\t\t\t\t<div class=\"elementor-element elementor-element-d1e057f elementor-widget elementor-widget-zoomsounds_player\" data-id=\"d1e057f\" data-element_type=\"widget\" data-widget_type=\"zoomsounds_player.default\">\n\t\t\t\t<div class=\"elementor-widget-container\">\n\t\t\t\t\t<div class=\"dzsap--elementor-widget\"><div class=\"audioplayer-tobe  playerid-11015224 ap_idx_98143_17 is-single-player apconfig-default zoomsounds-no-wrapper  skin-wave ap11015224 auto-init\"  data-options='{\"skinwave_comments_playerid\":\"0\",\"design_skin\":\"skin-wave\",\"playfrom\":\"\",\"skinwave_enablereflect\":\"on\",\"skinwave_wave_mode_canvas_waves_number\":\"3\",\"skinwave_wave_mode_canvas_waves_padding\":\"1\",\"skinwave_wave_mode_canvas_reflection_size\":\"0.25\",\"cue\":\"auto\",\"embedded\":\"off\",\"mobile_disable_fakeplayer\":\"on\",\"settings_php_handler\":\"wpdefault\"}' style=\" opacity: 0; \" data-streamtype=\"off\" id=\"ap11015224\" data-playerid=\"11015224\" data-computed-playerid=\"11015224\" data-sanitized_source=\"httpwwwlachapelledesflandresfrwpcontentuploads2024052007roubaixlavalsedubonheurmp3\" data-wrapper-image=\"\"  data-sample_time_total=\"256\" data-pcm='[0.081,0.824,0.912,0.35,0.479,0.28,0.158,0.847,0.369,0.878,0.144,0.109,0.426,0.878,0.47,0.677,0.867,0.523,0.89,0.566,0.952,0.348,0.227,0.408,0.417,0.862,0.299,0.321,0.19,0.517,0.174,0.706,0.309,0.43,0.774,0.389,0.635,0.495,0.187,0.023,0.777,0.752,0.349,0.175,0.603,0.076,0.749,0.507,0.56,0.778,0.211,0.913,0.131,0.078,0.514,0.147,0.65,0.25,0.809,0.263,0.007,0.172,0.478,0.215,0.935,0.789,0.155,0.697,0.038,0.778,0.509,0.252,0.581,0.843,0.542,0.234,0.026,0.934,0.316,0.553,0.97,0.243,0.836,0.177,0.53,0.481,0.395,0.353,0.948,0.923,0.253,0.987,0.969,0.52,0.035,0.175,0.984,0.747,0.644,0.39,0.894,0.042,0.819,0.558,0.869,0.986,0.274,0.727,0.465,0.418,0.2,0.72,0.38,0.957,0.325,0.413,0.441,0.603,0.451,0.897,0.677,0.529,0.829,0.44,0.93,0.176,0.431,0.582,0.273,0.543,0.324,0.021,0.59,0.554,0.531,0.16,0.117,0.194,0.58,0.182,0.106,0.296,0.696,0.857,0.875,0.988,0.203,0.635,0.757,0.947,0.1,0.56,0.694,0.351,0.49,0.18,0.597,0.511,0.517,0.661,0.918,0.789,0.306,0.003,0.504,0.535,0.587,0.366,0.861,0.694,0.551,0.87,0.803,0.726,0.966,0.751,0.497,0.891,0.489,0.364,0.387,0.257,0.421,0.296,0.508,0.604,0.542,0.147,0.685,0.053,0.647,0.524,0.98,0.269,0.306,0.502,0.434,0.838,0.88,0.863]' data-type=\"detect\" data-source=\"http:\/\/www.lachapelledesflandres.fr\/wp-content\/uploads\/2024\/05\/2007-roubaix_la_valse_du_bonheur.mp3\"><div hidden class=\"feed-dzsap feed-artist-name\">laurentbof318<\/div><div hidden class=\"feed-dzsap feed-song-name\">La valse du bonheur<\/div><div class=\"meta-artist track-meta-for-dzsap\"><span class=\"the-artist first-line\"><span class=\"first-line-label\" >laurentbof318<\/span><\/span><span class=\"the-name the-songname second-line\" >La valse du bonheur<\/span><\/div><div class=\"menu-description\"><span class=\"the-artist\">laurentbof318<\/span><span class=\"the-name\">La valse du bonheur<\/span><\/div><\/div><\/div>\t\t\t\t<\/div>\n\t\t\t\t<\/div>\n\t\t\t\t<div class=\"elementor-element elementor-element-a26e1c5 elementor-widget-divider--view-line elementor-widget elementor-widget-divider\" data-id=\"a26e1c5\" data-element_type=\"widget\" data-widget_type=\"divider.default\">\n\t\t\t\t\t\t\t<div class=\"elementor-divider\">\n\t\t\t<span class=\"elementor-divider-separator\">\n\t\t\t\t\t\t<\/span>\n\t\t<\/div>\n\t\t\t\t\t\t<\/div>\n\t\t\t\t\t<\/div>\n\t\t\t\t<\/div>\n\t\t<div class=\"elementor-element elementor-element-d52b6ff e-flex e-con-boxed e-con e-child\" data-id=\"d52b6ff\" data-element_type=\"container\">\n\t\t\t\t\t<div class=\"e-con-inner\">\n\t\t\t\t<div class=\"elementor-element elementor-element-95d2a79 elementor-widget elementor-widget-heading\" data-id=\"95d2a79\" data-element_type=\"widget\" data-widget_type=\"heading.default\">\n\t\t\t\t\t<h3 class=\"elementor-heading-title elementor-size-default\">2007<\/h3>\t\t\t\t<\/div>\n\t\t\t\t<div class=\"elementor-element elementor-element-c7e5710 elementor-widget-divider--view-line elementor-widget elementor-widget-divider\" data-id=\"c7e5710\" data-element_type=\"widget\" data-widget_type=\"divider.default\">\n\t\t\t\t\t\t\t<div class=\"elementor-divider\">\n\t\t\t<span class=\"elementor-divider-separator\">\n\t\t\t\t\t\t<\/span>\n\t\t<\/div>\n\t\t\t\t\t\t<\/div>\n\t\t\t\t<div class=\"elementor-element elementor-element-219a1ee elementor-widget elementor-widget-text-editor\" data-id=\"219a1ee\" data-element_type=\"widget\" data-widget_type=\"text-editor.default\">\n\t\t\t\t\t\t\t\t\t<p><i><span style=\"font-weight: 400;\">Improvisation collective<\/span><\/i><span style=\"font-weight: 400;\">, concert des 20 ans de Co\u0153li et Terra \u00e0 Roubaix (\u00e9glise Saint-Joseph), le 11 novembre 2007.<\/span><\/p>\t\t\t\t\t\t\t\t<\/div>\n\t\t\t\t<div class=\"elementor-element elementor-element-846450c elementor-widget elementor-widget-zoomsounds_player\" data-id=\"846450c\" data-element_type=\"widget\" data-widget_type=\"zoomsounds_player.default\">\n\t\t\t\t<div class=\"elementor-widget-container\">\n\t\t\t\t\t<div class=\"dzsap--elementor-widget\"><div class=\"audioplayer-tobe  playerid-32900529 ap_idx_98143_18 is-single-player apconfig-default zoomsounds-no-wrapper  skin-wave ap32900529 auto-init\"  data-options='{\"skinwave_comments_playerid\":\"0\",\"design_skin\":\"skin-wave\",\"playfrom\":\"\",\"skinwave_enablereflect\":\"on\",\"skinwave_wave_mode_canvas_waves_number\":\"3\",\"skinwave_wave_mode_canvas_waves_padding\":\"1\",\"skinwave_wave_mode_canvas_reflection_size\":\"0.25\",\"cue\":\"auto\",\"embedded\":\"off\",\"mobile_disable_fakeplayer\":\"on\",\"settings_php_handler\":\"wpdefault\"}' style=\" opacity: 0; \" data-streamtype=\"off\" id=\"ap32900529\" data-playerid=\"32900529\" data-computed-playerid=\"32900529\" data-sanitized_source=\"httpwwwlachapelledesflandresfrwpcontentuploads2024052007improcollectivemp3\" data-wrapper-image=\"\"  data-sample_time_total=\"542\" data-pcm='[0.709,0.755,0.069,0.894,0.782,0.952,0.124,0.366,0.21,0.089,0.926,0.342,0.803,0.875,0.733,0.921,0.543,0.245,0.033,0.005,0.004,0.246,0.99,0.444,0.458,0.342,0.362,0.938,0.291,0.733,0.671,0.174,0.457,0.066,0.576,0.521,0.53,0.793,0.029,0.831,0.791,0.363,0.252,0.758,0.747,0.786,0.985,0.169,0.415,0.419,0.381,0.268,0.942,0.18,0.901,0.702,0.798,0.703,0.53,0.385,0.412,0.512,0.706,0.689,0.872,0.215,0.021,0.734,0.291,0.88,0.019,0.017,0.896,0.981,0.817,0.953,0.361,0.997,0.079,0.079,0.337,0.177,0.021,0.394,0.031,0.012,0.591,0.325,0.32,0.486,0.357,0.044,0.635,0.318,0.753,0.289,0.126,0.723,0.83,0.972,0.879,0.066,0.288,0.84,0.15,0.05,0.842,0.804,0.746,0.815,0.444,0.741,0.551,0.565,0.474,0.41,0.603,0.285,0.126,0.385,0.937,0.74,0.847,0.651,0.241,0.72,0.913,0.398,0.723,0.128,0.517,0.924,0.982,0.643,0.526,0.025,0.968,0.69,0.995,0.275,0.138,0.644,0.235,0.165,0.002,0.43,0.298,0.449,0.071,0.34,0.946,0.249,0.977,0.568,0.377,0.78,0.437,0.571,0.179,0.682,0.943,0.903,0.729,0.485,0.108,0.637,0.842,0.837,0.686,0.654,0.139,0.633,0.866,0.35,0.609,0.318,0.016,0.483,0.066,0.099,0.177,0.603,0.7,0.558,0.071,0.719,0.767,0.484,0.18,0.406,0.39,0.575,0.479,0.637,0.265,0.345,0.415,0.617,0.079,0.817]' data-type=\"detect\" data-source=\"http:\/\/www.lachapelledesflandres.fr\/wp-content\/uploads\/2024\/05\/2007-impro_collective.mp3\"><div hidden class=\"feed-dzsap feed-artist-name\">laurentbof318<\/div><div hidden class=\"feed-dzsap feed-song-name\">Impro collective<\/div><div class=\"meta-artist track-meta-for-dzsap\"><span class=\"the-artist first-line\"><span class=\"first-line-label\" >laurentbof318<\/span><\/span><span class=\"the-name the-songname second-line\" >Impro collective<\/span><\/div><div class=\"menu-description\"><span class=\"the-artist\">laurentbof318<\/span><span class=\"the-name\">Impro collective<\/span><\/div><\/div><\/div>\t\t\t\t<\/div>\n\t\t\t\t<\/div>\n\t\t\t\t<div class=\"elementor-element elementor-element-db1084f elementor-widget-divider--view-line elementor-widget elementor-widget-divider\" data-id=\"db1084f\" data-element_type=\"widget\" data-widget_type=\"divider.default\">\n\t\t\t\t\t\t\t<div class=\"elementor-divider\">\n\t\t\t<span class=\"elementor-divider-separator\">\n\t\t\t\t\t\t<\/span>\n\t\t<\/div>\n\t\t\t\t\t\t<\/div>\n\t\t\t\t\t<\/div>\n\t\t\t\t<\/div>\n\t\t<div class=\"elementor-element elementor-element-447f7b7 e-flex e-con-boxed e-con e-child\" data-id=\"447f7b7\" data-element_type=\"container\">\n\t\t\t\t\t<div class=\"e-con-inner\">\n\t\t\t\t<div class=\"elementor-element elementor-element-6ebae14 elementor-widget elementor-widget-heading\" data-id=\"6ebae14\" data-element_type=\"widget\" data-widget_type=\"heading.default\">\n\t\t\t\t\t<h3 class=\"elementor-heading-title elementor-size-default\">2008<\/h3>\t\t\t\t<\/div>\n\t\t\t\t<div class=\"elementor-element elementor-element-28f0fa0 elementor-widget-divider--view-line elementor-widget elementor-widget-divider\" data-id=\"28f0fa0\" data-element_type=\"widget\" data-widget_type=\"divider.default\">\n\t\t\t\t\t\t\t<div class=\"elementor-divider\">\n\t\t\t<span class=\"elementor-divider-separator\">\n\t\t\t\t\t\t<\/span>\n\t\t<\/div>\n\t\t\t\t\t\t<\/div>\n\t\t\t\t<div class=\"elementor-element elementor-element-f1bbd36 elementor-widget elementor-widget-text-editor\" data-id=\"f1bbd36\" data-element_type=\"widget\" data-widget_type=\"text-editor.default\">\n\t\t\t\t\t\t\t\t\t<p><span style=\"font-weight: 400;\">Enregistrement d\u2019un extrait des <\/span><i><span style=\"font-weight: 400;\">V\u00eapres<\/span><\/i><span style=\"font-weight: 400;\"> de Rachmaninov, chant\u00e9 par C\u0153li et Terra lors du concert du 14 d\u00e9cembre 2008 \u00e0 l\u2019\u00e9glise Sainte Bernadette de Roubaix : 7<\/span><span style=\"font-weight: 400;\">e<\/span><span style=\"font-weight: 400;\"> mouvement des V\u00eapres, \u00ab \u0428\u0435\u0441\u0442\u043e\u043f\u0441\u0430\u043b\u043c\u0438\u0435 \u00bb [Shestops\u00e1lm\u0303iye] ou \u00ab Les Six Psaumes \u00bb, ou encore \u00ab Hexapsaume \u00bb (Petite doxologie).<\/span><\/p>\t\t\t\t\t\t\t\t<\/div>\n\t\t\t\t<div class=\"elementor-element elementor-element-7b9d1d4 elementor-widget elementor-widget-zoomsounds_player\" data-id=\"7b9d1d4\" data-element_type=\"widget\" data-widget_type=\"zoomsounds_player.default\">\n\t\t\t\t<div class=\"elementor-widget-container\">\n\t\t\t\t\t<div class=\"dzsap--elementor-widget\"><div class=\"audioplayer-tobe  playerid-29147972 ap_idx_98143_19 is-single-player apconfig-default zoomsounds-no-wrapper  skin-wave ap29147972 auto-init\"  data-options='{\"skinwave_comments_playerid\":\"0\",\"design_skin\":\"skin-wave\",\"playfrom\":\"\",\"skinwave_enablereflect\":\"on\",\"skinwave_wave_mode_canvas_waves_number\":\"3\",\"skinwave_wave_mode_canvas_waves_padding\":\"1\",\"skinwave_wave_mode_canvas_reflection_size\":\"0.25\",\"cue\":\"auto\",\"embedded\":\"off\",\"mobile_disable_fakeplayer\":\"on\",\"settings_php_handler\":\"wpdefault\"}' style=\" opacity: 0; \" data-streamtype=\"off\" id=\"ap29147972\" data-playerid=\"29147972\" data-computed-playerid=\"29147972\" data-sanitized_source=\"httpwwwlachapelledesflandresfrwpcontentuploads2024052008rachmaninovvepres5mp3\" data-wrapper-image=\"\"  data-sample_time_total=\"211\" data-pcm='[0.723,0.93,0.266,0.78,0.007,0.191,0.774,0.206,0.752,0.018,0.71,0.949,0.789,0.285,0.049,0.192,0.337,0.13,0.452,0.938,0.92,0.449,0.887,0.797,0.748,0.925,0.65,0.344,0.816,0.181,0.057,0.795,0.642,0.723,0.142,0.087,0.011,0.424,0.447,0.638,0.761,0.939,0.406,0.162,0.539,0.933,0.277,0.568,0.763,0.456,0.114,0.34,0.042,0.844,0.978,0.865,0.581,0.017,0.273,0.888,0.737,0.967,0.592,0.245,0.763,0.322,0.597,0.691,0.055,0.754,0.478,0.391,0.685,0.525,0.475,0.556,0.282,0.6,0.459,0.196,0.484,0.43,0.758,0.684,0.081,0.863,0.474,0.591,0.605,0.573,0.132,0.041,0.948,0.497,0.441,0.505,0.805,0.389,0.929,0.423,0.02,0.396,0.861,0.079,0.558,0.236,0.916,0.951,0.351,0.855,0.959,0.047,0.021,0.135,0.722,0.078,0.255,0.645,0.564,0.015,0.14,0.928,0.742,0.466,0.844,0.087,0.398,0.545,0.651,0.124,0.42,0.953,0.415,0.509,0.108,0.308,0.033,0.123,0.442,0.585,0.91,0.441,0.625,0.011,0.595,0.641,0.655,0.183,0.057,0.757,0.015,0.021,0.657,0.146,0.854,0.727,0.188,0.649,0.18,0.924,0.115,0.175,0.797,0.786,0.504,0.339,0.129,0.157,0.149,0.134,0.956,0.369,0.203,0.02,0.56,0.938,0.792,0.457,0.932,0.443,0.795,0.731,0.696,0.285,0.606,0.027,0.475,0.243,0.564,0.893,0.8,0.282,0.717,0.723,0.08,0.41,0.854,0.674,0.654,0.798]' data-type=\"detect\" data-source=\"http:\/\/www.lachapelledesflandres.fr\/wp-content\/uploads\/2024\/05\/2008-rachmaninov_vepres_5.mp3\"><div hidden class=\"feed-dzsap feed-artist-name\">laurentbof318<\/div><div hidden class=\"feed-dzsap feed-song-name\">Rachmaninov Vepres 5<\/div><div class=\"meta-artist track-meta-for-dzsap\"><span class=\"the-artist first-line\"><span class=\"first-line-label\" >laurentbof318<\/span><\/span><span class=\"the-name the-songname second-line\" >Rachmaninov Vepres 5<\/span><\/div><div class=\"menu-description\"><span class=\"the-artist\">laurentbof318<\/span><span class=\"the-name\">Rachmaninov Vepres 5<\/span><\/div><\/div><\/div>\t\t\t\t<\/div>\n\t\t\t\t<\/div>\n\t\t\t\t<div class=\"elementor-element elementor-element-ecbe12c elementor-widget-divider--view-line elementor-widget elementor-widget-divider\" data-id=\"ecbe12c\" data-element_type=\"widget\" data-widget_type=\"divider.default\">\n\t\t\t\t\t\t\t<div class=\"elementor-divider\">\n\t\t\t<span class=\"elementor-divider-separator\">\n\t\t\t\t\t\t<\/span>\n\t\t<\/div>\n\t\t\t\t\t\t<\/div>\n\t\t\t\t\t<\/div>\n\t\t\t\t<\/div>\n\t\t<div class=\"elementor-element elementor-element-4c231fc e-flex e-con-boxed e-con e-child\" data-id=\"4c231fc\" data-element_type=\"container\">\n\t\t\t\t\t<div class=\"e-con-inner\">\n\t\t\t\t<div class=\"elementor-element elementor-element-c99a7d8 elementor-widget elementor-widget-heading\" data-id=\"c99a7d8\" data-element_type=\"widget\" data-widget_type=\"heading.default\">\n\t\t\t\t\t<h3 class=\"elementor-heading-title elementor-size-default\">2008<\/h3>\t\t\t\t<\/div>\n\t\t\t\t<div class=\"elementor-element elementor-element-1b15f93 elementor-widget-divider--view-line elementor-widget elementor-widget-divider\" data-id=\"1b15f93\" data-element_type=\"widget\" data-widget_type=\"divider.default\">\n\t\t\t\t\t\t\t<div class=\"elementor-divider\">\n\t\t\t<span class=\"elementor-divider-separator\">\n\t\t\t\t\t\t<\/span>\n\t\t<\/div>\n\t\t\t\t\t\t<\/div>\n\t\t\t\t<div class=\"elementor-element elementor-element-667fdd6 elementor-widget elementor-widget-text-editor\" data-id=\"667fdd6\" data-element_type=\"widget\" data-widget_type=\"text-editor.default\">\n\t\t\t\t\t\t\t\t\t<p><span style=\"font-weight: 400;\">Enregistrement d\u2019un nouvel extrait des <\/span><i><span style=\"font-weight: 400;\">V\u00eapres<\/span><\/i><span style=\"font-weight: 400;\"> de Rachmaninov, toujours issu du concert donn\u00e9 par C\u0153li et Terra le 14 d\u00e9cembre 2008 \u00e0 l\u2019\u00e9glise Sainte-Bernadette de Roubaix : 5<\/span><span style=\"font-weight: 400;\">e<\/span><span style=\"font-weight: 400;\"> mouvement des V\u00eapres, \u00ab \u041d\u044b\u043d\u0435 \u043e\u0442\u043f\u0443\u0449\u0430\u0435\u0448\u0438 \u00bb (\u043a\u0438\u0435\u0432\u0441\u043a\u043e\u0433\u043e \u0440\u043e\u0441\u043f\u0435\u0432\u0430), \u00ab Maintenant tu laisses aller en paix \u00bb (mode ki\u00e9vien).<\/span><\/p>\t\t\t\t\t\t\t\t<\/div>\n\t\t\t\t<div class=\"elementor-element elementor-element-5765765 elementor-widget elementor-widget-zoomsounds_player\" data-id=\"5765765\" data-element_type=\"widget\" data-widget_type=\"zoomsounds_player.default\">\n\t\t\t\t<div class=\"elementor-widget-container\">\n\t\t\t\t\t<div class=\"dzsap--elementor-widget\"><div class=\"audioplayer-tobe  playerid-36152335 ap_idx_98143_20 is-single-player apconfig-default zoomsounds-no-wrapper  skin-wave ap36152335 auto-init\"  data-options='{\"skinwave_comments_playerid\":\"0\",\"design_skin\":\"skin-wave\",\"playfrom\":\"\",\"skinwave_enablereflect\":\"on\",\"skinwave_wave_mode_canvas_waves_number\":\"3\",\"skinwave_wave_mode_canvas_waves_padding\":\"1\",\"skinwave_wave_mode_canvas_reflection_size\":\"0.25\",\"cue\":\"auto\",\"embedded\":\"off\",\"mobile_disable_fakeplayer\":\"on\",\"settings_php_handler\":\"wpdefault\"}' style=\" opacity: 0; \" data-streamtype=\"off\" id=\"ap36152335\" data-playerid=\"36152335\" data-computed-playerid=\"36152335\" data-sanitized_source=\"httpwwwlachapelledesflandresfrwpcontentuploads2024052008rachmaninovvepres7mp3\" data-wrapper-image=\"\"  data-sample_time_total=\"133\" data-pcm='[0.09,0.111,0.001,0.751,0.67,0.776,0.158,0.333,0.573,0.711,0.63,0.903,0.201,0.708,0.579,0.627,0.777,0.857,0.454,0.693,0.793,0.138,0.559,0.867,0.905,0.306,0.026,0.098,0.47,0.595,0.779,0.139,0.887,0.771,0.419,0.771,0.361,0.864,0.452,0.065,0.951,0.785,0.049,0.639,0.474,0.072,0.643,0.898,0.385,0.225,0.78,0.575,0.445,0.414,0.838,0.759,0.736,0.166,0.718,0.967,0.385,0.886,0.932,0.872,0.731,0.91,0.351,0.73,0.639,0.128,0.045,0.526,0.326,0.249,0.43,0.877,0.013,0.499,0.904,0.681,0.641,0.878,0.666,0.162,0.527,0.554,0.346,0.606,0.843,0.765,0.299,0.889,0.509,0.32,0.328,0.101,0.946,0.014,0.863,0.928,0.639,0.51,0.137,0.913,0.289,0.706,0.508,0.7,0.273,0.023,0.606,0.677,0.529,0.847,0.8,0.536,0.784,0.503,0.598,0.362,0.696,0.186,0.374,0.309,0.886,0.585,0.492,0.475,0.362,0.575,0.93,0.901,0.262,0.758,0.886,0.461,0.204,0.055,0.637,0.128,0.2,0.983,0.405,0.466,0.626,0.34,0.155,0.544,0.155,0.269,0.937,0.107,0.179,0.71,0.07,0.93,0.432,0.174,0.911,0.879,0.91,0.35,0.115,0.895,0.273,0.553,0.426,0.33,0.626,0.024,0.793,0.524,0.24,0.908,0.677,0.406,0.065,0.479,0.456,0.378,0.121,0.819,0.923,0.631,0.848,0.767,0.066,0.212,0.262,0.057,0.871,0.137,0.214,0.186,0.845,0.893,0.998,0.338,0.892,0.619]' data-type=\"detect\" data-source=\"http:\/\/www.lachapelledesflandres.fr\/wp-content\/uploads\/2024\/05\/2008-rachmaninov_vepres_7.mp3\"><div hidden class=\"feed-dzsap feed-artist-name\">laurentbof318<\/div><div hidden class=\"feed-dzsap feed-song-name\">Rachmaninov Vepres 7<\/div><div class=\"meta-artist track-meta-for-dzsap\"><span class=\"the-artist first-line\"><span class=\"first-line-label\" >laurentbof318<\/span><\/span><span class=\"the-name the-songname second-line\" >Rachmaninov Vepres 7<\/span><\/div><div class=\"menu-description\"><span class=\"the-artist\">laurentbof318<\/span><span class=\"the-name\">Rachmaninov Vepres 7<\/span><\/div><\/div><\/div>\t\t\t\t<\/div>\n\t\t\t\t<\/div>\n\t\t\t\t<div class=\"elementor-element elementor-element-3624280 elementor-widget-divider--view-line elementor-widget elementor-widget-divider\" data-id=\"3624280\" data-element_type=\"widget\" data-widget_type=\"divider.default\">\n\t\t\t\t\t\t\t<div class=\"elementor-divider\">\n\t\t\t<span class=\"elementor-divider-separator\">\n\t\t\t\t\t\t<\/span>\n\t\t<\/div>\n\t\t\t\t\t\t<\/div>\n\t\t\t\t\t<\/div>\n\t\t\t\t<\/div>\n\t\t<div class=\"elementor-element elementor-element-746f422 e-flex e-con-boxed e-con e-child\" data-id=\"746f422\" data-element_type=\"container\">\n\t\t\t\t\t<div class=\"e-con-inner\">\n\t\t\t\t<div class=\"elementor-element elementor-element-c5bf02a elementor-widget elementor-widget-heading\" data-id=\"c5bf02a\" data-element_type=\"widget\" data-widget_type=\"heading.default\">\n\t\t\t\t\t<h3 class=\"elementor-heading-title elementor-size-default\">2009<\/h3>\t\t\t\t<\/div>\n\t\t\t\t<div class=\"elementor-element elementor-element-99ed845 elementor-widget-divider--view-line elementor-widget elementor-widget-divider\" data-id=\"99ed845\" data-element_type=\"widget\" data-widget_type=\"divider.default\">\n\t\t\t\t\t\t\t<div class=\"elementor-divider\">\n\t\t\t<span class=\"elementor-divider-separator\">\n\t\t\t\t\t\t<\/span>\n\t\t<\/div>\n\t\t\t\t\t\t<\/div>\n\t\t\t\t<div class=\"elementor-element elementor-element-0bdaa6a elementor-widget elementor-widget-text-editor\" data-id=\"0bdaa6a\" data-element_type=\"widget\" data-widget_type=\"text-editor.default\">\n\t\t\t\t\t\t\t\t\t<p><span style=\"font-weight: 400;\">Enregistrement de la <\/span><i><span style=\"font-weight: 400;\">Messe Petits Z\u2019Oiseaux<\/span><\/i><span style=\"font-weight: 400;\"> compos\u00e9e par Maurice Bourbon \u00e0 l\u2019\u00e9t\u00e9 2006, cr\u00e9\u00e9e fin mars 2009 par les ensembles M\u00e9tamorphoses et Biscantor !, enregistr\u00e9e deux mois plus tard \u00e0 Bailleul (59). <\/span><\/p>\t\t\t\t\t\t\t\t<\/div>\n\t\t\t\t<div class=\"elementor-element elementor-element-e3c4d4e elementor-widget elementor-widget-zoomsounds_player\" data-id=\"e3c4d4e\" data-element_type=\"widget\" data-widget_type=\"zoomsounds_player.default\">\n\t\t\t\t<div class=\"elementor-widget-container\">\n\t\t\t\t\t<div class=\"dzsap--elementor-widget\"><div class=\"audioplayer-tobe  playerid-18116093 ap_idx_98143_21 is-single-player apconfig-default zoomsounds-no-wrapper  skin-wave ap18116093 auto-init\"  data-options='{\"skinwave_comments_playerid\":\"0\",\"design_skin\":\"skin-wave\",\"playfrom\":\"\",\"skinwave_enablereflect\":\"on\",\"skinwave_wave_mode_canvas_waves_number\":\"3\",\"skinwave_wave_mode_canvas_waves_padding\":\"1\",\"skinwave_wave_mode_canvas_reflection_size\":\"0.25\",\"cue\":\"auto\",\"embedded\":\"off\",\"mobile_disable_fakeplayer\":\"on\",\"settings_php_handler\":\"wpdefault\"}' style=\" opacity: 0; \" data-streamtype=\"off\" id=\"ap18116093\" data-playerid=\"18116093\" data-computed-playerid=\"18116093\" data-sanitized_source=\"httpwwwlachapelledesflandresfrwpcontentuploads2024052009sanctusmesseptitszomp3\" data-wrapper-image=\"\"  data-sample_time_total=\"315\" data-pcm='[0.205,0.669,0.189,0.538,0.335,0.218,0.953,0.711,0.633,0.396,0.503,0.982,0.289,0.632,0.144,0.491,0.566,0.031,0.612,0.78,0.042,0.842,0.693,0.871,0.078,0.893,0.179,0.779,0.746,0.819,0.015,0.826,0.835,0.749,0.71,0.429,0.366,0.532,0.885,0.405,0.273,0.064,0.504,0.206,0.66,0.416,0.868,0.629,0.309,0.423,0.55,0.823,0.665,0.502,0.436,0.266,0.707,0.495,0.54,0.608,0.072,0.244,0.435,0.087,0.169,0.408,0.882,0.376,0.518,0.998,0.558,0.25,0.185,0.184,0.315,0.193,0.718,0.739,0.767,0.289,0.87,0.076,0.578,0.737,0.17,0.659,0.964,0.099,0.733,0.937,0.535,0.229,0.75,0.802,0.201,0.441,0.117,0.352,0.171,0.876,0.64,0.017,0.282,0.588,0.732,0.746,0.002,0.642,0.846,0.99,0.505,0.393,0.304,0.692,0.039,0.293,0.493,0.84,0.436,0.317,0.39,0.31,0.479,0.647,0.49,0.755,0.241,0.815,0.336,0.162,0.008,0.124,0.514,0.783,0.117,0.448,0.341,0.111,0.464,0.587,0.928,0.671,0.722,0.122,0.742,0.624,0.712,0.958,0.357,0.334,0.744,0.521,0.183,0.253,0.792,0.26,0.283,0.422,0.957,0.634,0.86,0.035,0.368,0.264,0.973,0.626,0.676,0.604,0.54,0.684,0.143,0.69,0.921,0.096,0.978,0.895,0.373,0.454,0.477,0.41,0.181,0.303,0.616,0.482,0.334,0.579,0.788,0.263,0.912,0.77,0.187,0.829,0.4,0.591,0.215,0.661,0.734,0.75,0.099,0.166]' data-type=\"detect\" data-source=\"http:\/\/www.lachapelledesflandres.fr\/wp-content\/uploads\/2024\/05\/2009-sanctus_messe_ptitszo.mp3\"><div hidden class=\"feed-dzsap feed-artist-name\">laurentbof318<\/div><div hidden class=\"feed-dzsap feed-song-name\">Sanctus messe ptitszo<\/div><div class=\"meta-artist track-meta-for-dzsap\"><span class=\"the-artist first-line\"><span class=\"first-line-label\" >laurentbof318<\/span><\/span><span class=\"the-name the-songname second-line\" >Sanctus messe ptitszo<\/span><\/div><div class=\"menu-description\"><span class=\"the-artist\">laurentbof318<\/span><span class=\"the-name\">Sanctus messe ptitszo<\/span><\/div><\/div><\/div>\t\t\t\t<\/div>\n\t\t\t\t<\/div>\n\t\t\t\t<div class=\"elementor-element elementor-element-573fb37 elementor-widget-divider--view-line elementor-widget elementor-widget-divider\" data-id=\"573fb37\" data-element_type=\"widget\" data-widget_type=\"divider.default\">\n\t\t\t\t\t\t\t<div class=\"elementor-divider\">\n\t\t\t<span class=\"elementor-divider-separator\">\n\t\t\t\t\t\t<\/span>\n\t\t<\/div>\n\t\t\t\t\t\t<\/div>\n\t\t\t\t\t<\/div>\n\t\t\t\t<\/div>\n\t\t<div class=\"elementor-element elementor-element-68f5b1f e-flex e-con-boxed e-con e-child\" data-id=\"68f5b1f\" data-element_type=\"container\">\n\t\t\t\t\t<div class=\"e-con-inner\">\n\t\t\t\t<div class=\"elementor-element elementor-element-a3ea661 elementor-widget elementor-widget-heading\" data-id=\"a3ea661\" data-element_type=\"widget\" data-widget_type=\"heading.default\">\n\t\t\t\t\t<h3 class=\"elementor-heading-title elementor-size-default\">2009<\/h3>\t\t\t\t<\/div>\n\t\t\t\t<div class=\"elementor-element elementor-element-089ba78 elementor-widget-divider--view-line elementor-widget elementor-widget-divider\" data-id=\"089ba78\" data-element_type=\"widget\" data-widget_type=\"divider.default\">\n\t\t\t\t\t\t\t<div class=\"elementor-divider\">\n\t\t\t<span class=\"elementor-divider-separator\">\n\t\t\t\t\t\t<\/span>\n\t\t<\/div>\n\t\t\t\t\t\t<\/div>\n\t\t\t\t<div class=\"elementor-element elementor-element-e91f008 elementor-widget elementor-widget-text-editor\" data-id=\"e91f008\" data-element_type=\"widget\" data-widget_type=\"text-editor.default\">\n\t\t\t\t\t\t\t\t\t<p><span style=\"font-weight: 400;\">\u00ab Dieu, qu\u2019il la fait bon regarder \u00bb,\u00a0 troisi\u00e8me rondeau du recueil po\u00e9tique les <\/span><i><span style=\"font-weight: 400;\">Trois Chansons<\/span><\/i><span style=\"font-weight: 400;\"> de Charles d\u2019Orl\u00e9ans de Debuss<\/span><\/p>\t\t\t\t\t\t\t\t<\/div>\n\t\t\t\t<div class=\"elementor-element elementor-element-df50487 elementor-widget elementor-widget-zoomsounds_player\" data-id=\"df50487\" data-element_type=\"widget\" data-widget_type=\"zoomsounds_player.default\">\n\t\t\t\t<div class=\"elementor-widget-container\">\n\t\t\t\t\t<div class=\"dzsap--elementor-widget\"><div class=\"audioplayer-tobe  playerid-38308291 ap_idx_98143_22 is-single-player apconfig-default zoomsounds-no-wrapper  skin-wave ap38308291 auto-init\"  data-options='{\"skinwave_comments_playerid\":\"0\",\"design_skin\":\"skin-wave\",\"playfrom\":\"\",\"skinwave_enablereflect\":\"on\",\"skinwave_wave_mode_canvas_waves_number\":\"3\",\"skinwave_wave_mode_canvas_waves_padding\":\"1\",\"skinwave_wave_mode_canvas_reflection_size\":\"0.25\",\"cue\":\"auto\",\"embedded\":\"off\",\"mobile_disable_fakeplayer\":\"on\",\"settings_php_handler\":\"wpdefault\"}' style=\" opacity: 0; \" data-streamtype=\"off\" id=\"ap38308291\" data-playerid=\"38308291\" data-computed-playerid=\"38308291\" data-sanitized_source=\"httpwwwlachapelledesflandresfrwpcontentuploads2024052009debussydieuquillafaitbonregardermp3\" data-wrapper-image=\"\"  data-sample_time_total=\"159\" data-pcm='[0.206,0.795,0.039,0.653,0.214,0.051,0.968,0.94,0.964,0.962,0.741,0.24,0.929,0.13,0.965,0.382,0.978,0.934,0.364,0.058,0.158,0.578,0.171,0.13,0.493,0.235,0.756,0.623,0.269,0.386,0.507,0.894,0.461,0.572,0.506,0.292,0.36,0.576,0.659,0.77,0.75,0.396,0.946,0.622,0.195,0.525,0.218,0.581,0.866,0.55,0.397,0.161,0.946,0.771,0.649,0.59,0.005,0.783,0.776,0.681,0.527,0.478,0.757,0.89,0.268,0.707,0.016,0.083,0.383,0.982,0.89,0.631,0.66,0.805,0.439,0.981,0.338,0.68,0.326,0.368,0.456,0.616,0.329,0.748,0.113,0.794,0.05,0.618,0.368,0.569,0.059,0.667,0.663,0.82,0.767,0.229,0.574,0.186,0.383,0.492,0.259,0.456,0.578,0.216,0.274,0.04,0.084,0.908,0.751,0.912,0.852,0.818,0.477,0.571,0.134,0.321,0.251,0.81,0.267,0.039,0.464,0.716,0.239,0.507,0.821,0.015,0.343,0.448,0.998,0.294,0.726,0.149,0.109,0.251,0.535,0.355,0.553,0.92,0.22,0.825,0.676,0.168,0.896,0.151,0.071,0.286,0.844,0.915,0.581,0.445,0.151,0.968,0.902,0.632,0.497,0.291,0.462,0.623,0.351,0.363,0.504,0.874,0.631,0.001,0.205,0.26,0.699,0.662,0.456,0.362,0.636,0.782,0.424,0.295,0.49,0.733,0.84,0.373,0.396,0.349,0.277,0.409,0.386,0.484,0.421,0.654,0.493,0.331,0.864,0.738,0.129,0.765,0.539,0.067,0.727,0.634,0.821,0.596,0.925,0.484]' data-type=\"detect\" data-source=\"http:\/\/www.lachapelledesflandres.fr\/wp-content\/uploads\/2024\/05\/2009-debussy_dieu_qu_il_la_fait_bon_regarder.mp3\"><div hidden class=\"feed-dzsap feed-artist-name\">laurentbof318<\/div><div hidden class=\"feed-dzsap feed-song-name\">Debussy Dieu qu'il a fait bon regarder<\/div><div class=\"meta-artist track-meta-for-dzsap\"><span class=\"the-artist first-line\"><span class=\"first-line-label\" >laurentbof318<\/span><\/span><span class=\"the-name the-songname second-line\" >Debussy Dieu qu'il a fait bon regarder<\/span><\/div><div class=\"menu-description\"><span class=\"the-artist\">laurentbof318<\/span><span class=\"the-name\">Debussy Dieu qu'il a fait bon regarder<\/span><\/div><\/div><\/div>\t\t\t\t<\/div>\n\t\t\t\t<\/div>\n\t\t\t\t<div class=\"elementor-element elementor-element-f7852b8 elementor-widget-divider--view-line elementor-widget elementor-widget-divider\" data-id=\"f7852b8\" data-element_type=\"widget\" data-widget_type=\"divider.default\">\n\t\t\t\t\t\t\t<div class=\"elementor-divider\">\n\t\t\t<span class=\"elementor-divider-separator\">\n\t\t\t\t\t\t<\/span>\n\t\t<\/div>\n\t\t\t\t\t\t<\/div>\n\t\t\t\t\t<\/div>\n\t\t\t\t<\/div>\n\t\t<div class=\"elementor-element elementor-element-41e6f71 e-flex e-con-boxed e-con e-child\" data-id=\"41e6f71\" data-element_type=\"container\">\n\t\t\t\t\t<div class=\"e-con-inner\">\n\t\t\t\t<div class=\"elementor-element elementor-element-4dfbee1 elementor-widget elementor-widget-heading\" data-id=\"4dfbee1\" data-element_type=\"widget\" data-widget_type=\"heading.default\">\n\t\t\t\t\t<h3 class=\"elementor-heading-title elementor-size-default\">2010<\/h3>\t\t\t\t<\/div>\n\t\t\t\t<div class=\"elementor-element elementor-element-b8206b6 elementor-widget-divider--view-line elementor-widget elementor-widget-divider\" data-id=\"b8206b6\" data-element_type=\"widget\" data-widget_type=\"divider.default\">\n\t\t\t\t\t\t\t<div class=\"elementor-divider\">\n\t\t\t<span class=\"elementor-divider-separator\">\n\t\t\t\t\t\t<\/span>\n\t\t<\/div>\n\t\t\t\t\t\t<\/div>\n\t\t\t\t<div class=\"elementor-element elementor-element-83b41ae elementor-widget elementor-widget-text-editor\" data-id=\"83b41ae\" data-element_type=\"widget\" data-widget_type=\"text-editor.default\">\n\t\t\t\t\t\t\t\t\t<p><span style=\"font-weight: 400;\">\u00ab Gloria \u00bb <\/span><i><span style=\"font-weight: 400;\">Messes de l\u2019Homme arm\u00e9<\/span><\/i><span style=\"font-weight: 400;\">, volume 3 de l\u2019int\u00e9grale des messes de Josquin Desprez : \u00ab Josquin et Rome, vol. 1 \u00bb.<\/span><\/p>\t\t\t\t\t\t\t\t<\/div>\n\t\t\t\t<div class=\"elementor-element elementor-element-fe8ce58 elementor-widget elementor-widget-zoomsounds_player\" data-id=\"fe8ce58\" data-element_type=\"widget\" data-widget_type=\"zoomsounds_player.default\">\n\t\t\t\t<div class=\"elementor-widget-container\">\n\t\t\t\t\t<div class=\"dzsap--elementor-widget\"><div class=\"audioplayer-tobe  playerid-13874581 ap_idx_98143_23 is-single-player apconfig-default zoomsounds-no-wrapper  skin-wave ap13874581 auto-init\"  data-options='{\"skinwave_comments_playerid\":\"0\",\"design_skin\":\"skin-wave\",\"playfrom\":\"\",\"skinwave_enablereflect\":\"on\",\"skinwave_wave_mode_canvas_waves_number\":\"3\",\"skinwave_wave_mode_canvas_waves_padding\":\"1\",\"skinwave_wave_mode_canvas_reflection_size\":\"0.25\",\"cue\":\"auto\",\"embedded\":\"off\",\"mobile_disable_fakeplayer\":\"on\",\"settings_php_handler\":\"wpdefault\"}' style=\" opacity: 0; \" data-streamtype=\"off\" id=\"ap13874581\" data-playerid=\"13874581\" data-computed-playerid=\"13874581\" data-sanitized_source=\"httpwwwlachapelledesflandresfrwpcontentuploads2024052010GloriadelamessedelHommearmeSextitonideJosquinDesprezmp3\" data-wrapper-image=\"\"  data-sample_time_total=\"392\" data-pcm='[0.066,0.024,0.52,0.173,0.228,0.467,0.885,0.366,0.735,0.512,0.693,0.078,0.264,0.339,0.32,0.427,0.376,0.732,0.594,0.142,0.154,0.938,0.621,0.579,0.824,0.573,0.062,0.168,0.785,0.376,0.238,0.263,0.585,0.744,0.481,0.352,0.02,0.296,0.747,0.218,0.01,0.597,0.861,0.568,0.243,0.736,0.032,0.996,0.409,0.089,0.21,0.17,0.567,0.513,0.728,0.043,0.985,0.127,0.538,0.746,0.959,0.032,0.911,0.491,0.302,0.753,0.678,0.76,0.481,0.133,0.998,0.105,0.687,0.439,0.214,0.018,0.822,0.727,0.048,0.677,0.225,0.932,0.868,0.034,0.305,0.77,0.522,0.943,0.211,0.258,0.454,0.437,0.31,0.438,0.926,0.056,0.043,0.516,0.603,0.917,0.902,0.054,0.331,0.609,0.905,0.12,0.097,0.477,0.737,0.607,0.433,0.424,0.39,0.423,0.594,0.259,0.978,0.273,0.48,0.369,0.249,0.116,0.557,0.793,0.474,0.447,0.603,0.918,0.435,0.834,0.583,0.94,0.92,0.791,0.961,0.825,0.727,0.459,0.801,0.935,0.417,0.071,0.218,0.364,0.198,0.709,0.415,0.01,0.62,0.558,0.944,0.293,0.401,0.219,0.365,0.402,0.787,0.85,0.807,0.458,0.596,0.233,0.842,0.077,0.062,0.558,0.571,0.843,0.543,0.8,0.329,0.755,0.104,0.108,0.893,0.717,0.141,0.086,0.135,0.571,0.366,0.186,0.152,0.794,0.011,0.474,0.12,0.117,0.728,0.037,0.43,0.639,0.114,0.443,0.973,0.169,0.844,0.448,0.603,0.736]' data-type=\"detect\" data-source=\"http:\/\/www.lachapelledesflandres.fr\/wp-content\/uploads\/2024\/05\/2010-Gloria-de-la-messe-de-lHomme-arme-Sexti-toni-de-Josquin-Desprez.mp3\"><div hidden class=\"feed-dzsap feed-artist-name\">laurentbof318<\/div><div hidden class=\"feed-dzsap feed-song-name\">2010 - Gloria de la messe de l\u2019Homme arme\u0301 Sexti toni de Josquin Desprez<\/div><div class=\"meta-artist track-meta-for-dzsap\"><span class=\"the-artist first-line\"><span class=\"first-line-label\" >laurentbof318<\/span><\/span><span class=\"the-name the-songname second-line\" >2010 - Gloria de la messe de l\u2019Homme arme\u0301 Sexti toni de Josquin Desprez<\/span><\/div><div class=\"menu-description\"><span class=\"the-artist\">laurentbof318<\/span><span class=\"the-name\">2010 - Gloria de la messe de l\u2019Homme arme\u0301 Sexti toni de Josquin Desprez<\/span><\/div><\/div><\/div>\t\t\t\t<\/div>\n\t\t\t\t<\/div>\n\t\t\t\t<div class=\"elementor-element elementor-element-284c666 elementor-widget-divider--view-line elementor-widget elementor-widget-divider\" data-id=\"284c666\" data-element_type=\"widget\" data-widget_type=\"divider.default\">\n\t\t\t\t\t\t\t<div class=\"elementor-divider\">\n\t\t\t<span class=\"elementor-divider-separator\">\n\t\t\t\t\t\t<\/span>\n\t\t<\/div>\n\t\t\t\t\t\t<\/div>\n\t\t\t\t\t<\/div>\n\t\t\t\t<\/div>\n\t\t<div class=\"elementor-element elementor-element-9c7fe4f e-flex e-con-boxed e-con e-child\" data-id=\"9c7fe4f\" data-element_type=\"container\">\n\t\t\t\t\t<div class=\"e-con-inner\">\n\t\t\t\t<div class=\"elementor-element elementor-element-3f8d60c elementor-widget elementor-widget-heading\" data-id=\"3f8d60c\" data-element_type=\"widget\" data-widget_type=\"heading.default\">\n\t\t\t\t\t<h3 class=\"elementor-heading-title elementor-size-default\">2014<\/h3>\t\t\t\t<\/div>\n\t\t\t\t<div class=\"elementor-element elementor-element-95df186 elementor-widget-divider--view-line elementor-widget elementor-widget-divider\" data-id=\"95df186\" data-element_type=\"widget\" data-widget_type=\"divider.default\">\n\t\t\t\t\t\t\t<div class=\"elementor-divider\">\n\t\t\t<span class=\"elementor-divider-separator\">\n\t\t\t\t\t\t<\/span>\n\t\t<\/div>\n\t\t\t\t\t\t<\/div>\n\t\t\t\t<div class=\"elementor-element elementor-element-c548d2d elementor-widget elementor-widget-text-editor\" data-id=\"c548d2d\" data-element_type=\"widget\" data-widget_type=\"text-editor.default\">\n\t\t\t\t\t\t\t\t\t<p><span style=\"font-weight: 400;\">\u00ab Agnus \u00bb, messe <\/span><i><span style=\"font-weight: 400;\">Beata Virgine<\/span><\/i><span style=\"font-weight: 400;\">, volume 4 de l\u2019int\u00e9grale des messes de Josquin Desprez : \u00ab Josquin et Cond\u00e9-sur-l\u2019Escaut \u00bb.<\/span><\/p>\t\t\t\t\t\t\t\t<\/div>\n\t\t\t\t<div class=\"elementor-element elementor-element-692bf87 elementor-widget elementor-widget-zoomsounds_player\" data-id=\"692bf87\" data-element_type=\"widget\" data-widget_type=\"zoomsounds_player.default\">\n\t\t\t\t<div class=\"elementor-widget-container\">\n\t\t\t\t\t<div class=\"dzsap--elementor-widget\"><div class=\"audioplayer-tobe  playerid-24267097 ap_idx_98143_24 is-single-player apconfig-default zoomsounds-no-wrapper  skin-wave ap24267097 auto-init\"  data-options='{\"skinwave_comments_playerid\":\"0\",\"design_skin\":\"skin-wave\",\"playfrom\":\"\",\"skinwave_enablereflect\":\"on\",\"skinwave_wave_mode_canvas_waves_number\":\"3\",\"skinwave_wave_mode_canvas_waves_padding\":\"1\",\"skinwave_wave_mode_canvas_reflection_size\":\"0.25\",\"cue\":\"auto\",\"embedded\":\"off\",\"mobile_disable_fakeplayer\":\"on\",\"settings_php_handler\":\"wpdefault\"}' style=\" opacity: 0; \" data-streamtype=\"off\" id=\"ap24267097\" data-playerid=\"24267097\" data-computed-playerid=\"24267097\" data-sanitized_source=\"httpwwwlachapelledesflandresfrwpcontentuploads2024052014AgnusdelamessedebeataVirginedeJosquinDesprezmp3\" data-wrapper-image=\"\"  data-sample_time_total=\"381\" data-pcm='[0.057,0.135,0.886,0.405,0.484,0.495,0.579,0.73,0.055,0.619,0.436,0.436,0.127,0.274,0.858,0.186,0.713,0.574,0.668,0.321,0.847,0.558,0.333,0.664,0.001,0.859,0.384,0.66,0.775,0.446,0.031,0.168,0.687,0.191,0.112,0.152,0.847,0.668,0.303,0.67,0.655,0.279,0.549,0.731,0.023,0.749,0.495,0.057,0.076,0.284,0.877,0.071,0.313,0.384,0.595,0.994,0.709,0.942,0.328,0.377,0.104,0.822,0.067,0.186,0.13,0.664,0.523,0.254,0.644,0.194,0.53,0.841,0.128,0.564,0.563,0.836,0.911,0.319,0.782,0.847,0.76,0.381,0.85,0.185,0.003,0.447,0.542,0.183,0.807,0.331,0.699,0.927,0.15,0.134,0.019,0.398,0.127,0.146,0.078,0.889,0.753,0.981,0.045,0.966,0.739,0.618,0.803,0.125,0.149,0.788,0.159,0.741,0.755,0.765,0.843,0.766,0.697,0.126,0.528,0.985,0.586,0.404,0.419,0.545,0.033,0.52,0.931,0.904,0.298,0.035,0.731,0.517,0.039,0.912,0.675,0.19,0.119,0.569,0.39,0.166,0.388,0.529,0.689,0.821,0.438,0.286,0.774,0.329,0.88,0.067,0.366,0.261,0.898,0.756,0.745,0.371,0.357,0.325,0.332,0.972,0.882,0.202,0.167,0.231,0.956,0.311,0.141,0.995,0.638,0.466,0.221,0.107,0.929,0.456,0.437,0.206,0.909,0.585,0.054,0.518,0.749,0.147,0.977,0.762,0.056,0.763,0.857,0.322,0.413,0.591,0.404,0.7,0.348,0.01,0.645,0.47,0.256,0.512,0.519,0.373]' data-type=\"detect\" data-source=\"http:\/\/www.lachapelledesflandres.fr\/wp-content\/uploads\/2024\/05\/2014-Agnus-de-la-messe-de-beata-Virgine-de-Josquin-Desprez.mp3\"><div hidden class=\"feed-dzsap feed-artist-name\">laurentbof318<\/div><div hidden class=\"feed-dzsap feed-song-name\">2014 - Agnus de la messe de beata Virgine de Josquin Desprez<\/div><div class=\"meta-artist track-meta-for-dzsap\"><span class=\"the-artist first-line\"><span class=\"first-line-label\" >laurentbof318<\/span><\/span><span class=\"the-name the-songname second-line\" >2014 - Agnus de la messe de beata Virgine de Josquin Desprez<\/span><\/div><div class=\"menu-description\"><span class=\"the-artist\">laurentbof318<\/span><span class=\"the-name\">2014 - Agnus de la messe de beata Virgine de Josquin Desprez<\/span><\/div><\/div><\/div>\t\t\t\t<\/div>\n\t\t\t\t<\/div>\n\t\t\t\t<div class=\"elementor-element elementor-element-588e07e elementor-widget-divider--view-line elementor-widget elementor-widget-divider\" data-id=\"588e07e\" data-element_type=\"widget\" data-widget_type=\"divider.default\">\n\t\t\t\t\t\t\t<div class=\"elementor-divider\">\n\t\t\t<span class=\"elementor-divider-separator\">\n\t\t\t\t\t\t<\/span>\n\t\t<\/div>\n\t\t\t\t\t\t<\/div>\n\t\t\t\t\t<\/div>\n\t\t\t\t<\/div>\n\t\t<div class=\"elementor-element elementor-element-9955fce e-flex e-con-boxed e-con e-child\" data-id=\"9955fce\" data-element_type=\"container\">\n\t\t\t\t\t<div class=\"e-con-inner\">\n\t\t\t\t<div class=\"elementor-element elementor-element-44b3fa8 elementor-widget elementor-widget-heading\" data-id=\"44b3fa8\" data-element_type=\"widget\" data-widget_type=\"heading.default\">\n\t\t\t\t\t<h3 class=\"elementor-heading-title elementor-size-default\">2018<\/h3>\t\t\t\t<\/div>\n\t\t\t\t<div class=\"elementor-element elementor-element-e606207 elementor-widget-divider--view-line elementor-widget elementor-widget-divider\" data-id=\"e606207\" data-element_type=\"widget\" data-widget_type=\"divider.default\">\n\t\t\t\t\t\t\t<div class=\"elementor-divider\">\n\t\t\t<span class=\"elementor-divider-separator\">\n\t\t\t\t\t\t<\/span>\n\t\t<\/div>\n\t\t\t\t\t\t<\/div>\n\t\t\t\t<div class=\"elementor-element elementor-element-6cffd59 elementor-widget elementor-widget-text-editor\" data-id=\"6cffd59\" data-element_type=\"widget\" data-widget_type=\"text-editor.default\">\n\t\t\t\t\t\t\t\t\t<p><i><span style=\"font-weight: 400;\">R\u00e9habilitation<\/span><\/i><span style=\"font-weight: 400;\"> de Lo\u00efc Cousin. C\u0153li et Terra cr\u00e9e cette \u0153uvre en Hauts-de-France, r\u00e9gion natale du compositeur, sous la direction de Fran\u00e7ois Grenier en l\u2019\u00e9glise Sainte-Catherine de Lille lors d\u2019un concert donn\u00e9 le 11 novembre 2018 pour c\u00e9l\u00e9brer le centenaire de la fin de la Premi\u00e8re Guerre mondiale. <\/span><\/p>\t\t\t\t\t\t\t\t<\/div>\n\t\t\t\t<div class=\"elementor-element elementor-element-795dbfe elementor-widget elementor-widget-zoomsounds_player\" data-id=\"795dbfe\" data-element_type=\"widget\" data-widget_type=\"zoomsounds_player.default\">\n\t\t\t\t<div class=\"elementor-widget-container\">\n\t\t\t\t\t<div class=\"dzsap--elementor-widget\"><div class=\"audioplayer-tobe  playerid-21457006 ap_idx_98143_25 is-single-player apconfig-default zoomsounds-no-wrapper  skin-wave ap21457006 auto-init\"  data-options='{\"skinwave_comments_playerid\":\"0\",\"design_skin\":\"skin-wave\",\"playfrom\":\"\",\"skinwave_enablereflect\":\"on\",\"skinwave_wave_mode_canvas_waves_number\":\"3\",\"skinwave_wave_mode_canvas_waves_padding\":\"1\",\"skinwave_wave_mode_canvas_reflection_size\":\"0.25\",\"cue\":\"auto\",\"embedded\":\"off\",\"mobile_disable_fakeplayer\":\"on\",\"settings_php_handler\":\"wpdefault\"}' style=\" opacity: 0; \" data-streamtype=\"off\" id=\"ap21457006\" data-playerid=\"21457006\" data-computed-playerid=\"21457006\" data-sanitized_source=\"httpwwwlachapelledesflandresfrwpcontentuploads2024052018rehabilitationvivelajeannemp3\" data-wrapper-image=\"\"  data-sample_time_total=\"494\" data-pcm='[0.741,0.31,0.342,0.883,0.121,0.265,0.84,0.639,0.85,0.48,0.233,0.43,0.727,0.921,0.711,0.601,0.872,0.357,0.133,0.318,0.507,0.6,0.388,0.924,0.084,0.554,0.082,0.204,0.044,0.11,0.358,0.078,0.794,0.966,0.191,0.654,0.974,0.028,0.738,0.338,0.087,0.044,0.697,0.403,0.283,0.981,0.071,0.764,0.729,0.936,0.566,0.863,0.147,0.518,0.783,0.514,0.041,0.904,0.905,0.931,0.674,0.805,0.526,0.164,0.312,0.654,0.452,0.468,0.826,0.922,0.111,0.132,0.971,0.644,0.803,0.226,0.051,0.726,0.537,0.381,0.589,0.546,0.308,0.363,0.858,0.153,0.09,0.622,0.161,0.84,0.208,0.953,0.627,0.943,0.801,0.566,0.747,0.845,0.374,0.606,0.737,0.03,0.067,0.836,0.119,0.099,0.038,0.064,0.259,0.429,0.311,0.887,0.894,0.946,0.859,0.05,0.966,0.319,0.889,0.775,0.274,0.887,0.587,0.069,0.617,0.051,0.394,0.257,0.971,0.617,0.175,0.359,0.505,0.419,0.551,0.137,0.48,0.153,0.613,0.194,0.996,0.041,0.045,0.235,0.268,0.23,0.854,0.738,0.63,0.371,0.645,0.516,0.301,0.881,0.66,0.421,0.518,0.966,0.43,0.597,0.939,0.441,0.427,0.304,0.832,0.679,0.151,0.102,0.492,0.359,0.01,0.407,0.66,0.472,0.094,0.331,0.029,0.332,0.43,0.635,0.852,0.871,0.397,0.134,0.258,0.083,0.989,0.469,0.131,0.996,0.336,0.645,0.93,0.458,0.331,0.44,0.74,0.02,0.022,0.269]' data-type=\"detect\" data-source=\"http:\/\/www.lachapelledesflandres.fr\/wp-content\/uploads\/2024\/05\/2018-rehabilitation-vive_la_jeanne.mp3\"><div hidden class=\"feed-dzsap feed-artist-name\">laurentbof318<\/div><div hidden class=\"feed-dzsap feed-song-name\">2018 - rehabilitation-vive_la_jeanne<\/div><div class=\"meta-artist track-meta-for-dzsap\"><span class=\"the-artist first-line\"><span class=\"first-line-label\" >laurentbof318<\/span><\/span><span class=\"the-name the-songname second-line\" >2018 - rehabilitation-vive_la_jeanne<\/span><\/div><div class=\"menu-description\"><span class=\"the-artist\">laurentbof318<\/span><span class=\"the-name\">2018 - rehabilitation-vive_la_jeanne<\/span><\/div><\/div><\/div>\t\t\t\t<\/div>\n\t\t\t\t<\/div>\n\t\t\t\t<div class=\"elementor-element elementor-element-960aab0 elementor-widget-divider--view-line elementor-widget elementor-widget-divider\" data-id=\"960aab0\" data-element_type=\"widget\" data-widget_type=\"divider.default\">\n\t\t\t\t\t\t\t<div class=\"elementor-divider\">\n\t\t\t<span class=\"elementor-divider-separator\">\n\t\t\t\t\t\t<\/span>\n\t\t<\/div>\n\t\t\t\t\t\t<\/div>\n\t\t\t\t\t<\/div>\n\t\t\t\t<\/div>\n\t\t<div class=\"elementor-element elementor-element-75eab4d e-flex e-con-boxed e-con e-child\" data-id=\"75eab4d\" data-element_type=\"container\">\n\t\t\t\t\t<div class=\"e-con-inner\">\n\t\t\t\t<div class=\"elementor-element elementor-element-7344c69 elementor-widget elementor-widget-heading\" data-id=\"7344c69\" data-element_type=\"widget\" data-widget_type=\"heading.default\">\n\t\t\t\t\t<h3 class=\"elementor-heading-title elementor-size-default\">2018<\/h3>\t\t\t\t<\/div>\n\t\t\t\t<div class=\"elementor-element elementor-element-953fbb2 elementor-widget-divider--view-line elementor-widget elementor-widget-divider\" data-id=\"953fbb2\" data-element_type=\"widget\" data-widget_type=\"divider.default\">\n\t\t\t\t\t\t\t<div class=\"elementor-divider\">\n\t\t\t<span class=\"elementor-divider-separator\">\n\t\t\t\t\t\t<\/span>\n\t\t<\/div>\n\t\t\t\t\t\t<\/div>\n\t\t\t\t<div class=\"elementor-element elementor-element-5701416 elementor-widget elementor-widget-text-editor\" data-id=\"5701416\" data-element_type=\"widget\" data-widget_type=\"text-editor.default\">\n\t\t\t\t\t\t\t\t\t<p><i><span style=\"font-weight: 400;\">Les Lamentations de J\u00e9r\u00e9mie<\/span><\/i><span style=\"font-weight: 400;\"> de Tom\u00e1s Luis de Victoria, interpr\u00e9t\u00e9 par C\u0153li et Terra sous la direction de Fran\u00e7ois Grenier.<\/span><\/p>\t\t\t\t\t\t\t\t<\/div>\n\t\t\t\t<div class=\"elementor-element elementor-element-68c6e55 elementor-widget elementor-widget-zoomsounds_player\" data-id=\"68c6e55\" data-element_type=\"widget\" data-widget_type=\"zoomsounds_player.default\">\n\t\t\t\t<div class=\"elementor-widget-container\">\n\t\t\t\t\t<div class=\"dzsap--elementor-widget\"><div class=\"audioplayer-tobe  playerid-38167808 ap_idx_98143_26 is-single-player apconfig-default zoomsounds-no-wrapper  skin-wave ap38167808 auto-init\"  data-options='{\"skinwave_comments_playerid\":\"0\",\"design_skin\":\"skin-wave\",\"playfrom\":\"\",\"skinwave_enablereflect\":\"on\",\"skinwave_wave_mode_canvas_waves_number\":\"3\",\"skinwave_wave_mode_canvas_waves_padding\":\"1\",\"skinwave_wave_mode_canvas_reflection_size\":\"0.25\",\"cue\":\"auto\",\"embedded\":\"off\",\"mobile_disable_fakeplayer\":\"on\",\"settings_php_handler\":\"wpdefault\"}' style=\" opacity: 0; \" data-streamtype=\"off\" id=\"ap38167808\" data-playerid=\"38167808\" data-computed-playerid=\"38167808\" data-sanitized_source=\"httpwwwlachapelledesflandresfrwpcontentuploads2024052018lamentacionmp3\" data-wrapper-image=\"\"  data-sample_time_total=\"706\" data-pcm='[0.407,0.855,0.544,0.458,0.782,0.169,0.583,0.991,0.142,0.404,0.353,0.864,0.725,0.094,0.53,0.462,0.295,0.691,0.611,0.132,0.559,0.324,0.978,0.394,0.354,0.15,0.502,0.567,0.717,0.552,0.131,0.265,0.355,0.711,0.75,0.414,0.745,0.925,0.903,0.132,0.49,0.827,0.263,0.159,0.748,0.507,0.709,0.065,0.435,0.315,0.421,0.389,0.493,0.878,0.575,0.656,0.496,0.363,0.529,0.112,0.916,0.88,0.574,0.025,0.611,0.921,0.346,0.423,0.228,0.272,0.474,0.519,0.627,0.614,0.222,0.469,0.363,0.215,0.626,0.879,0.803,0.474,0.923,0.677,0.575,0.866,0.769,0.624,0.541,0.709,0.934,0.65,0.754,0.349,0.449,0.59,0.566,0.472,0.376,0.944,0.664,0.694,0.489,0.257,0.276,0.225,0.241,0.336,0.09,0.533,0.378,0.196,0.792,0.057,0.537,0.099,0.742,0.613,0.866,0.015,0.343,0.334,0.981,0.283,0.245,0.915,0.056,0.188,0.602,0.308,0.547,0.047,0.77,0.308,0.288,0.643,0.658,0.845,0.119,0.862,0.987,0.45,0.901,0.225,0.467,0.69,0.867,0.57,0.336,0.58,0.303,0.92,0.734,0.221,0.371,0.351,0.754,0.168,0.406,0.948,0.907,0.452,0.656,0.039,0.63,0.629,0.652,0.915,0.729,0.666,0.15,0.921,0.312,0.648,0.98,0.349,0.276,0.534,0.96,0.179,0.179,0.089,0.203,0.961,0.65,0.737,0.872,0.166,0.864,0.127,0.335,0.907,0.004,0.385,0.226,0.409,0.572,0.872,0.932,0.875]' data-type=\"detect\" data-source=\"http:\/\/www.lachapelledesflandres.fr\/wp-content\/uploads\/2024\/05\/2018-lamentacion.mp3\"><div hidden class=\"feed-dzsap feed-artist-name\">laurentbof318<\/div><div hidden class=\"feed-dzsap feed-song-name\">2018 - lamentacion<\/div><div class=\"meta-artist track-meta-for-dzsap\"><span class=\"the-artist first-line\"><span class=\"first-line-label\" >laurentbof318<\/span><\/span><span class=\"the-name the-songname second-line\" >2018 - lamentacion<\/span><\/div><div class=\"menu-description\"><span class=\"the-artist\">laurentbof318<\/span><span class=\"the-name\">2018 - lamentacion<\/span><\/div><\/div><\/div>\t\t\t\t<\/div>\n\t\t\t\t<\/div>\n\t\t\t\t<div class=\"elementor-element elementor-element-bb66a50 elementor-widget-divider--view-line elementor-widget elementor-widget-divider\" data-id=\"bb66a50\" data-element_type=\"widget\" data-widget_type=\"divider.default\">\n\t\t\t\t\t\t\t<div class=\"elementor-divider\">\n\t\t\t<span class=\"elementor-divider-separator\">\n\t\t\t\t\t\t<\/span>\n\t\t<\/div>\n\t\t\t\t\t\t<\/div>\n\t\t\t\t\t<\/div>\n\t\t\t\t<\/div>\n\t\t<div class=\"elementor-element elementor-element-857a7e9 e-flex e-con-boxed e-con e-child\" data-id=\"857a7e9\" data-element_type=\"container\">\n\t\t\t\t\t<div class=\"e-con-inner\">\n\t\t\t\t<div class=\"elementor-element elementor-element-58e0d75 elementor-widget elementor-widget-heading\" data-id=\"58e0d75\" data-element_type=\"widget\" data-widget_type=\"heading.default\">\n\t\t\t\t\t<h3 class=\"elementor-heading-title elementor-size-default\">2018<\/h3>\t\t\t\t<\/div>\n\t\t\t\t<div class=\"elementor-element elementor-element-1f37778 elementor-widget-divider--view-line elementor-widget elementor-widget-divider\" data-id=\"1f37778\" data-element_type=\"widget\" data-widget_type=\"divider.default\">\n\t\t\t\t\t\t\t<div class=\"elementor-divider\">\n\t\t\t<span class=\"elementor-divider-separator\">\n\t\t\t\t\t\t<\/span>\n\t\t<\/div>\n\t\t\t\t\t\t<\/div>\n\t\t\t\t<div class=\"elementor-element elementor-element-a86d77d elementor-widget elementor-widget-text-editor\" data-id=\"a86d77d\" data-element_type=\"widget\" data-widget_type=\"text-editor.default\">\n\t\t\t\t\t\t\t\t\t<p><span style=\"font-weight: 400;\">\u00ab Agnus Dei \u00bb de la messe <\/span><i><span style=\"font-weight: 400;\">Fortuna desperata<\/span><\/i><span style=\"font-weight: 400;\">, volume 7 de l\u2019int\u00e9grale des messes de Josquin Desprez : \u00ab Josquin et l\u2019Espagne \u00bb.<\/span><\/p>\t\t\t\t\t\t\t\t<\/div>\n\t\t\t\t<div class=\"elementor-element elementor-element-be57061 elementor-widget elementor-widget-zoomsounds_player\" data-id=\"be57061\" data-element_type=\"widget\" data-widget_type=\"zoomsounds_player.default\">\n\t\t\t\t<div class=\"elementor-widget-container\">\n\t\t\t\t\t<div class=\"dzsap--elementor-widget\"><div class=\"audioplayer-tobe  playerid-38095545 ap_idx_98143_27 is-single-player apconfig-default zoomsounds-no-wrapper  skin-wave ap38095545 auto-init\"  data-options='{\"skinwave_comments_playerid\":\"0\",\"design_skin\":\"skin-wave\",\"playfrom\":\"\",\"skinwave_enablereflect\":\"on\",\"skinwave_wave_mode_canvas_waves_number\":\"3\",\"skinwave_wave_mode_canvas_waves_padding\":\"1\",\"skinwave_wave_mode_canvas_reflection_size\":\"0.25\",\"cue\":\"auto\",\"embedded\":\"off\",\"mobile_disable_fakeplayer\":\"on\",\"settings_php_handler\":\"wpdefault\"}' style=\" opacity: 0; \" data-streamtype=\"off\" id=\"ap38095545\" data-playerid=\"38095545\" data-computed-playerid=\"38095545\" data-sanitized_source=\"httpwwwlachapelledesflandresfrwpcontentuploads2024052018fortunaagnusmp3\" data-wrapper-image=\"\"  data-sample_time_total=\"371\" data-pcm='[0.025,0.226,0.181,0.18,0.764,0.411,0.971,0.267,0.769,0.865,0.376,0.843,0.886,0.783,0.9,0.414,0.315,0.06,0.358,0.323,0.734,0.165,0.037,0.857,0.244,0.05,0.166,0.787,0.147,0.019,0.91,0.219,0.533,0.286,0.771,0.737,0.341,0.113,0.178,0.376,0.924,0.005,0.185,0.08,0.516,0.147,0.877,0.841,0.432,0.94,0.75,0.442,0.623,0.537,0.766,0.663,0.574,0.564,0.224,0.03,0.487,0.792,0.399,0.663,0.605,0.815,0.026,0.651,0.536,0.299,0.183,0.006,0.671,0.064,0.877,0.408,0.754,0.394,0.16,0.457,0.19,0.95,0.905,0.069,0.276,0.825,0.419,0.628,0.013,0.869,0.628,0.055,0.998,0.112,0.881,0.749,0.748,0.672,0.815,0.816,0.95,0.687,0.92,0.185,0.367,0.633,0.234,0.688,0.826,0.26,0.056,0.332,0.904,0.511,0.286,0.414,0.666,0.636,0.068,0.545,0.944,0.737,0.681,0.546,0.563,0.434,0.401,0.962,0.544,0.048,0.241,0.58,0.393,0.223,0.216,0.587,0.658,0.78,0.023,0.625,0.517,0.531,0.555,0.097,0.415,0.424,0.593,0.012,0.074,0.703,0.255,0.46,0.162,0.253,0.912,0.723,0.953,0.339,0.224,0.778,0.196,0.516,0.563,0.748,0.802,0.831,0.703,0.563,0.14,0.455,0.681,0.076,0.96,0.351,0.606,0.302,0.761,0.61,0.184,0.079,0.365,0.995,0.161,0.882,0.921,0.446,0.262,0.015,0.496,0.397,0.751,0.28,0.025,0.566,0.681,0.782,0.153,0.085,0.734,0.553]' data-type=\"detect\" data-source=\"http:\/\/www.lachapelledesflandres.fr\/wp-content\/uploads\/2024\/05\/2018-fortuna_agnus.mp3\"><div hidden class=\"feed-dzsap feed-artist-name\">laurentbof318<\/div><div hidden class=\"feed-dzsap feed-song-name\">Track 05<\/div><div class=\"meta-artist track-meta-for-dzsap\"><span class=\"the-artist first-line\"><span class=\"first-line-label\" >laurentbof318<\/span><\/span><span class=\"the-name the-songname second-line\" >Track 05<\/span><\/div><div class=\"menu-description\"><span class=\"the-artist\">laurentbof318<\/span><span class=\"the-name\">Track 05<\/span><\/div><\/div><\/div>\t\t\t\t<\/div>\n\t\t\t\t<\/div>\n\t\t\t\t<div class=\"elementor-element elementor-element-62738ce elementor-widget-divider--view-line elementor-widget elementor-widget-divider\" data-id=\"62738ce\" data-element_type=\"widget\" data-widget_type=\"divider.default\">\n\t\t\t\t\t\t\t<div class=\"elementor-divider\">\n\t\t\t<span class=\"elementor-divider-separator\">\n\t\t\t\t\t\t<\/span>\n\t\t<\/div>\n\t\t\t\t\t\t<\/div>\n\t\t\t\t\t<\/div>\n\t\t\t\t<\/div>\n\t\t<div class=\"elementor-element elementor-element-46063f1 e-flex e-con-boxed e-con e-child\" data-id=\"46063f1\" data-element_type=\"container\">\n\t\t\t\t\t<div class=\"e-con-inner\">\n\t\t\t\t<div class=\"elementor-element elementor-element-759e2bd elementor-widget elementor-widget-heading\" data-id=\"759e2bd\" data-element_type=\"widget\" data-widget_type=\"heading.default\">\n\t\t\t\t\t<h3 class=\"elementor-heading-title elementor-size-default\">2019<\/h3>\t\t\t\t<\/div>\n\t\t\t\t<div class=\"elementor-element elementor-element-53d9bac elementor-widget-divider--view-line elementor-widget elementor-widget-divider\" data-id=\"53d9bac\" data-element_type=\"widget\" data-widget_type=\"divider.default\">\n\t\t\t\t\t\t\t<div class=\"elementor-divider\">\n\t\t\t<span class=\"elementor-divider-separator\">\n\t\t\t\t\t\t<\/span>\n\t\t<\/div>\n\t\t\t\t\t\t<\/div>\n\t\t\t\t<div class=\"elementor-element elementor-element-f3892da elementor-widget elementor-widget-text-editor\" data-id=\"f3892da\" data-element_type=\"widget\" data-widget_type=\"text-editor.default\">\n\t\t\t\t\t\t\t\t\t<p><span style=\"font-weight: 400;\">Extrait du concert Eldorado, donn\u00e9 par C\u0153li et Terra sous la direction de Fran\u00e7ois Grenier un peu avant le d\u00e9but de la grande manifestation Lille3000 Eldorado : <\/span><i><span style=\"font-weight: 400;\">Con que la lavar\u00e9<\/span><\/i><span style=\"font-weight: 400;\"> de Juan V\u00e1squez (1500-1563).<\/span><\/p>\t\t\t\t\t\t\t\t<\/div>\n\t\t\t\t<div class=\"elementor-element elementor-element-1e6f257 elementor-widget elementor-widget-zoomsounds_player\" data-id=\"1e6f257\" data-element_type=\"widget\" data-widget_type=\"zoomsounds_player.default\">\n\t\t\t\t<div class=\"elementor-widget-container\">\n\t\t\t\t\t<div class=\"dzsap--elementor-widget\"><div class=\"audioplayer-tobe  playerid-25159474 ap_idx_98143_28 is-single-player apconfig-default zoomsounds-no-wrapper  skin-wave ap25159474 auto-init\"  data-options='{\"skinwave_comments_playerid\":\"0\",\"design_skin\":\"skin-wave\",\"playfrom\":\"\",\"skinwave_enablereflect\":\"on\",\"skinwave_wave_mode_canvas_waves_number\":\"3\",\"skinwave_wave_mode_canvas_waves_padding\":\"1\",\"skinwave_wave_mode_canvas_reflection_size\":\"0.25\",\"cue\":\"auto\",\"embedded\":\"off\",\"mobile_disable_fakeplayer\":\"on\",\"settings_php_handler\":\"wpdefault\"}' style=\" opacity: 0; \" data-streamtype=\"off\" id=\"ap25159474\" data-playerid=\"25159474\" data-computed-playerid=\"25159474\" data-sanitized_source=\"httpwwwlachapelledesflandresfrwpcontentuploads2024052019conquelalavaremp3\" data-wrapper-image=\"\"  data-sample_time_total=\"205\" data-pcm='[0.251,0.453,0.223,0.281,0.164,0.104,0.371,0.963,0.454,0.734,0.767,0.885,0.939,0.967,0.857,0.481,0.439,0.313,0.133,0.563,0.986,0.433,0.911,0.15,0.057,0.232,0.394,0.298,0.22,0.625,0.793,0.473,0.793,0.637,0.323,0.555,0.339,0.68,0.533,0.128,0.739,0.907,0.513,0.409,0.478,0.312,0.501,0.742,0.967,0.276,0.727,0.812,0.222,0.477,0.708,0.697,0.122,0.698,0.079,0.447,0.29,0.213,0.286,0.932,0.576,0.841,0.802,0.222,0.223,0.969,0.059,0.553,0.641,0.339,0.634,0.4,0.998,0.827,0.737,0.752,0.021,0.055,0.017,0.035,0.648,0.508,0.295,0.952,0.518,0.898,0.606,0.708,0.384,0.599,0.258,0.737,0.07,0.631,0.207,0.392,0.132,0.8,0.815,0.493,0.886,0.288,0.354,0.909,0.256,0.477,0.538,0.049,0.475,0.657,0.128,0.546,0.099,0.921,0.211,0.117,0.017,0.908,0.535,0.448,0.746,0.054,0.591,0.319,0.358,0.207,0.772,0.681,0.729,0.489,0.024,0.196,0.221,0.645,0.527,0.293,0.986,0.589,0.56,0.79,0.207,0.628,0.461,0.518,0.561,0.448,0.305,0.141,0.888,0.766,0.21,0.447,0.312,0.687,0.196,0.806,0.521,0.13,0.906,0.552,0.176,0.973,0.715,0.51,0.427,0.275,0.798,0.33,0.485,0.05,0.785,0.667,0.599,0.682,0.954,0.846,0.464,0.608,0.149,0.935,0.378,0.433,0.034,0.665,0.524,0.175,0.632,0.583,0.445,0.043,0.687,0.419,0.916,0.281,0.154,0.43]' data-type=\"detect\" data-source=\"http:\/\/www.lachapelledesflandres.fr\/wp-content\/uploads\/2024\/05\/2019-con_que_la_lavare.mp3\"><div hidden class=\"feed-dzsap feed-artist-name\">laurentbof318<\/div><div hidden class=\"feed-dzsap feed-song-name\">2019 - con_que_la_lavare<\/div><div class=\"meta-artist track-meta-for-dzsap\"><span class=\"the-artist first-line\"><span class=\"first-line-label\" >laurentbof318<\/span><\/span><span class=\"the-name the-songname second-line\" >2019 - con_que_la_lavare<\/span><\/div><div class=\"menu-description\"><span class=\"the-artist\">laurentbof318<\/span><span class=\"the-name\">2019 - con_que_la_lavare<\/span><\/div><\/div><\/div>\t\t\t\t<\/div>\n\t\t\t\t<\/div>\n\t\t\t\t<div class=\"elementor-element elementor-element-060b5fd elementor-widget-divider--view-line elementor-widget elementor-widget-divider\" data-id=\"060b5fd\" data-element_type=\"widget\" data-widget_type=\"divider.default\">\n\t\t\t\t\t\t\t<div class=\"elementor-divider\">\n\t\t\t<span class=\"elementor-divider-separator\">\n\t\t\t\t\t\t<\/span>\n\t\t<\/div>\n\t\t\t\t\t\t<\/div>\n\t\t\t\t\t<\/div>\n\t\t\t\t<\/div>\n\t\t<div class=\"elementor-element elementor-element-2f7b707 e-flex e-con-boxed e-con e-child\" data-id=\"2f7b707\" data-element_type=\"container\">\n\t\t\t\t\t<div class=\"e-con-inner\">\n\t\t\t\t<div class=\"elementor-element elementor-element-1166c2e elementor-widget elementor-widget-heading\" data-id=\"1166c2e\" data-element_type=\"widget\" data-widget_type=\"heading.default\">\n\t\t\t\t\t<h3 class=\"elementor-heading-title elementor-size-default\">2020<\/h3>\t\t\t\t<\/div>\n\t\t\t\t<div class=\"elementor-element elementor-element-e60823b elementor-widget-divider--view-line elementor-widget elementor-widget-divider\" data-id=\"e60823b\" data-element_type=\"widget\" data-widget_type=\"divider.default\">\n\t\t\t\t\t\t\t<div class=\"elementor-divider\">\n\t\t\t<span class=\"elementor-divider-separator\">\n\t\t\t\t\t\t<\/span>\n\t\t<\/div>\n\t\t\t\t\t\t<\/div>\n\t\t\t\t<div class=\"elementor-element elementor-element-e8dd8a3 elementor-widget elementor-widget-text-editor\" data-id=\"e8dd8a3\" data-element_type=\"widget\" data-widget_type=\"text-editor.default\">\n\t\t\t\t\t\t\t\t\t<p><span style=\"font-weight: 400;\">\u00ab Agnus \u00bb de la messe <\/span><i><span style=\"font-weight: 400;\">D\u2019ung aultre amer<\/span><\/i><span style=\"font-weight: 400;\">, volume 8 de l\u2019int\u00e9grale des messes de Josquin Desprez : \u00ab Josquin et Milan \u00bb, ench\u00e2ss\u00e9 au creux de deux compositions de Maurice Bourbon, <\/span><i><span style=\"font-weight: 400;\">Tempus secundus<\/span><\/i><span style=\"font-weight: 400;\"> et <\/span><i><span style=\"font-weight: 400;\">Epilogus<\/span><\/i><span style=\"font-weight: 400;\">.<\/span><\/p>\t\t\t\t\t\t\t\t<\/div>\n\t\t\t\t<div class=\"elementor-element elementor-element-51ac36b elementor-widget elementor-widget-zoomsounds_player\" data-id=\"51ac36b\" data-element_type=\"widget\" data-widget_type=\"zoomsounds_player.default\">\n\t\t\t\t<div class=\"elementor-widget-container\">\n\t\t\t\t\t<div class=\"dzsap--elementor-widget\"><div class=\"audioplayer-tobe  playerid-35227507 ap_idx_98143_29 is-single-player apconfig-default zoomsounds-no-wrapper  skin-wave ap35227507 auto-init\"  data-options='{\"skinwave_comments_playerid\":\"0\",\"design_skin\":\"skin-wave\",\"playfrom\":\"\",\"skinwave_enablereflect\":\"on\",\"skinwave_wave_mode_canvas_waves_number\":\"3\",\"skinwave_wave_mode_canvas_waves_padding\":\"1\",\"skinwave_wave_mode_canvas_reflection_size\":\"0.25\",\"cue\":\"auto\",\"embedded\":\"off\",\"mobile_disable_fakeplayer\":\"on\",\"settings_php_handler\":\"wpdefault\"}' style=\" opacity: 0; \" data-streamtype=\"off\" id=\"ap35227507\" data-playerid=\"35227507\" data-computed-playerid=\"35227507\" data-sanitized_source=\"httpwwwlachapelledesflandresfrwpcontentuploads2024052020Epilogusvol8finmp3\" data-wrapper-image=\"\"  data-sample_time_total=\"324\" data-pcm='[0.46,0.659,0.334,0.823,0.29,0.028,0.743,0.471,0.453,0.745,0.007,0.747,0.097,0.239,0.308,0.634,0.428,0.434,0.67,0.148,0.964,0.328,0.732,0.829,0.222,0.54,0.056,0.833,0.168,0.299,0.886,0.31,0.934,0.902,0.318,0.561,0.852,0.083,0.326,0.407,0.526,0.15,0.27,0.137,0.367,0.712,0.949,0.31,0.888,0.532,0.412,0.899,0.601,0.803,0.395,0.417,0.912,0.364,0.006,0.625,0.781,0.69,0.056,0.551,0.264,0.854,0.334,0.842,0.758,0.331,0.608,0.691,0.503,0.356,0.807,0.656,0.772,0.56,0.366,0.677,0.119,0.88,0.402,0.08,0.749,0.982,0.776,0.311,0.987,0.613,0.432,0.515,0.85,0.594,0.569,0.418,0.759,0.726,0.656,0.063,0.933,0.991,0.886,0.428,0.136,0.195,0.562,0.334,0.495,0.331,0.971,0.421,0.212,0.955,0.236,0.043,0.177,0.872,0.467,0.768,0.848,0.202,0.723,0.813,0.228,0.445,0.982,0.308,0.298,0.425,0.998,0.157,0.547,0.434,0.699,0.628,0.661,0.485,0.136,0.103,0.146,0.394,0.953,0.21,0.508,0.535,0.493,0.523,0.651,0.284,0.428,0.668,0.229,0.113,0.386,0.358,0.587,0.247,0.807,0.512,0.713,0.666,0.887,0.582,0.351,0.389,0.603,0.354,0.984,0.191,0.251,0.705,0.641,0.606,0.964,0.37,0.6,0.081,0.767,0.208,0.639,0.562,0.809,0.849,0.731,1,0.136,0.504,0.685,0.333,0.942,0.943,0.297,0.171,0.066,0.8,0.106,0.038,0.665,0.867]' data-type=\"detect\" data-source=\"http:\/\/www.lachapelledesflandres.fr\/wp-content\/uploads\/2024\/05\/2020-Epilogus-vol8-fin.mp3\"><div hidden class=\"feed-dzsap feed-artist-name\">laurentbof318<\/div><div hidden class=\"feed-dzsap feed-song-name\">fin du CD Tempus fugit<\/div><div class=\"meta-artist track-meta-for-dzsap\"><span class=\"the-artist first-line\"><span class=\"first-line-label\" >laurentbof318<\/span><\/span><span class=\"the-name the-songname second-line\" >fin du CD Tempus fugit<\/span><\/div><div class=\"menu-description\"><span class=\"the-artist\">laurentbof318<\/span><span class=\"the-name\">fin du CD Tempus fugit<\/span><\/div><\/div><\/div>\t\t\t\t<\/div>\n\t\t\t\t<\/div>\n\t\t\t\t<div class=\"elementor-element elementor-element-23cde53 elementor-widget-divider--view-line elementor-widget elementor-widget-divider\" data-id=\"23cde53\" data-element_type=\"widget\" data-widget_type=\"divider.default\">\n\t\t\t\t\t\t\t<div class=\"elementor-divider\">\n\t\t\t<span class=\"elementor-divider-separator\">\n\t\t\t\t\t\t<\/span>\n\t\t<\/div>\n\t\t\t\t\t\t<\/div>\n\t\t\t\t\t<\/div>\n\t\t\t\t<\/div>\n\t\t\t\t\t<\/div>\n\t\t\t\t<\/div>\n\t\t\t\t<\/div>\n\t\t","protected":false},"excerpt":{"rendered":"<p>Retour sur\u2026\u200b Plongez dans l&#8217;univers de la Chapelle des Flandres \u00e0 travers trois dizaines d\u2019ann\u00e9es d&#8217;archives audio. 1994 \u00ab Agnus \u00bb de la Messe dite de Madrid de Domenico Scarlatti, enregistr\u00e9 en mai 1994 par C\u0153li et Terra et quelques solistes de M\u00e9tamorphoses. laurentbof3181994 &#8211; Agnus de la messe de Madrid, de Domenico Scarlattilaurentbof3181994 &#8211; [&hellip;]<\/p>\n","protected":false},"author":1,"featured_media":99324,"parent":0,"menu_order":0,"comment_status":"closed","ping_status":"closed","template":"","meta":{"_acf_changed":false,"om_disable_all_campaigns":false,"_monsterinsights_skip_tracking":false,"_monsterinsights_sitenote_active":false,"_monsterinsights_sitenote_note":"","_monsterinsights_sitenote_category":0,"ocean_post_layout":"","ocean_both_sidebars_style":"","ocean_both_sidebars_content_width":0,"ocean_both_sidebars_sidebars_width":0,"ocean_sidebar":"","ocean_second_sidebar":"","ocean_disable_margins":"enable","ocean_add_body_class":"","ocean_shortcode_before_top_bar":"","ocean_shortcode_after_top_bar":"","ocean_shortcode_before_header":"","ocean_shortcode_after_header":"","ocean_has_shortcode":"","ocean_shortcode_after_title":"","ocean_shortcode_before_footer_widgets":"","ocean_shortcode_after_footer_widgets":"","ocean_shortcode_before_footer_bottom":"","ocean_shortcode_after_footer_bottom":"","ocean_display_top_bar":"default","ocean_display_header":"default","ocean_header_style":"","ocean_center_header_left_menu":"","ocean_custom_header_template":"","ocean_custom_logo":0,"ocean_custom_retina_logo":0,"ocean_custom_logo_max_width":0,"ocean_custom_logo_tablet_max_width":0,"ocean_custom_logo_mobile_max_width":0,"ocean_custom_logo_max_height":0,"ocean_custom_logo_tablet_max_height":0,"ocean_custom_logo_mobile_max_height":0,"ocean_header_custom_menu":"","ocean_menu_typo_font_family":"","ocean_menu_typo_font_subset":"","ocean_menu_typo_font_size":0,"ocean_menu_typo_font_size_tablet":0,"ocean_menu_typo_font_size_mobile":0,"ocean_menu_typo_font_size_unit":"px","ocean_menu_typo_font_weight":"","ocean_menu_typo_font_weight_tablet":"","ocean_menu_typo_font_weight_mobile":"","ocean_menu_typo_transform":"","ocean_menu_typo_transform_tablet":"","ocean_menu_typo_transform_mobile":"","ocean_menu_typo_line_height":0,"ocean_menu_typo_line_height_tablet":0,"ocean_menu_typo_line_height_mobile":0,"ocean_menu_typo_line_height_unit":"","ocean_menu_typo_spacing":0,"ocean_menu_typo_spacing_tablet":0,"ocean_menu_typo_spacing_mobile":0,"ocean_menu_typo_spacing_unit":"","ocean_menu_link_color":"","ocean_menu_link_color_hover":"","ocean_menu_link_color_active":"","ocean_menu_link_background":"","ocean_menu_link_hover_background":"","ocean_menu_link_active_background":"","ocean_menu_social_links_bg":"","ocean_menu_social_hover_links_bg":"","ocean_menu_social_links_color":"","ocean_menu_social_hover_links_color":"","ocean_disable_title":"default","ocean_disable_heading":"default","ocean_post_title":"","ocean_post_subheading":"","ocean_post_title_style":"","ocean_post_title_background_color":"","ocean_post_title_background":0,"ocean_post_title_bg_image_position":"","ocean_post_title_bg_image_attachment":"","ocean_post_title_bg_image_repeat":"","ocean_post_title_bg_image_size":"","ocean_post_title_height":0,"ocean_post_title_bg_overlay":0.5,"ocean_post_title_bg_overlay_color":"","ocean_disable_breadcrumbs":"default","ocean_breadcrumbs_color":"","ocean_breadcrumbs_separator_color":"","ocean_breadcrumbs_links_color":"","ocean_breadcrumbs_links_hover_color":"","ocean_display_footer_widgets":"default","ocean_display_footer_bottom":"default","ocean_custom_footer_template":"","footnotes":""},"class_list":["post-98143","page","type-page","status-publish","has-post-thumbnail","hentry","entry","has-media"],"acf":[],"aioseo_notices":[],"_links":{"self":[{"href":"https:\/\/www.lachapelledesflandres.fr\/index.php\/wp-json\/wp\/v2\/pages\/98143","targetHints":{"allow":["GET"]}}],"collection":[{"href":"https:\/\/www.lachapelledesflandres.fr\/index.php\/wp-json\/wp\/v2\/pages"}],"about":[{"href":"https:\/\/www.lachapelledesflandres.fr\/index.php\/wp-json\/wp\/v2\/types\/page"}],"author":[{"embeddable":true,"href":"https:\/\/www.lachapelledesflandres.fr\/index.php\/wp-json\/wp\/v2\/users\/1"}],"replies":[{"embeddable":true,"href":"https:\/\/www.lachapelledesflandres.fr\/index.php\/wp-json\/wp\/v2\/comments?post=98143"}],"version-history":[{"count":88,"href":"https:\/\/www.lachapelledesflandres.fr\/index.php\/wp-json\/wp\/v2\/pages\/98143\/revisions"}],"predecessor-version":[{"id":99626,"href":"https:\/\/www.lachapelledesflandres.fr\/index.php\/wp-json\/wp\/v2\/pages\/98143\/revisions\/99626"}],"wp:featuredmedia":[{"embeddable":true,"href":"https:\/\/www.lachapelledesflandres.fr\/index.php\/wp-json\/wp\/v2\/media\/99324"}],"wp:attachment":[{"href":"https:\/\/www.lachapelledesflandres.fr\/index.php\/wp-json\/wp\/v2\/media?parent=98143"}],"curies":[{"name":"wp","href":"https:\/\/api.w.org\/{rel}","templated":true}]}}